{"version":"1.0","provider_name":"Audrey Delaforge, Orthop\u00e9dagogue","provider_url":"https:\/\/audreydelaforge.com","author_name":"audrey.catel.delaforge@gmail.com","author_url":"https:\/\/audreydelaforge.com\/index.php\/author\/audrey-catel-delaforgegmail-com\/","title":"La conception p\u00e9dagogique, c\u2019est quoi ? ~ Audrey Delaforge, Orthop\u00e9dagogue","type":"rich","width":600,"height":338,"html":"<blockquote class=\"wp-embedded-content\" data-secret=\"sAqk5LsHHd\"><a href=\"https:\/\/audreydelaforge.com\/index.php\/2022\/10\/16\/la-conception-pedagogique-cest-quoi\/\">La conception p\u00e9dagogique, c\u2019est quoi ?<\/a><\/blockquote><iframe sandbox=\"allow-scripts\" security=\"restricted\" src=\"https:\/\/audreydelaforge.com\/index.php\/2022\/10\/16\/la-conception-pedagogique-cest-quoi\/embed\/#?secret=sAqk5LsHHd\" width=\"600\" height=\"338\" title=\"\u00ab\u00a0La conception p\u00e9dagogique, c\u2019est quoi ?\u00a0\u00bb &#8212; Audrey Delaforge, Orthop\u00e9dagogue\" data-secret=\"sAqk5LsHHd\" frameborder=\"0\" marginwidth=\"0\" marginheight=\"0\" scrolling=\"no\" class=\"wp-embedded-content\"><\/iframe><script>\n\/*! This file is auto-generated *\/\n!function(d,l){\"use strict\";l.querySelector&&d.addEventListener&&\"undefined\"!=typeof URL&&(d.wp=d.wp||{},d.wp.receiveEmbedMessage||(d.wp.receiveEmbedMessage=function(e){var t=e.data;if((t||t.secret||t.message||t.value)&&!\/[^a-zA-Z0-9]\/.test(t.secret)){for(var s,r,n,a=l.querySelectorAll('iframe[data-secret=\"'+t.secret+'\"]'),o=l.querySelectorAll('blockquote[data-secret=\"'+t.secret+'\"]'),c=new RegExp(\"^https?:$\",\"i\"),i=0;i<o.length;i++)o[i].style.display=\"none\";for(i=0;i<a.length;i++)s=a[i],e.source===s.contentWindow&&(s.removeAttribute(\"style\"),\"height\"===t.message?(1e3<(r=parseInt(t.value,10))?r=1e3:~~r<200&&(r=200),s.height=r):\"link\"===t.message&&(r=new URL(s.getAttribute(\"src\")),n=new URL(t.value),c.test(n.protocol))&&n.host===r.host&&l.activeElement===s&&(d.top.location.href=t.value))}},d.addEventListener(\"message\",d.wp.receiveEmbedMessage,!1),l.addEventListener(\"DOMContentLoaded\",function(){for(var e,t,s=l.querySelectorAll(\"iframe.wp-embedded-content\"),r=0;r<s.length;r++)(t=(e=s[r]).getAttribute(\"data-secret\"))||(t=Math.random().toString(36).substring(2,12),e.src+=\"#?secret=\"+t,e.setAttribute(\"data-secret\",t)),e.contentWindow.postMessage({message:\"ready\",secret:t},\"*\")},!1)))}(window,document);\n\/\/# sourceURL=https:\/\/audreydelaforge.com\/wp-includes\/js\/wp-embed.min.js\n<\/script>\n","thumbnail_url":"https:\/\/audreydelaforge.com\/wp-content\/uploads\/2022\/11\/etudiant-classe-recherche-cours_23-2148888810.webp","thumbnail_width":1380,"thumbnail_height":920,"description":"Conception p\u00e9dagogique est un terme technique pour expliquer qu\u2019il est n\u00e9cessaire de r\u00e9aliser des supports utiles \u00e0 l\u2019enseignement ou\/et \u00e0 la transmission de savoir. En d\u00e9but de carri\u00e8re, j\u2019ai longtemps \u00e9t\u00e9 sollicit\u00e9e pour la r\u00e9daction de sujets d\u2019examen sans savoir que cela s\u2019appelait de la conception p\u00e9dagogique. Bien souvent nous sommes plusieurs \u00e0 r\u00e9aliser certaines&hellip;&nbsp;Lire la suite &raquo;"}