{"id":1570,"date":"2025-10-31T08:38:45","date_gmt":"2025-10-31T08:38:45","guid":{"rendered":"https:\/\/audreydelaforge.com\/?page_id=1570"},"modified":"2025-10-31T08:46:28","modified_gmt":"2025-10-31T08:46:28","slug":"accompagnement-orthopedagogique-a-tout-moment-du-parcours","status":"publish","type":"page","link":"https:\/\/audreydelaforge.com\/index.php\/accompagnement-orthopedagogique-a-tout-moment-du-parcours\/","title":{"rendered":"Accompagnement Orthop\u00e9dagogique \u00ab\u00a0\u00c0 Tout Moment du Parcours\u00a0\u00bb"},"content":{"rendered":"\n<p class=\"has-text-align-center\"><strong>Accompagnement Orthop\u00e9dagogique \u00ab\u00a0\u00c0 Tout Moment du Parcours\u00a0\u00bb<\/strong><br><em>Un accompagnement sur mesure pour retrouver confiance et efficacit\u00e9 \u00e0 chaque \u00e9tape du parcours scolaire.<\/em><\/p>\n\n\n\n<div style=\"height:40px\" aria-hidden=\"true\" class=\"wp-block-spacer\"><\/div>\n\n\n<div class=\"wp-block-image\">\n<figure class=\"aligncenter size-full\"><img loading=\"lazy\" decoding=\"async\" width=\"732\" height=\"427\" src=\"https:\/\/audreydelaforge.com\/wp-content\/uploads\/2025\/10\/a9414ef9-b6e0-40da-92b1-cf8484275d1b.jpeg\" alt=\"\" class=\"wp-image-1574\" srcset=\"https:\/\/audreydelaforge.com\/wp-content\/uploads\/2025\/10\/a9414ef9-b6e0-40da-92b1-cf8484275d1b.jpeg 732w, https:\/\/audreydelaforge.com\/wp-content\/uploads\/2025\/10\/a9414ef9-b6e0-40da-92b1-cf8484275d1b-300x175.jpeg 300w, https:\/\/audreydelaforge.com\/wp-content\/uploads\/2025\/10\/a9414ef9-b6e0-40da-92b1-cf8484275d1b-600x350.jpeg 600w\" sizes=\"auto, (max-width: 732px) 100vw, 732px\" \/><\/figure>\n<\/div>\n\n\n<div style=\"height:40px\" aria-hidden=\"true\" class=\"wp-block-spacer\"><\/div>\n\n\n\n<p class=\"has-text-align-left\">Parce qu\u2019un \u00e9l\u00e8ve peut rencontrer des difficult\u00e9s \u00e0 n\u2019importe quel moment de sa scolarit\u00e9, cet accompagnement orthop\u00e9dagogique propose une r\u00e9ponse <strong>personnalis\u00e9e, flexible et bienveillante<\/strong>. Que ce soit pour des d\u00e9fis d\u2019organisation, de motivation ou des besoins sp\u00e9cifiques (TDAH, dyslexie, HPI), chaque \u00e9l\u00e8ve b\u00e9n\u00e9ficie d\u2019outils adapt\u00e9s \u00e0 son profil.<\/p>\n\n\n\n<div class=\"wp-block-buttons is-content-justification-center is-layout-flex wp-container-core-buttons-is-layout-16018d1d wp-block-buttons-is-layout-flex\">\n<div class=\"wp-block-button\"><a class=\"wp-block-button__link has-nv-site-bg-color has-neve-link-hover-color-background-color has-text-color has-background has-link-color wp-element-button\" href=\"http:\/\/wa.me\/+33659408203 \u2197\" style=\"border-radius:100px\">R\u00e9server un entretien bilan<\/a><\/div>\n<\/div>\n\n\n\n<div style=\"height:40px\" aria-hidden=\"true\" class=\"wp-block-spacer\"><\/div>\n\n\n\n<h2 class=\"wp-block-heading\"><strong>Pourquoi choisir cet accompagnement ?<\/strong><\/h2>\n\n\n\n<p><strong>Liste des avantages :<\/strong><\/p>\n\n\n\n<ul class=\"wp-block-list\">\n<li><strong>Adapt\u00e9 \u00e0 tous les profils<\/strong> : Du primaire aux \u00e9tudes sup\u00e9rieures, y compris pour les \u00e9l\u00e8ves \u00e0 besoins sp\u00e9cifiques (TDAH, HPI, troubles dys).<\/li>\n\n\n\n<li><strong>100 % personnalis\u00e9<\/strong> : M\u00e9thodes et outils con\u00e7us pour les forces et difficult\u00e9s de chaque \u00e9l\u00e8ve.<\/li>\n\n\n\n<li><strong>Flexible<\/strong> : S\u00e9ances ponctuelles ou r\u00e9guli\u00e8res, en pr\u00e9sentiel (Ch\u00e2teau-Thierry) ou \u00e0 distance.<\/li>\n\n\n\n<li><strong>Approche scientifique<\/strong> : Bas\u00e9e sur les neurosciences et l\u2019orthop\u00e9dagogie pour des r\u00e9sultats durables.<\/li>\n<\/ul>\n\n\n\n<h2 class=\"wp-block-heading\"><strong>Les bienfaits de l\u2019orthop\u00e9dagogie<\/strong><\/h2>\n\n\n\n<div style=\"height:40px\" aria-hidden=\"true\" class=\"wp-block-spacer\"><\/div>\n\n\n<div class=\"wp-block-image\">\n<figure class=\"aligncenter size-full\"><img loading=\"lazy\" decoding=\"async\" width=\"443\" height=\"452\" src=\"https:\/\/audreydelaforge.com\/wp-content\/uploads\/2025\/10\/3653c00f-bb4b-449e-97ee-b3b459ab306b.jpeg\" alt=\"\" class=\"wp-image-1575\" srcset=\"https:\/\/audreydelaforge.com\/wp-content\/uploads\/2025\/10\/3653c00f-bb4b-449e-97ee-b3b459ab306b.jpeg 443w, https:\/\/audreydelaforge.com\/wp-content\/uploads\/2025\/10\/3653c00f-bb4b-449e-97ee-b3b459ab306b-294x300.jpeg 294w\" sizes=\"auto, (max-width: 443px) 100vw, 443px\" \/><\/figure>\n<\/div>\n\n\n<div style=\"height:40px\" aria-hidden=\"true\" class=\"wp-block-spacer\"><\/div>\n\n\n\n<p>Gr\u00e2ce \u00e0 cet accompagnement, chaque \u00e9l\u00e8ve peut :<\/p>\n\n\n\n<ul class=\"wp-block-list\">\n<li><strong>Am\u00e9liorer ses r\u00e9sultats scolaires<\/strong> en adoptant des m\u00e9thodes efficaces.<\/li>\n\n\n\n<li><strong>Retrouver confiance en soi<\/strong> et r\u00e9duire le stress li\u00e9 aux apprentissages.<\/li>\n\n\n\n<li><strong>D\u00e9velopper des comp\u00e9tences<\/strong> pour apprendre avec autonomie et plaisir.<\/li>\n\n\n\n<li><strong>S\u2019\u00e9panouir personnellement<\/strong> en comprenant mieux son fonctionnement.<\/li>\n<\/ul>\n\n\n\n<h2 class=\"wp-block-heading\"><strong>T\u00e9moignages<\/strong><\/h2>\n\n\n\n<p><em>\u00ab\u00a0Mon fils a enfin retrouv\u00e9 confiance en lui. Les s\u00e9ances d\u2019Audrey lui ont redonn\u00e9 envie de travailler.\u00a0\u00bb<\/em> \u2014 Parent d\u2019un \u00e9l\u00e8ve de 4\u00e8me<\/p>\n\n\n\n<p><em>\u00ab\u00a0Je comprends mieux comment je fonctionne, et maintenant je r\u00e9ussis \u00e0 apprendre sans stress.\u00a0\u00bb<\/em> \u2014 \u00c9l\u00e8ve de Terminale<\/p>\n\n\n\n<h2 class=\"wp-block-heading\"><strong>D\u00e9roulement et tarifs<\/strong><\/h2>\n\n\n\n<p><strong>\u00c9tapes :<\/strong><\/p>\n\n\n\n<ul class=\"wp-block-list\">\n<li><strong>Entretien bilan (1h15)<\/strong> : 60 \u20ac<br>\u00c9change pour comprendre les besoins et proposer un plan d\u2019accompagnement.<\/li>\n\n\n\n<li><strong>S\u00e9ances personnalis\u00e9es (1h)<\/strong> : 50 \u20ac<br>Accompagnement cibl\u00e9 sur l\u2019organisation, la m\u00e9thodologie, la gestion des \u00e9motions, etc.<\/li>\n<\/ul>\n\n\n\n<p><strong>Forfaits :<\/strong><\/p>\n\n\n<div class=\"wp-block-image\">\n<figure class=\"aligncenter size-full\"><img loading=\"lazy\" decoding=\"async\" width=\"1052\" height=\"366\" src=\"https:\/\/audreydelaforge.com\/wp-content\/uploads\/2025\/10\/Capture-decran-2025-10-31-a-09.27.47.png\" alt=\"\" class=\"wp-image-1573\" srcset=\"https:\/\/audreydelaforge.com\/wp-content\/uploads\/2025\/10\/Capture-decran-2025-10-31-a-09.27.47.png 1052w, https:\/\/audreydelaforge.com\/wp-content\/uploads\/2025\/10\/Capture-decran-2025-10-31-a-09.27.47-300x104.png 300w, https:\/\/audreydelaforge.com\/wp-content\/uploads\/2025\/10\/Capture-decran-2025-10-31-a-09.27.47-1024x356.png 1024w, https:\/\/audreydelaforge.com\/wp-content\/uploads\/2025\/10\/Capture-decran-2025-10-31-a-09.27.47-768x267.png 768w, https:\/\/audreydelaforge.com\/wp-content\/uploads\/2025\/10\/Capture-decran-2025-10-31-a-09.27.47-600x209.png 600w\" sizes=\"auto, (max-width: 1052px) 100vw, 1052px\" \/><\/figure>\n<\/div>\n\n\n<p><strong>Conditions :<\/strong><\/p>\n\n\n\n<ul class=\"wp-block-list\">\n<li>Paiement possible en 1 \u00e0 3 fois sans frais.<\/li>\n\n\n\n<li>D\u00e9marrage \u00e0 tout moment de l\u2019ann\u00e9e.<\/li>\n<\/ul>\n\n\n\n<div class=\"wp-block-buttons is-content-justification-center is-layout-flex wp-container-core-buttons-is-layout-16018d1d wp-block-buttons-is-layout-flex\">\n<div class=\"wp-block-button\"><a class=\"wp-block-button__link has-nv-site-bg-color has-neve-link-hover-color-background-color has-text-color has-background has-link-color wp-element-button\" href=\"http:\/\/wa.me\/+33659408203 \u2197\" style=\"border-radius:100px\">Je choisis mon forfait<\/a><\/div>\n<\/div>\n\n\n\n<h2 class=\"wp-block-heading\"><strong>Contact<\/strong><\/h2>\n\n\n\n<p>Pr\u00eat \u00e0 transformer le parcours scolaire de votre enfant ? Contactez-moi d\u00e8s aujourd\u2019hui pour r\u00e9server un entretien bilan.<\/p>\n\n\n\n<p><strong>Coordonn\u00e9es :<\/strong><\/p>\n\n\n\n<ul class=\"wp-block-list\">\n<li>Email : <a href=\"mailto:audreyorthopedagogue02@gmail.com\">audreyorthopedagogue02@gmail.com<\/a><\/li>\n\n\n\n<li>Formulaire de contact : <a href=\"https:\/\/audreydelaforge.com\/#contact\" target=\"_blank\" rel=\"noreferrer noopener\">lien<\/a><\/li>\n<\/ul>\n\n\n\n<p class=\"has-text-align-center\"><a href=\"https:\/\/audreydelaforge.com\/wp-content\/uploads\/2025\/10\/Flyer-Accompagnement-Orthopedagogique-\u2013-A-tout-moment.pdf\">Je vous invite \u00e0 t\u00e9l\u00e9charger mon flyer<\/a><\/p>\n","protected":false},"excerpt":{"rendered":"<p>Accompagnement Orthop\u00e9dagogique \u00ab\u00a0\u00c0 Tout Moment du Parcours\u00a0\u00bbUn accompagnement sur mesure pour retrouver confiance et efficacit\u00e9 \u00e0 chaque \u00e9tape du parcours scolaire. Parce qu\u2019un \u00e9l\u00e8ve peut rencontrer des difficult\u00e9s \u00e0 n\u2019importe quel moment de sa scolarit\u00e9, cet accompagnement orthop\u00e9dagogique propose une r\u00e9ponse personnalis\u00e9e, flexible et bienveillante. Que ce soit pour des d\u00e9fis d\u2019organisation, de motivation ou&hellip;&nbsp;<a href=\"https:\/\/audreydelaforge.com\/index.php\/accompagnement-orthopedagogique-a-tout-moment-du-parcours\/\" rel=\"bookmark\">Lire la suite &raquo;<span class=\"screen-reader-text\">Accompagnement Orthop\u00e9dagogique \u00ab\u00a0\u00c0 Tout Moment du Parcours\u00a0\u00bb<\/span><\/a><\/p>\n","protected":false},"author":2,"featured_media":0,"parent":0,"menu_order":0,"comment_status":"closed","ping_status":"closed","template":"","meta":{"om_disable_all_campaigns":false,"neve_meta_sidebar":"","neve_meta_container":"","neve_meta_enable_content_width":"","neve_meta_content_width":0,"neve_meta_title_alignment":"center","neve_meta_author_avatar":"","neve_post_elements_order":"","neve_meta_disable_header":"","neve_meta_disable_footer":"","neve_meta_disable_title":"","footnotes":""},"class_list":["post-1570","page","type-page","status-publish","hentry"],"yoast_head":"<!-- This site is optimized with the Yoast SEO plugin v27.5 - https:\/\/yoast.com\/product\/yoast-seo-wordpress\/ -->\n<title>Accompagnement Orthop\u00e9dagogique &quot;\u00c0 Tout Moment du Parcours&quot; ~ Audrey Delaforge, Orthop\u00e9dagogue<\/title>\n<meta name=\"robots\" content=\"index, follow, max-snippet:-1, max-image-preview:large, max-video-preview:-1\" \/>\n<link rel=\"canonical\" href=\"https:\/\/audreydelaforge.com\/index.php\/accompagnement-orthopedagogique-a-tout-moment-du-parcours\/\" \/>\n<meta property=\"og:locale\" content=\"fr_FR\" \/>\n<meta property=\"og:type\" content=\"article\" \/>\n<meta property=\"og:title\" content=\"Accompagnement Orthop\u00e9dagogique &quot;\u00c0 Tout Moment du Parcours&quot; ~ Audrey Delaforge, Orthop\u00e9dagogue\" \/>\n<meta property=\"og:description\" content=\"Accompagnement Orthop\u00e9dagogique \u00ab\u00a0\u00c0 Tout Moment du Parcours\u00a0\u00bbUn accompagnement sur mesure pour retrouver confiance et efficacit\u00e9 \u00e0 chaque \u00e9tape du parcours scolaire. Parce qu\u2019un \u00e9l\u00e8ve peut rencontrer des difficult\u00e9s \u00e0 n\u2019importe quel moment de sa scolarit\u00e9, cet accompagnement orthop\u00e9dagogique propose une r\u00e9ponse personnalis\u00e9e, flexible et bienveillante. Que ce soit pour des d\u00e9fis d\u2019organisation, de motivation ou&hellip;&nbsp;Lire la suite &raquo;Accompagnement Orthop\u00e9dagogique \u00ab\u00a0\u00c0 Tout Moment du Parcours\u00a0\u00bb\" \/>\n<meta property=\"og:url\" content=\"https:\/\/audreydelaforge.com\/index.php\/accompagnement-orthopedagogique-a-tout-moment-du-parcours\/\" \/>\n<meta property=\"og:site_name\" content=\"Audrey Delaforge, Orthop\u00e9dagogue\" \/>\n<meta property=\"article:publisher\" content=\"https:\/\/www.facebook.com\/audreycateldelaforge\" \/>\n<meta property=\"article:modified_time\" content=\"2025-10-31T08:46:28+00:00\" \/>\n<meta property=\"og:image\" content=\"https:\/\/audreydelaforge.com\/wp-content\/uploads\/2025\/10\/a9414ef9-b6e0-40da-92b1-cf8484275d1b.jpeg\" \/>\n\t<meta property=\"og:image:width\" content=\"732\" \/>\n\t<meta property=\"og:image:height\" content=\"427\" \/>\n\t<meta property=\"og:image:type\" content=\"image\/jpeg\" \/>\n<meta name=\"twitter:card\" content=\"summary_large_image\" \/>\n<meta name=\"twitter:label1\" content=\"Dur\u00e9e de lecture estim\u00e9e\" \/>\n\t<meta name=\"twitter:data1\" content=\"2 minutes\" \/>\n<script type=\"application\/ld+json\" class=\"yoast-schema-graph\">{\"@context\":\"https:\\\/\\\/schema.org\",\"@graph\":[{\"@type\":\"WebPage\",\"@id\":\"https:\\\/\\\/audreydelaforge.com\\\/index.php\\\/accompagnement-orthopedagogique-a-tout-moment-du-parcours\\\/\",\"url\":\"https:\\\/\\\/audreydelaforge.com\\\/index.php\\\/accompagnement-orthopedagogique-a-tout-moment-du-parcours\\\/\",\"name\":\"Accompagnement Orthop\u00e9dagogique \\\"\u00c0 Tout Moment du Parcours\\\" ~ Audrey Delaforge, Orthop\u00e9dagogue\",\"isPartOf\":{\"@id\":\"https:\\\/\\\/audreydelaforge.com\\\/#website\"},\"primaryImageOfPage\":{\"@id\":\"https:\\\/\\\/audreydelaforge.com\\\/index.php\\\/accompagnement-orthopedagogique-a-tout-moment-du-parcours\\\/#primaryimage\"},\"image\":{\"@id\":\"https:\\\/\\\/audreydelaforge.com\\\/index.php\\\/accompagnement-orthopedagogique-a-tout-moment-du-parcours\\\/#primaryimage\"},\"thumbnailUrl\":\"https:\\\/\\\/audreydelaforge.com\\\/wp-content\\\/uploads\\\/2025\\\/10\\\/a9414ef9-b6e0-40da-92b1-cf8484275d1b.jpeg\",\"datePublished\":\"2025-10-31T08:38:45+00:00\",\"dateModified\":\"2025-10-31T08:46:28+00:00\",\"breadcrumb\":{\"@id\":\"https:\\\/\\\/audreydelaforge.com\\\/index.php\\\/accompagnement-orthopedagogique-a-tout-moment-du-parcours\\\/#breadcrumb\"},\"inLanguage\":\"fr-FR\",\"potentialAction\":[{\"@type\":\"ReadAction\",\"target\":[\"https:\\\/\\\/audreydelaforge.com\\\/index.php\\\/accompagnement-orthopedagogique-a-tout-moment-du-parcours\\\/\"]}]},{\"@type\":\"ImageObject\",\"inLanguage\":\"fr-FR\",\"@id\":\"https:\\\/\\\/audreydelaforge.com\\\/index.php\\\/accompagnement-orthopedagogique-a-tout-moment-du-parcours\\\/#primaryimage\",\"url\":\"https:\\\/\\\/audreydelaforge.com\\\/wp-content\\\/uploads\\\/2025\\\/10\\\/a9414ef9-b6e0-40da-92b1-cf8484275d1b.jpeg\",\"contentUrl\":\"https:\\\/\\\/audreydelaforge.com\\\/wp-content\\\/uploads\\\/2025\\\/10\\\/a9414ef9-b6e0-40da-92b1-cf8484275d1b.jpeg\",\"width\":732,\"height\":427},{\"@type\":\"BreadcrumbList\",\"@id\":\"https:\\\/\\\/audreydelaforge.com\\\/index.php\\\/accompagnement-orthopedagogique-a-tout-moment-du-parcours\\\/#breadcrumb\",\"itemListElement\":[{\"@type\":\"ListItem\",\"position\":1,\"name\":\"Accueil\",\"item\":\"https:\\\/\\\/audreydelaforge.com\\\/\"},{\"@type\":\"ListItem\",\"position\":2,\"name\":\"Accompagnement Orthop\u00e9dagogique \u00ab\u00a0\u00c0 Tout Moment du Parcours\u00a0\u00bb\"}]},{\"@type\":\"WebSite\",\"@id\":\"https:\\\/\\\/audreydelaforge.com\\\/#website\",\"url\":\"https:\\\/\\\/audreydelaforge.com\\\/\",\"name\":\"Audrey Delaforge, Orthop\u00e9dagogue\",\"description\":\"L&#039;apprenant au centre du savoir\",\"publisher\":{\"@id\":\"https:\\\/\\\/audreydelaforge.com\\\/#organization\"},\"potentialAction\":[{\"@type\":\"SearchAction\",\"target\":{\"@type\":\"EntryPoint\",\"urlTemplate\":\"https:\\\/\\\/audreydelaforge.com\\\/?s={search_term_string}\"},\"query-input\":{\"@type\":\"PropertyValueSpecification\",\"valueRequired\":true,\"valueName\":\"search_term_string\"}}],\"inLanguage\":\"fr-FR\"},{\"@type\":\"Organization\",\"@id\":\"https:\\\/\\\/audreydelaforge.com\\\/#organization\",\"name\":\"Audrey Delaforge, Orthop\u00e9dagogue\",\"url\":\"https:\\\/\\\/audreydelaforge.com\\\/\",\"logo\":{\"@type\":\"ImageObject\",\"inLanguage\":\"fr-FR\",\"@id\":\"https:\\\/\\\/audreydelaforge.com\\\/#\\\/schema\\\/logo\\\/image\\\/\",\"url\":\"https:\\\/\\\/audreydelaforge.com\\\/wp-content\\\/uploads\\\/2022\\\/06\\\/Logo-orange-noir-avec-Audrey-1.png\",\"contentUrl\":\"https:\\\/\\\/audreydelaforge.com\\\/wp-content\\\/uploads\\\/2022\\\/06\\\/Logo-orange-noir-avec-Audrey-1.png\",\"width\":500,\"height\":500,\"caption\":\"Audrey Delaforge, Orthop\u00e9dagogue\"},\"image\":{\"@id\":\"https:\\\/\\\/audreydelaforge.com\\\/#\\\/schema\\\/logo\\\/image\\\/\"},\"sameAs\":[\"https:\\\/\\\/www.facebook.com\\\/audreycateldelaforge\",\"https:\\\/\\\/www.linkedin.com\\\/in\\\/audrey-catel-delaforge\",\"https:\\\/\\\/www.instagram.com\\\/audrey_delaforge\\\/\"]}]}<\/script>\n<!-- \/ Yoast SEO plugin. -->","yoast_head_json":{"title":"Accompagnement Orthop\u00e9dagogique \"\u00c0 Tout Moment du Parcours\" ~ Audrey Delaforge, Orthop\u00e9dagogue","robots":{"index":"index","follow":"follow","max-snippet":"max-snippet:-1","max-image-preview":"max-image-preview:large","max-video-preview":"max-video-preview:-1"},"canonical":"https:\/\/audreydelaforge.com\/index.php\/accompagnement-orthopedagogique-a-tout-moment-du-parcours\/","og_locale":"fr_FR","og_type":"article","og_title":"Accompagnement Orthop\u00e9dagogique \"\u00c0 Tout Moment du Parcours\" ~ Audrey Delaforge, Orthop\u00e9dagogue","og_description":"Accompagnement Orthop\u00e9dagogique \u00ab\u00a0\u00c0 Tout Moment du Parcours\u00a0\u00bbUn accompagnement sur mesure pour retrouver confiance et efficacit\u00e9 \u00e0 chaque \u00e9tape du parcours scolaire. Parce qu\u2019un \u00e9l\u00e8ve peut rencontrer des difficult\u00e9s \u00e0 n\u2019importe quel moment de sa scolarit\u00e9, cet accompagnement orthop\u00e9dagogique propose une r\u00e9ponse personnalis\u00e9e, flexible et bienveillante. Que ce soit pour des d\u00e9fis d\u2019organisation, de motivation ou&hellip;&nbsp;Lire la suite &raquo;Accompagnement Orthop\u00e9dagogique \u00ab\u00a0\u00c0 Tout Moment du Parcours\u00a0\u00bb","og_url":"https:\/\/audreydelaforge.com\/index.php\/accompagnement-orthopedagogique-a-tout-moment-du-parcours\/","og_site_name":"Audrey Delaforge, Orthop\u00e9dagogue","article_publisher":"https:\/\/www.facebook.com\/audreycateldelaforge","article_modified_time":"2025-10-31T08:46:28+00:00","og_image":[{"width":732,"height":427,"url":"https:\/\/audreydelaforge.com\/wp-content\/uploads\/2025\/10\/a9414ef9-b6e0-40da-92b1-cf8484275d1b.jpeg","type":"image\/jpeg"}],"twitter_card":"summary_large_image","twitter_misc":{"Dur\u00e9e de lecture estim\u00e9e":"2 minutes"},"schema":{"@context":"https:\/\/schema.org","@graph":[{"@type":"WebPage","@id":"https:\/\/audreydelaforge.com\/index.php\/accompagnement-orthopedagogique-a-tout-moment-du-parcours\/","url":"https:\/\/audreydelaforge.com\/index.php\/accompagnement-orthopedagogique-a-tout-moment-du-parcours\/","name":"Accompagnement Orthop\u00e9dagogique \"\u00c0 Tout Moment du Parcours\" ~ Audrey Delaforge, Orthop\u00e9dagogue","isPartOf":{"@id":"https:\/\/audreydelaforge.com\/#website"},"primaryImageOfPage":{"@id":"https:\/\/audreydelaforge.com\/index.php\/accompagnement-orthopedagogique-a-tout-moment-du-parcours\/#primaryimage"},"image":{"@id":"https:\/\/audreydelaforge.com\/index.php\/accompagnement-orthopedagogique-a-tout-moment-du-parcours\/#primaryimage"},"thumbnailUrl":"https:\/\/audreydelaforge.com\/wp-content\/uploads\/2025\/10\/a9414ef9-b6e0-40da-92b1-cf8484275d1b.jpeg","datePublished":"2025-10-31T08:38:45+00:00","dateModified":"2025-10-31T08:46:28+00:00","breadcrumb":{"@id":"https:\/\/audreydelaforge.com\/index.php\/accompagnement-orthopedagogique-a-tout-moment-du-parcours\/#breadcrumb"},"inLanguage":"fr-FR","potentialAction":[{"@type":"ReadAction","target":["https:\/\/audreydelaforge.com\/index.php\/accompagnement-orthopedagogique-a-tout-moment-du-parcours\/"]}]},{"@type":"ImageObject","inLanguage":"fr-FR","@id":"https:\/\/audreydelaforge.com\/index.php\/accompagnement-orthopedagogique-a-tout-moment-du-parcours\/#primaryimage","url":"https:\/\/audreydelaforge.com\/wp-content\/uploads\/2025\/10\/a9414ef9-b6e0-40da-92b1-cf8484275d1b.jpeg","contentUrl":"https:\/\/audreydelaforge.com\/wp-content\/uploads\/2025\/10\/a9414ef9-b6e0-40da-92b1-cf8484275d1b.jpeg","width":732,"height":427},{"@type":"BreadcrumbList","@id":"https:\/\/audreydelaforge.com\/index.php\/accompagnement-orthopedagogique-a-tout-moment-du-parcours\/#breadcrumb","itemListElement":[{"@type":"ListItem","position":1,"name":"Accueil","item":"https:\/\/audreydelaforge.com\/"},{"@type":"ListItem","position":2,"name":"Accompagnement Orthop\u00e9dagogique \u00ab\u00a0\u00c0 Tout Moment du Parcours\u00a0\u00bb"}]},{"@type":"WebSite","@id":"https:\/\/audreydelaforge.com\/#website","url":"https:\/\/audreydelaforge.com\/","name":"Audrey Delaforge, Orthop\u00e9dagogue","description":"L&#039;apprenant au centre du savoir","publisher":{"@id":"https:\/\/audreydelaforge.com\/#organization"},"potentialAction":[{"@type":"SearchAction","target":{"@type":"EntryPoint","urlTemplate":"https:\/\/audreydelaforge.com\/?s={search_term_string}"},"query-input":{"@type":"PropertyValueSpecification","valueRequired":true,"valueName":"search_term_string"}}],"inLanguage":"fr-FR"},{"@type":"Organization","@id":"https:\/\/audreydelaforge.com\/#organization","name":"Audrey Delaforge, Orthop\u00e9dagogue","url":"https:\/\/audreydelaforge.com\/","logo":{"@type":"ImageObject","inLanguage":"fr-FR","@id":"https:\/\/audreydelaforge.com\/#\/schema\/logo\/image\/","url":"https:\/\/audreydelaforge.com\/wp-content\/uploads\/2022\/06\/Logo-orange-noir-avec-Audrey-1.png","contentUrl":"https:\/\/audreydelaforge.com\/wp-content\/uploads\/2022\/06\/Logo-orange-noir-avec-Audrey-1.png","width":500,"height":500,"caption":"Audrey Delaforge, Orthop\u00e9dagogue"},"image":{"@id":"https:\/\/audreydelaforge.com\/#\/schema\/logo\/image\/"},"sameAs":["https:\/\/www.facebook.com\/audreycateldelaforge","https:\/\/www.linkedin.com\/in\/audrey-catel-delaforge","https:\/\/www.instagram.com\/audrey_delaforge\/"]}]}},"_links":{"self":[{"href":"https:\/\/audreydelaforge.com\/index.php\/wp-json\/wp\/v2\/pages\/1570","targetHints":{"allow":["GET"]}}],"collection":[{"href":"https:\/\/audreydelaforge.com\/index.php\/wp-json\/wp\/v2\/pages"}],"about":[{"href":"https:\/\/audreydelaforge.com\/index.php\/wp-json\/wp\/v2\/types\/page"}],"author":[{"embeddable":true,"href":"https:\/\/audreydelaforge.com\/index.php\/wp-json\/wp\/v2\/users\/2"}],"replies":[{"embeddable":true,"href":"https:\/\/audreydelaforge.com\/index.php\/wp-json\/wp\/v2\/comments?post=1570"}],"version-history":[{"count":0,"href":"https:\/\/audreydelaforge.com\/index.php\/wp-json\/wp\/v2\/pages\/1570\/revisions"}],"wp:attachment":[{"href":"https:\/\/audreydelaforge.com\/index.php\/wp-json\/wp\/v2\/media?parent=1570"}],"curies":[{"name":"wp","href":"https:\/\/api.w.org\/{rel}","templated":true}]}}