{"id":663,"date":"2022-11-05T08:52:16","date_gmt":"2022-11-05T08:52:16","guid":{"rendered":"https:\/\/audreydelaforge.com\/?page_id=663"},"modified":"2025-05-17T08:49:40","modified_gmt":"2025-05-17T08:49:40","slug":"blog","status":"publish","type":"page","link":"https:\/\/audreydelaforge.com\/index.php\/blog\/","title":{"rendered":"Blog"},"content":{"rendered":"\n<p class=\"has-text-align-center\">Bienvenue sur ma page blog, qui pr\u00e9sentera l&rsquo;ensemble de mes articles en lien avec mes diff\u00e9rentes comp\u00e9tences :<br>orthop\u00e9dagogue, conceptrice p\u00e9dagogique<\/p>\n\n\n\n<h2 class=\"wp-block-heading has-text-align-center\">Articles personnels<\/h2>\n\n\n<div class=\"pt-cv-wrapper\"><div class=\"pt-cv-view pt-cv-grid pt-cv-colsys\" id=\"pt-cv-view-dfe8cc0qug\"><div data-id=\"pt-cv-page-1\" class=\"pt-cv-page\" data-cvc=\"2\"><div class=\"col-md-6 col-sm-6 col-xs-12 pt-cv-content-item pt-cv-2-col\" ><div class='pt-cv-ifield'><a href=\"https:\/\/audreydelaforge.com\/index.php\/2026\/04\/24\/audreydelaforge-com-vocabulaire-troubles-apprentissage-tsla-tnd\/\" class=\"_self pt-cv-href-thumbnail pt-cv-thumb-left\" target=\"_self\" ><img loading=\"lazy\" decoding=\"async\" width=\"150\" height=\"150\" src=\"https:\/\/audreydelaforge.com\/wp-content\/uploads\/2026\/04\/Gemini_Generated_Image_mpy6k9mpy6k9mpy6-150x150.png\" class=\"pt-cv-thumbnail pull-left\" alt=\"\" srcset=\"https:\/\/audreydelaforge.com\/wp-content\/uploads\/2026\/04\/Gemini_Generated_Image_mpy6k9mpy6k9mpy6-150x150.png 150w, https:\/\/audreydelaforge.com\/wp-content\/uploads\/2026\/04\/Gemini_Generated_Image_mpy6k9mpy6k9mpy6-300x300.png 300w, https:\/\/audreydelaforge.com\/wp-content\/uploads\/2026\/04\/Gemini_Generated_Image_mpy6k9mpy6k9mpy6-100x100.png 100w\" sizes=\"auto, (max-width: 150px) 100vw, 150px\" \/><\/a>\n<h3 class=\"pt-cv-title\"><a href=\"https:\/\/audreydelaforge.com\/index.php\/2026\/04\/24\/audreydelaforge-com-vocabulaire-troubles-apprentissage-tsla-tnd\/\" class=\"_self\" target=\"_self\" >Troubles ou simples \u00ab Dys \u00bb ? Pourquoi la pr\u00e9cision des mots est le premier acte de soin<\/a><\/h3><\/div><\/div>\n<div class=\"col-md-6 col-sm-6 col-xs-12 pt-cv-content-item pt-cv-2-col\" ><div class='pt-cv-ifield'><a href=\"https:\/\/audreydelaforge.com\/index.php\/2026\/04\/12\/trouble-des-apprentissages-quand-la-paresse-cache-une-fatigue-de-compensation\/\" class=\"_self pt-cv-href-thumbnail pt-cv-thumb-left\" target=\"_self\" ><img loading=\"lazy\" decoding=\"async\" width=\"150\" height=\"150\" src=\"https:\/\/audreydelaforge.com\/wp-content\/uploads\/2026\/04\/Eleve-fatigue-en-classe-150x150.png\" class=\"pt-cv-thumbnail pull-left\" alt=\"\" srcset=\"https:\/\/audreydelaforge.com\/wp-content\/uploads\/2026\/04\/Eleve-fatigue-en-classe-150x150.png 150w, https:\/\/audreydelaforge.com\/wp-content\/uploads\/2026\/04\/Eleve-fatigue-en-classe-300x300.png 300w, https:\/\/audreydelaforge.com\/wp-content\/uploads\/2026\/04\/Eleve-fatigue-en-classe-100x100.png 100w\" sizes=\"auto, (max-width: 150px) 100vw, 150px\" \/><\/a>\n<h3 class=\"pt-cv-title\"><a href=\"https:\/\/audreydelaforge.com\/index.php\/2026\/04\/12\/trouble-des-apprentissages-quand-la-paresse-cache-une-fatigue-de-compensation\/\" class=\"_self\" target=\"_self\" >Trouble des apprentissages : quand la \u201cparesse\u201d cache une fatigue de compensation<\/a><\/h3><\/div><\/div>\n<div class=\"col-md-6 col-sm-6 col-xs-12 pt-cv-content-item pt-cv-2-col\" ><div class='pt-cv-ifield'><a href=\"https:\/\/audreydelaforge.com\/index.php\/2026\/03\/07\/autosabotage-enfant-tdah\/\" class=\"_self pt-cv-href-thumbnail pt-cv-thumb-left\" target=\"_self\" ><img loading=\"lazy\" decoding=\"async\" width=\"150\" height=\"150\" src=\"https:\/\/audreydelaforge.com\/wp-content\/uploads\/2026\/03\/ChatGPT-Image-7-mars-2026-08_02_16-150x150.png\" class=\"pt-cv-thumbnail pull-left\" alt=\"\" srcset=\"https:\/\/audreydelaforge.com\/wp-content\/uploads\/2026\/03\/ChatGPT-Image-7-mars-2026-08_02_16-150x150.png 150w, https:\/\/audreydelaforge.com\/wp-content\/uploads\/2026\/03\/ChatGPT-Image-7-mars-2026-08_02_16-300x300.png 300w, https:\/\/audreydelaforge.com\/wp-content\/uploads\/2026\/03\/ChatGPT-Image-7-mars-2026-08_02_16-100x100.png 100w\" sizes=\"auto, (max-width: 150px) 100vw, 150px\" \/><\/a>\n<h3 class=\"pt-cv-title\"><a href=\"https:\/\/audreydelaforge.com\/index.php\/2026\/03\/07\/autosabotage-enfant-tdah\/\" class=\"_self\" target=\"_self\" >Autosabotage chez l\u2019enfant TDAH : pourquoi il semble parfois fuir la r\u00e9ussite<\/a><\/h3><\/div><\/div>\n<div class=\"col-md-6 col-sm-6 col-xs-12 pt-cv-content-item pt-cv-2-col\" ><div class='pt-cv-ifield'><a href=\"https:\/\/audreydelaforge.com\/index.php\/2026\/02\/15\/sortir-du-mythe-de-lautisme-unique-penser-en-profils-reevaluer-chaque-annee-ecouter-les-parents\/\" class=\"_self pt-cv-href-thumbnail pt-cv-thumb-left\" target=\"_self\" ><img loading=\"lazy\" decoding=\"async\" width=\"150\" height=\"150\" src=\"https:\/\/audreydelaforge.com\/wp-content\/uploads\/2026\/02\/ChatGPT-Image-15-fevr.-2026-08_10_05-150x150.png\" class=\"pt-cv-thumbnail pull-left\" alt=\"\" srcset=\"https:\/\/audreydelaforge.com\/wp-content\/uploads\/2026\/02\/ChatGPT-Image-15-fevr.-2026-08_10_05-150x150.png 150w, https:\/\/audreydelaforge.com\/wp-content\/uploads\/2026\/02\/ChatGPT-Image-15-fevr.-2026-08_10_05-300x300.png 300w, https:\/\/audreydelaforge.com\/wp-content\/uploads\/2026\/02\/ChatGPT-Image-15-fevr.-2026-08_10_05-100x100.png 100w\" sizes=\"auto, (max-width: 150px) 100vw, 150px\" \/><\/a>\n<h3 class=\"pt-cv-title\"><a href=\"https:\/\/audreydelaforge.com\/index.php\/2026\/02\/15\/sortir-du-mythe-de-lautisme-unique-penser-en-profils-reevaluer-chaque-annee-ecouter-les-parents\/\" class=\"_self\" target=\"_self\" >Sortir du mythe de l\u2019autisme unique : penser en profils, r\u00e9\u00e9valuer chaque ann\u00e9e, \u00e9couter les parents<\/a><\/h3><\/div><\/div>\n<div class=\"col-md-6 col-sm-6 col-xs-12 pt-cv-content-item pt-cv-2-col\" ><div class='pt-cv-ifield'><a href=\"https:\/\/audreydelaforge.com\/index.php\/2026\/01\/18\/lorthopedagogie-une-boussole-pour-apprendre-autrement\/\" class=\"_self pt-cv-href-thumbnail pt-cv-thumb-left\" target=\"_self\" ><img loading=\"lazy\" decoding=\"async\" width=\"150\" height=\"150\" src=\"https:\/\/audreydelaforge.com\/wp-content\/uploads\/2026\/01\/ChatGPT-Image-18-janv.-2026-11_24_27-150x150.png\" class=\"pt-cv-thumbnail pull-left\" alt=\"\" srcset=\"https:\/\/audreydelaforge.com\/wp-content\/uploads\/2026\/01\/ChatGPT-Image-18-janv.-2026-11_24_27-150x150.png 150w, https:\/\/audreydelaforge.com\/wp-content\/uploads\/2026\/01\/ChatGPT-Image-18-janv.-2026-11_24_27-300x300.png 300w, https:\/\/audreydelaforge.com\/wp-content\/uploads\/2026\/01\/ChatGPT-Image-18-janv.-2026-11_24_27-100x100.png 100w\" sizes=\"auto, (max-width: 150px) 100vw, 150px\" \/><\/a>\n<h3 class=\"pt-cv-title\"><a href=\"https:\/\/audreydelaforge.com\/index.php\/2026\/01\/18\/lorthopedagogie-une-boussole-pour-apprendre-autrement\/\" class=\"_self\" target=\"_self\" >L\u2019orthop\u00e9dagogie : une boussole pour apprendre autrement<\/a><\/h3><\/div><\/div>\n<div class=\"col-md-6 col-sm-6 col-xs-12 pt-cv-content-item pt-cv-2-col\" ><div class='pt-cv-ifield'><a href=\"https:\/\/audreydelaforge.com\/index.php\/2026\/01\/11\/image-mentale-aphantasie-apprentissages\/\" class=\"_self pt-cv-href-thumbnail pt-cv-thumb-left\" target=\"_self\" ><img loading=\"lazy\" decoding=\"async\" width=\"150\" height=\"150\" src=\"https:\/\/audreydelaforge.com\/wp-content\/uploads\/2026\/01\/ChatGPT-Image-11-janv.-2026-08_32_14-150x150.png\" class=\"pt-cv-thumbnail pull-left\" alt=\"\" srcset=\"https:\/\/audreydelaforge.com\/wp-content\/uploads\/2026\/01\/ChatGPT-Image-11-janv.-2026-08_32_14-150x150.png 150w, https:\/\/audreydelaforge.com\/wp-content\/uploads\/2026\/01\/ChatGPT-Image-11-janv.-2026-08_32_14-300x300.png 300w, https:\/\/audreydelaforge.com\/wp-content\/uploads\/2026\/01\/ChatGPT-Image-11-janv.-2026-08_32_14-100x100.png 100w\" sizes=\"auto, (max-width: 150px) 100vw, 150px\" \/><\/a>\n<h3 class=\"pt-cv-title\"><a href=\"https:\/\/audreydelaforge.com\/index.php\/2026\/01\/11\/image-mentale-aphantasie-apprentissages\/\" class=\"_self\" target=\"_self\" >Et si ton cerveau n\u2019imaginait rien ? Comprendre l\u2019image mentale\u2026 et son absence<\/a><\/h3><\/div><\/div>\n<div class=\"col-md-6 col-sm-6 col-xs-12 pt-cv-content-item pt-cv-2-col\" ><div class='pt-cv-ifield'><a href=\"https:\/\/audreydelaforge.com\/index.php\/2025\/12\/28\/reprise-scolaire-routines-enfants\/\" class=\"_self pt-cv-href-thumbnail pt-cv-thumb-left\" target=\"_self\" ><img loading=\"lazy\" decoding=\"async\" width=\"150\" height=\"150\" src=\"https:\/\/audreydelaforge.com\/wp-content\/uploads\/2025\/12\/ChatGPT-Image-28-dec.-2025-07_46_09-150x150.png\" class=\"pt-cv-thumbnail pull-left\" alt=\"\" srcset=\"https:\/\/audreydelaforge.com\/wp-content\/uploads\/2025\/12\/ChatGPT-Image-28-dec.-2025-07_46_09-150x150.png 150w, https:\/\/audreydelaforge.com\/wp-content\/uploads\/2025\/12\/ChatGPT-Image-28-dec.-2025-07_46_09-300x300.png 300w, https:\/\/audreydelaforge.com\/wp-content\/uploads\/2025\/12\/ChatGPT-Image-28-dec.-2025-07_46_09-100x100.png 100w\" sizes=\"auto, (max-width: 150px) 100vw, 150px\" \/><\/a>\n<h3 class=\"pt-cv-title\"><a href=\"https:\/\/audreydelaforge.com\/index.php\/2025\/12\/28\/reprise-scolaire-routines-enfants\/\" class=\"_self\" target=\"_self\" >Structurer pour rassurer : accompagner la reprise avec des routines<\/a><\/h3><\/div><\/div>\n<div class=\"col-md-6 col-sm-6 col-xs-12 pt-cv-content-item pt-cv-2-col\" ><div class='pt-cv-ifield'><a href=\"https:\/\/audreydelaforge.com\/index.php\/2025\/12\/20\/importance-preconisations-scolaires-orthopedagogue-coordination\/\" class=\"_self pt-cv-href-thumbnail pt-cv-thumb-left\" target=\"_self\" ><img loading=\"lazy\" decoding=\"async\" width=\"150\" height=\"150\" src=\"https:\/\/audreydelaforge.com\/wp-content\/uploads\/2025\/12\/ChatGPT-Image-20-dec.-2025-09_17_14-150x150.png\" class=\"pt-cv-thumbnail pull-left\" alt=\"\" srcset=\"https:\/\/audreydelaforge.com\/wp-content\/uploads\/2025\/12\/ChatGPT-Image-20-dec.-2025-09_17_14-150x150.png 150w, https:\/\/audreydelaforge.com\/wp-content\/uploads\/2025\/12\/ChatGPT-Image-20-dec.-2025-09_17_14-300x300.png 300w, https:\/\/audreydelaforge.com\/wp-content\/uploads\/2025\/12\/ChatGPT-Image-20-dec.-2025-09_17_14-100x100.png 100w\" sizes=\"auto, (max-width: 150px) 100vw, 150px\" \/><\/a>\n<h3 class=\"pt-cv-title\"><a href=\"https:\/\/audreydelaforge.com\/index.php\/2025\/12\/20\/importance-preconisations-scolaires-orthopedagogue-coordination\/\" class=\"_self\" target=\"_self\" >Faire vivre les pr\u00e9conisations : un levier de r\u00e9ussite pour les \u00e9l\u00e8ves \u00e0 besoins sp\u00e9cifiques<\/a><\/h3><\/div><\/div>\n<div class=\"col-md-6 col-sm-6 col-xs-12 pt-cv-content-item pt-cv-2-col\" ><div class='pt-cv-ifield'><a href=\"https:\/\/audreydelaforge.com\/index.php\/2025\/12\/13\/adaptations-eleves-tnd-fatigue-cognitive\/\" class=\"_self pt-cv-href-thumbnail pt-cv-thumb-left\" target=\"_self\" ><img loading=\"lazy\" decoding=\"async\" width=\"150\" height=\"150\" src=\"https:\/\/audreydelaforge.com\/wp-content\/uploads\/2025\/12\/ChatGPT-Image-13-dec.-2025-08_46_50-150x150.png\" class=\"pt-cv-thumbnail pull-left\" alt=\"\" srcset=\"https:\/\/audreydelaforge.com\/wp-content\/uploads\/2025\/12\/ChatGPT-Image-13-dec.-2025-08_46_50-150x150.png 150w, https:\/\/audreydelaforge.com\/wp-content\/uploads\/2025\/12\/ChatGPT-Image-13-dec.-2025-08_46_50-300x300.png 300w, https:\/\/audreydelaforge.com\/wp-content\/uploads\/2025\/12\/ChatGPT-Image-13-dec.-2025-08_46_50-100x100.png 100w\" sizes=\"auto, (max-width: 150px) 100vw, 150px\" \/><\/a>\n<h3 class=\"pt-cv-title\"><a href=\"https:\/\/audreydelaforge.com\/index.php\/2025\/12\/13\/adaptations-eleves-tnd-fatigue-cognitive\/\" class=\"_self\" target=\"_self\" >\ud83d\udc53 Lunettes invisibles et fatigue r\u00e9elle : comprendre et respecter les adaptations pour les \u00e9l\u00e8ves \u00e0 TND<\/a><\/h3><\/div><\/div>\n<div class=\"col-md-6 col-sm-6 col-xs-12 pt-cv-content-item pt-cv-2-col\" ><div class='pt-cv-ifield'><a href=\"https:\/\/audreydelaforge.com\/index.php\/2025\/12\/07\/tdah-enfant-accompagnement-parental-le-cocon-tdah-parents-strategie-parentale-tdah-orthopedagogie-tdah-enfant\/\" class=\"_self pt-cv-href-thumbnail pt-cv-thumb-left\" target=\"_self\" ><img loading=\"lazy\" decoding=\"async\" width=\"150\" height=\"150\" src=\"https:\/\/audreydelaforge.com\/wp-content\/uploads\/2025\/12\/ChatGPT-Image-5-dec.-2025-14_51_55-1-150x150.png\" class=\"pt-cv-thumbnail pull-left\" alt=\"\" srcset=\"https:\/\/audreydelaforge.com\/wp-content\/uploads\/2025\/12\/ChatGPT-Image-5-dec.-2025-14_51_55-1-150x150.png 150w, https:\/\/audreydelaforge.com\/wp-content\/uploads\/2025\/12\/ChatGPT-Image-5-dec.-2025-14_51_55-1-300x300.png 300w, https:\/\/audreydelaforge.com\/wp-content\/uploads\/2025\/12\/ChatGPT-Image-5-dec.-2025-14_51_55-1-768x768.png 768w, https:\/\/audreydelaforge.com\/wp-content\/uploads\/2025\/12\/ChatGPT-Image-5-dec.-2025-14_51_55-1.png 1024w\" sizes=\"auto, (max-width: 150px) 100vw, 150px\" \/><\/a>\n<h3 class=\"pt-cv-title\"><a href=\"https:\/\/audreydelaforge.com\/index.php\/2025\/12\/07\/tdah-enfant-accompagnement-parental-le-cocon-tdah-parents-strategie-parentale-tdah-orthopedagogie-tdah-enfant\/\" class=\"_self\" target=\"_self\" >TDAH : Pourquoi j\u2019ai cr\u00e9\u00e9 Le Cocon, un espace d\u2019\u00e9coute et de strat\u00e9gie pour les parents<\/a><\/h3><\/div><\/div>\n<div class=\"col-md-6 col-sm-6 col-xs-12 pt-cv-content-item pt-cv-2-col\" ><div class='pt-cv-ifield'><a href=\"https:\/\/audreydelaforge.com\/index.php\/2025\/11\/29\/hyperfocus-enfant-tdah-tsa\/\" class=\"_self pt-cv-href-thumbnail pt-cv-thumb-left\" target=\"_self\" ><img loading=\"lazy\" decoding=\"async\" width=\"150\" height=\"100\" src=\"https:\/\/audreydelaforge.com\/wp-content\/uploads\/2025\/11\/ChatGPT-Image-29-nov.-2025-10_43_43.png\" class=\"pt-cv-thumbnail pull-left\" alt=\"\" srcset=\"https:\/\/audreydelaforge.com\/wp-content\/uploads\/2025\/11\/ChatGPT-Image-29-nov.-2025-10_43_43.png 1536w, https:\/\/audreydelaforge.com\/wp-content\/uploads\/2025\/11\/ChatGPT-Image-29-nov.-2025-10_43_43-300x200.png 300w\" sizes=\"auto, (max-width: 150px) 100vw, 150px\" \/><\/a>\n<h3 class=\"pt-cv-title\"><a href=\"https:\/\/audreydelaforge.com\/index.php\/2025\/11\/29\/hyperfocus-enfant-tdah-tsa\/\" class=\"_self\" target=\"_self\" >Hyperfocus chez les enfants TDAH et TSA : comprendre, accompagner, transformer<\/a><\/h3><\/div><\/div>\n<div class=\"col-md-6 col-sm-6 col-xs-12 pt-cv-content-item pt-cv-2-col\" ><div class='pt-cv-ifield'><a href=\"https:\/\/audreydelaforge.com\/index.php\/2025\/11\/22\/tdah-fatigue-chronique\/\" class=\"_self pt-cv-href-thumbnail pt-cv-thumb-left\" target=\"_self\" ><img loading=\"lazy\" decoding=\"async\" width=\"150\" height=\"150\" src=\"https:\/\/audreydelaforge.com\/wp-content\/uploads\/2025\/11\/ChatGPT-Image-22-nov.-2025-08_05_52-150x150.png\" class=\"pt-cv-thumbnail pull-left\" alt=\"\" \/><\/a>\n<h3 class=\"pt-cv-title\"><a href=\"https:\/\/audreydelaforge.com\/index.php\/2025\/11\/22\/tdah-fatigue-chronique\/\" class=\"_self\" target=\"_self\" >TDAH et fatigue chronique : comprendre et mieux accompagner<\/a><\/h3><\/div><\/div>\n<div class=\"col-md-6 col-sm-6 col-xs-12 pt-cv-content-item pt-cv-2-col\" ><div class='pt-cv-ifield'><a href=\"https:\/\/audreydelaforge.com\/index.php\/2025\/11\/19\/tdah-addictions\/\" class=\"_self pt-cv-href-thumbnail pt-cv-thumb-left\" target=\"_self\" ><img loading=\"lazy\" decoding=\"async\" width=\"150\" height=\"100\" src=\"https:\/\/audreydelaforge.com\/wp-content\/uploads\/2025\/11\/ChatGPT-Image-19-nov.-2025-10_31_42.png\" class=\"pt-cv-thumbnail pull-left\" alt=\"\" srcset=\"https:\/\/audreydelaforge.com\/wp-content\/uploads\/2025\/11\/ChatGPT-Image-19-nov.-2025-10_31_42.png 1536w, https:\/\/audreydelaforge.com\/wp-content\/uploads\/2025\/11\/ChatGPT-Image-19-nov.-2025-10_31_42-300x200.png 300w\" sizes=\"auto, (max-width: 150px) 100vw, 150px\" \/><\/a>\n<h3 class=\"pt-cv-title\"><a href=\"https:\/\/audreydelaforge.com\/index.php\/2025\/11\/19\/tdah-addictions\/\" class=\"_self\" target=\"_self\" >TDAH et addictions : comprendre le lien pour mieux accompagner<\/a><\/h3><\/div><\/div>\n<div class=\"col-md-6 col-sm-6 col-xs-12 pt-cv-content-item pt-cv-2-col\" ><div class='pt-cv-ifield'><a href=\"https:\/\/audreydelaforge.com\/index.php\/2025\/11\/16\/astuces-miracles-solutions-simplistes-et-realites-complexes-du-terrain\/\" class=\"_self pt-cv-href-thumbnail pt-cv-thumb-left\" target=\"_self\" ><img loading=\"lazy\" decoding=\"async\" width=\"150\" height=\"150\" src=\"https:\/\/audreydelaforge.com\/wp-content\/uploads\/2025\/11\/ChatGPT-Image-15-nov.-2025-11_32_24-150x150.png\" class=\"pt-cv-thumbnail pull-left\" alt=\"\" srcset=\"https:\/\/audreydelaforge.com\/wp-content\/uploads\/2025\/11\/ChatGPT-Image-15-nov.-2025-11_32_24-150x150.png 150w, https:\/\/audreydelaforge.com\/wp-content\/uploads\/2025\/11\/ChatGPT-Image-15-nov.-2025-11_32_24-300x300.png 300w, https:\/\/audreydelaforge.com\/wp-content\/uploads\/2025\/11\/ChatGPT-Image-15-nov.-2025-11_32_24.png 1024w\" sizes=\"auto, (max-width: 150px) 100vw, 150px\" \/><\/a>\n<h3 class=\"pt-cv-title\"><a href=\"https:\/\/audreydelaforge.com\/index.php\/2025\/11\/16\/astuces-miracles-solutions-simplistes-et-realites-complexes-du-terrain\/\" class=\"_self\" target=\"_self\" >Orthop\u00e9dagogie et troubles neurod\u00e9veloppementaux : pourquoi la nuance change tout<\/a><\/h3><\/div><\/div>\n<div class=\"col-md-6 col-sm-6 col-xs-12 pt-cv-content-item pt-cv-2-col\" ><div class='pt-cv-ifield'><a href=\"https:\/\/audreydelaforge.com\/index.php\/2025\/11\/09\/lhyperfocalisation-lumiere-sur-un-mecanisme-aussi-invisible-quepuisant\/\" class=\"_self pt-cv-href-thumbnail pt-cv-thumb-left\" target=\"_self\" ><img loading=\"lazy\" decoding=\"async\" width=\"150\" height=\"150\" src=\"https:\/\/audreydelaforge.com\/wp-content\/uploads\/2025\/11\/Screenshot-2025-11-09-09.40.19-150x150.png\" class=\"pt-cv-thumbnail pull-left\" alt=\"\" srcset=\"https:\/\/audreydelaforge.com\/wp-content\/uploads\/2025\/11\/Screenshot-2025-11-09-09.40.19-150x150.png 150w, https:\/\/audreydelaforge.com\/wp-content\/uploads\/2025\/11\/Screenshot-2025-11-09-09.40.19-300x300.png 300w, https:\/\/audreydelaforge.com\/wp-content\/uploads\/2025\/11\/Screenshot-2025-11-09-09.40.19-100x100.png 100w\" sizes=\"auto, (max-width: 150px) 100vw, 150px\" \/><\/a>\n<h3 class=\"pt-cv-title\"><a href=\"https:\/\/audreydelaforge.com\/index.php\/2025\/11\/09\/lhyperfocalisation-lumiere-sur-un-mecanisme-aussi-invisible-quepuisant\/\" class=\"_self\" target=\"_self\" >L\u2019hyperfocalisation : lumi\u00e8re sur un m\u00e9canisme aussi invisible qu\u2019\u00e9puisant<\/a><\/h3><\/div><\/div>\n<div class=\"col-md-6 col-sm-6 col-xs-12 pt-cv-content-item pt-cv-2-col\" ><div class='pt-cv-ifield'><a href=\"https:\/\/audreydelaforge.com\/index.php\/2025\/11\/02\/hyperfocalisation-et-tdah-un-superpouvoir-cerebral-a-canaliser\/\" class=\"_self pt-cv-href-thumbnail pt-cv-thumb-left\" target=\"_self\" ><img loading=\"lazy\" decoding=\"async\" width=\"150\" height=\"150\" src=\"https:\/\/audreydelaforge.com\/wp-content\/uploads\/2025\/11\/Screenshot-2025-11-02-07.54.37-150x150.png\" class=\"pt-cv-thumbnail pull-left\" alt=\"\" srcset=\"https:\/\/audreydelaforge.com\/wp-content\/uploads\/2025\/11\/Screenshot-2025-11-02-07.54.37-150x150.png 150w, https:\/\/audreydelaforge.com\/wp-content\/uploads\/2025\/11\/Screenshot-2025-11-02-07.54.37-100x100.png 100w\" sizes=\"auto, (max-width: 150px) 100vw, 150px\" \/><\/a>\n<h3 class=\"pt-cv-title\"><a href=\"https:\/\/audreydelaforge.com\/index.php\/2025\/11\/02\/hyperfocalisation-et-tdah-un-superpouvoir-cerebral-a-canaliser\/\" class=\"_self\" target=\"_self\" >Hyperfocalisation et TDAH : un superpouvoir c\u00e9r\u00e9bral \u00e0 canaliser<\/a><\/h3><\/div><\/div>\n<div class=\"col-md-6 col-sm-6 col-xs-12 pt-cv-content-item pt-cv-2-col\" ><div class='pt-cv-ifield'><a href=\"https:\/\/audreydelaforge.com\/index.php\/2025\/10\/24\/mener-un-projet-avec-methode-quand-lorthopedagogie-sinvite-dans-lorganisation\/\" class=\"_self pt-cv-href-thumbnail pt-cv-thumb-left\" target=\"_self\" ><img loading=\"lazy\" decoding=\"async\" width=\"150\" height=\"150\" src=\"https:\/\/audreydelaforge.com\/wp-content\/uploads\/2025\/10\/1000030125-1-150x150.jpg\" class=\"pt-cv-thumbnail pull-left\" alt=\"\" srcset=\"https:\/\/audreydelaforge.com\/wp-content\/uploads\/2025\/10\/1000030125-1-150x150.jpg 150w, https:\/\/audreydelaforge.com\/wp-content\/uploads\/2025\/10\/1000030125-1-300x300.jpg 300w, https:\/\/audreydelaforge.com\/wp-content\/uploads\/2025\/10\/1000030125-1-100x100.jpg 100w\" sizes=\"auto, (max-width: 150px) 100vw, 150px\" \/><\/a>\n<h3 class=\"pt-cv-title\"><a href=\"https:\/\/audreydelaforge.com\/index.php\/2025\/10\/24\/mener-un-projet-avec-methode-quand-lorthopedagogie-sinvite-dans-lorganisation\/\" class=\"_self\" target=\"_self\" >Mener un projet avec m\u00e9thode : quand l\u2019orthop\u00e9dagogie s\u2019invite dans l\u2019organisation<\/a><\/h3><\/div><\/div>\n<div class=\"col-md-6 col-sm-6 col-xs-12 pt-cv-content-item pt-cv-2-col\" ><div class='pt-cv-ifield'><a href=\"https:\/\/audreydelaforge.com\/index.php\/2025\/10\/19\/resultats-devaluations-et-si-on-prenait-un-peu-de-recul\/\" class=\"_self pt-cv-href-thumbnail pt-cv-thumb-left\" target=\"_self\" ><img loading=\"lazy\" decoding=\"async\" width=\"150\" height=\"100\" src=\"https:\/\/audreydelaforge.com\/wp-content\/uploads\/2025\/10\/ChatGPT-Image-19-oct.-2025-07_47_45.png\" class=\"pt-cv-thumbnail pull-left\" alt=\"\" srcset=\"https:\/\/audreydelaforge.com\/wp-content\/uploads\/2025\/10\/ChatGPT-Image-19-oct.-2025-07_47_45.png 1536w, https:\/\/audreydelaforge.com\/wp-content\/uploads\/2025\/10\/ChatGPT-Image-19-oct.-2025-07_47_45-300x200.png 300w\" sizes=\"auto, (max-width: 150px) 100vw, 150px\" \/><\/a>\n<h3 class=\"pt-cv-title\"><a href=\"https:\/\/audreydelaforge.com\/index.php\/2025\/10\/19\/resultats-devaluations-et-si-on-prenait-un-peu-de-recul\/\" class=\"_self\" target=\"_self\" >R\u00e9sultats d\u2019\u00e9valuations : et si on prenait un peu de recul ?<\/a><\/h3><\/div><\/div>\n<div class=\"col-md-6 col-sm-6 col-xs-12 pt-cv-content-item pt-cv-2-col\" ><div class='pt-cv-ifield'><a href=\"https:\/\/audreydelaforge.com\/index.php\/2025\/10\/12\/vacances-dautomne-le-moment-cle-pour-mieux-comprendre-les-besoins-de-ton-enfant\/\" class=\"_self pt-cv-href-thumbnail pt-cv-thumb-left\" target=\"_self\" ><img loading=\"lazy\" decoding=\"async\" width=\"150\" height=\"150\" src=\"https:\/\/audreydelaforge.com\/wp-content\/uploads\/2025\/10\/ChatGPT-Image-12-oct.-2025-07_10_18-150x150.png\" class=\"pt-cv-thumbnail pull-left\" alt=\"\" srcset=\"https:\/\/audreydelaforge.com\/wp-content\/uploads\/2025\/10\/ChatGPT-Image-12-oct.-2025-07_10_18-150x150.png 150w, https:\/\/audreydelaforge.com\/wp-content\/uploads\/2025\/10\/ChatGPT-Image-12-oct.-2025-07_10_18-300x300.png 300w, https:\/\/audreydelaforge.com\/wp-content\/uploads\/2025\/10\/ChatGPT-Image-12-oct.-2025-07_10_18-768x768.png 768w, https:\/\/audreydelaforge.com\/wp-content\/uploads\/2025\/10\/ChatGPT-Image-12-oct.-2025-07_10_18.png 1024w\" sizes=\"auto, (max-width: 150px) 100vw, 150px\" \/><\/a>\n<h3 class=\"pt-cv-title\"><a href=\"https:\/\/audreydelaforge.com\/index.php\/2025\/10\/12\/vacances-dautomne-le-moment-cle-pour-mieux-comprendre-les-besoins-de-ton-enfant\/\" class=\"_self\" target=\"_self\" >Vacances d\u2019automne : le moment cl\u00e9 pour mieux comprendre les besoins de ton enfant<\/a><\/h3><\/div><\/div>\n<div class=\"col-md-6 col-sm-6 col-xs-12 pt-cv-content-item pt-cv-2-col\" ><div class='pt-cv-ifield'><a href=\"https:\/\/audreydelaforge.com\/index.php\/2025\/10\/05\/faux-departs-vrais-rebonds-comment-transformer-les-premieres-evaluations-en-moteur-de-progression\/\" class=\"_self pt-cv-href-thumbnail pt-cv-thumb-left\" target=\"_self\" ><img loading=\"lazy\" decoding=\"async\" width=\"150\" height=\"150\" src=\"https:\/\/audreydelaforge.com\/wp-content\/uploads\/2025\/10\/ChatGPT-Image-5-oct.-2025-09_43_58-1-150x150.png\" class=\"pt-cv-thumbnail pull-left\" alt=\"\" srcset=\"https:\/\/audreydelaforge.com\/wp-content\/uploads\/2025\/10\/ChatGPT-Image-5-oct.-2025-09_43_58-1-150x150.png 150w, https:\/\/audreydelaforge.com\/wp-content\/uploads\/2025\/10\/ChatGPT-Image-5-oct.-2025-09_43_58-1-300x300.png 300w, https:\/\/audreydelaforge.com\/wp-content\/uploads\/2025\/10\/ChatGPT-Image-5-oct.-2025-09_43_58-1.png 1024w\" sizes=\"auto, (max-width: 150px) 100vw, 150px\" \/><\/a>\n<h3 class=\"pt-cv-title\"><a href=\"https:\/\/audreydelaforge.com\/index.php\/2025\/10\/05\/faux-departs-vrais-rebonds-comment-transformer-les-premieres-evaluations-en-moteur-de-progression\/\" class=\"_self\" target=\"_self\" >Faux d\u00e9parts, vrais rebonds : comment transformer les premi\u00e8res \u00e9valuations en moteur de progression ?<\/a><\/h3><\/div><\/div>\n<div class=\"col-md-6 col-sm-6 col-xs-12 pt-cv-content-item pt-cv-2-col\" ><div class='pt-cv-ifield'><a href=\"https:\/\/audreydelaforge.com\/index.php\/2025\/09\/28\/evaluations-nationales-ce-que-les-chiffres-ne-disent-pas-et-ce-que-lorthopedagogie-peut-reveler\/\" class=\"_self pt-cv-href-thumbnail pt-cv-thumb-left\" target=\"_self\" ><img loading=\"lazy\" decoding=\"async\" width=\"150\" height=\"100\" src=\"https:\/\/audreydelaforge.com\/wp-content\/uploads\/2025\/09\/ChatGPT-Image-28-sept.-2025-09_26_55.png\" class=\"pt-cv-thumbnail pull-left\" alt=\"\" srcset=\"https:\/\/audreydelaforge.com\/wp-content\/uploads\/2025\/09\/ChatGPT-Image-28-sept.-2025-09_26_55.png 1536w, https:\/\/audreydelaforge.com\/wp-content\/uploads\/2025\/09\/ChatGPT-Image-28-sept.-2025-09_26_55-300x200.png 300w\" sizes=\"auto, (max-width: 150px) 100vw, 150px\" \/><\/a>\n<h3 class=\"pt-cv-title\"><a href=\"https:\/\/audreydelaforge.com\/index.php\/2025\/09\/28\/evaluations-nationales-ce-que-les-chiffres-ne-disent-pas-et-ce-que-lorthopedagogie-peut-reveler\/\" class=\"_self\" target=\"_self\" >\u00c9valuations nationales : ce que les chiffres ne disent pas\u2026 et ce que l\u2019orthop\u00e9dagogie peut r\u00e9v\u00e9ler<\/a><\/h3><\/div><\/div>\n<div class=\"col-md-6 col-sm-6 col-xs-12 pt-cv-content-item pt-cv-2-col\" ><div class='pt-cv-ifield'><a href=\"https:\/\/audreydelaforge.com\/index.php\/2025\/09\/21\/le-role-de-lorthopedagogue-face-aux-decisions-medicales-et-institutionnelles-entre-soutien-clarification-et-respect-du-cadre\/\" class=\"_self pt-cv-href-thumbnail pt-cv-thumb-left\" target=\"_self\" ><img loading=\"lazy\" decoding=\"async\" width=\"150\" height=\"150\" src=\"https:\/\/audreydelaforge.com\/wp-content\/uploads\/2025\/05\/2f86fbee-9ab9-4890-bf4b-c3474acf73b2-150x150.jpeg\" class=\"pt-cv-thumbnail pull-left\" alt=\"\" srcset=\"https:\/\/audreydelaforge.com\/wp-content\/uploads\/2025\/05\/2f86fbee-9ab9-4890-bf4b-c3474acf73b2-150x150.jpeg 150w, https:\/\/audreydelaforge.com\/wp-content\/uploads\/2025\/05\/2f86fbee-9ab9-4890-bf4b-c3474acf73b2-300x300.jpeg 300w, https:\/\/audreydelaforge.com\/wp-content\/uploads\/2025\/05\/2f86fbee-9ab9-4890-bf4b-c3474acf73b2-100x100.jpeg 100w\" sizes=\"auto, (max-width: 150px) 100vw, 150px\" \/><\/a>\n<h3 class=\"pt-cv-title\"><a href=\"https:\/\/audreydelaforge.com\/index.php\/2025\/09\/21\/le-role-de-lorthopedagogue-face-aux-decisions-medicales-et-institutionnelles-entre-soutien-clarification-et-respect-du-cadre\/\" class=\"_self\" target=\"_self\" >Le r\u00f4le de l\u2019orthop\u00e9dagogue face aux d\u00e9cisions m\u00e9dicales et institutionnelles : entre soutien, clarification et respect du cadre<\/a><\/h3><\/div><\/div>\n<div class=\"col-md-6 col-sm-6 col-xs-12 pt-cv-content-item pt-cv-2-col\" ><div class='pt-cv-ifield'><a href=\"https:\/\/audreydelaforge.com\/index.php\/2025\/09\/14\/autonomie-scolaire-comment-un-accompagnement-pas-a-pas-transforme-les-apprentissages\/\" class=\"_self pt-cv-href-thumbnail pt-cv-thumb-left\" target=\"_self\" ><img loading=\"lazy\" decoding=\"async\" width=\"150\" height=\"150\" src=\"https:\/\/audreydelaforge.com\/wp-content\/uploads\/2025\/09\/ChatGPT-Image-14-sept.-2025-11_28_57-1-150x150.png\" class=\"pt-cv-thumbnail pull-left\" alt=\"\" srcset=\"https:\/\/audreydelaforge.com\/wp-content\/uploads\/2025\/09\/ChatGPT-Image-14-sept.-2025-11_28_57-1-150x150.png 150w, https:\/\/audreydelaforge.com\/wp-content\/uploads\/2025\/09\/ChatGPT-Image-14-sept.-2025-11_28_57-1-300x300.png 300w, https:\/\/audreydelaforge.com\/wp-content\/uploads\/2025\/09\/ChatGPT-Image-14-sept.-2025-11_28_57-1.png 1024w\" sizes=\"auto, (max-width: 150px) 100vw, 150px\" \/><\/a>\n<h3 class=\"pt-cv-title\"><a href=\"https:\/\/audreydelaforge.com\/index.php\/2025\/09\/14\/autonomie-scolaire-comment-un-accompagnement-pas-a-pas-transforme-les-apprentissages\/\" class=\"_self\" target=\"_self\" >Autonomie scolaire : comment un accompagnement pas \u00e0 pas transforme les apprentissages<\/a><\/h3><\/div><\/div>\n<div class=\"col-md-6 col-sm-6 col-xs-12 pt-cv-content-item pt-cv-2-col\" ><div class='pt-cv-ifield'><a href=\"https:\/\/audreydelaforge.com\/index.php\/2025\/07\/20\/vacances-scolaires-et-si-on-en-profitait-pour-muscler-les-competences-invisibles\/\" class=\"_self pt-cv-href-thumbnail pt-cv-thumb-left\" target=\"_self\" ><img loading=\"lazy\" decoding=\"async\" width=\"100\" height=\"150\" src=\"https:\/\/audreydelaforge.com\/wp-content\/uploads\/2025\/07\/ChatGPT-Image-20-juil.-2025-08_09_29.png\" class=\"pt-cv-thumbnail pull-left\" alt=\"\" srcset=\"https:\/\/audreydelaforge.com\/wp-content\/uploads\/2025\/07\/ChatGPT-Image-20-juil.-2025-08_09_29.png 1024w, https:\/\/audreydelaforge.com\/wp-content\/uploads\/2025\/07\/ChatGPT-Image-20-juil.-2025-08_09_29-200x300.png 200w\" sizes=\"auto, (max-width: 100px) 100vw, 100px\" \/><\/a>\n<h3 class=\"pt-cv-title\"><a href=\"https:\/\/audreydelaforge.com\/index.php\/2025\/07\/20\/vacances-scolaires-et-si-on-en-profitait-pour-muscler-les-competences-invisibles\/\" class=\"_self\" target=\"_self\" >Vacances scolaires : et si on en profitait pour muscler les comp\u00e9tences invisibles ?<\/a><\/h3><\/div><\/div>\n<div class=\"col-md-6 col-sm-6 col-xs-12 pt-cv-content-item pt-cv-2-col\" ><div class='pt-cv-ifield'><a href=\"https:\/\/audreydelaforge.com\/index.php\/2025\/07\/13\/accompagner-un-eleve-tdah-au-dela-des-methodes-toutes-faites-la-force-dun-regard-professionnel\/\" class=\"_self pt-cv-href-thumbnail pt-cv-thumb-left\" target=\"_self\" ><img loading=\"lazy\" decoding=\"async\" width=\"150\" height=\"150\" src=\"https:\/\/audreydelaforge.com\/wp-content\/uploads\/2025\/07\/ChatGPT-Image-13-juil.-2025-08_28_08-150x150.png\" class=\"pt-cv-thumbnail pull-left\" alt=\"\" srcset=\"https:\/\/audreydelaforge.com\/wp-content\/uploads\/2025\/07\/ChatGPT-Image-13-juil.-2025-08_28_08-150x150.png 150w, https:\/\/audreydelaforge.com\/wp-content\/uploads\/2025\/07\/ChatGPT-Image-13-juil.-2025-08_28_08-300x300.png 300w, https:\/\/audreydelaforge.com\/wp-content\/uploads\/2025\/07\/ChatGPT-Image-13-juil.-2025-08_28_08-768x768.png 768w, https:\/\/audreydelaforge.com\/wp-content\/uploads\/2025\/07\/ChatGPT-Image-13-juil.-2025-08_28_08.png 1024w\" sizes=\"auto, (max-width: 150px) 100vw, 150px\" \/><\/a>\n<h3 class=\"pt-cv-title\"><a href=\"https:\/\/audreydelaforge.com\/index.php\/2025\/07\/13\/accompagner-un-eleve-tdah-au-dela-des-methodes-toutes-faites-la-force-dun-regard-professionnel\/\" class=\"_self\" target=\"_self\" >Accompagner un \u00e9l\u00e8ve TDAH : au-del\u00e0 des m\u00e9thodes toutes faites, la force d\u2019un regard professionnel<\/a><\/h3><\/div><\/div>\n<div class=\"col-md-6 col-sm-6 col-xs-12 pt-cv-content-item pt-cv-2-col\" ><div class='pt-cv-ifield'><a href=\"https:\/\/audreydelaforge.com\/index.php\/2025\/07\/06\/tdah-et-mauvaise-education-pourquoi-lidee-recue-persiste-et-que-disent-les-neurosciences\/\" class=\"_self pt-cv-href-thumbnail pt-cv-thumb-left\" target=\"_self\" ><img loading=\"lazy\" decoding=\"async\" width=\"150\" height=\"150\" src=\"https:\/\/audreydelaforge.com\/wp-content\/uploads\/2025\/07\/ChatGPT-Image-6-juil.-2025-07_44_24-150x150.png\" class=\"pt-cv-thumbnail pull-left\" alt=\"\" \/><\/a>\n<h3 class=\"pt-cv-title\"><a href=\"https:\/\/audreydelaforge.com\/index.php\/2025\/07\/06\/tdah-et-mauvaise-education-pourquoi-lidee-recue-persiste-et-que-disent-les-neurosciences\/\" class=\"_self\" target=\"_self\" >TDAH et mauvaise \u00e9ducation\u202f: pourquoi l\u2019id\u00e9e re\u00e7ue persiste et que disent les neurosciences<\/a><\/h3><\/div><\/div>\n<div class=\"col-md-6 col-sm-6 col-xs-12 pt-cv-content-item pt-cv-2-col\" ><div class='pt-cv-ifield'><a href=\"https:\/\/audreydelaforge.com\/index.php\/2025\/06\/28\/apprendre-autrement-pendant-les-vacances-5-leviers-pour-nourrir-la-curiosite-et-lautonomie\/\" class=\"_self pt-cv-href-thumbnail pt-cv-thumb-left\" target=\"_self\" ><img loading=\"lazy\" decoding=\"async\" width=\"150\" height=\"150\" src=\"https:\/\/audreydelaforge.com\/wp-content\/uploads\/2025\/06\/ChatGPT-Image-28-juin-2025-08_05_46-150x150.png\" class=\"pt-cv-thumbnail pull-left\" alt=\"\" srcset=\"https:\/\/audreydelaforge.com\/wp-content\/uploads\/2025\/06\/ChatGPT-Image-28-juin-2025-08_05_46-150x150.png 150w, https:\/\/audreydelaforge.com\/wp-content\/uploads\/2025\/06\/ChatGPT-Image-28-juin-2025-08_05_46-300x300.png 300w, https:\/\/audreydelaforge.com\/wp-content\/uploads\/2025\/06\/ChatGPT-Image-28-juin-2025-08_05_46-100x100.png 100w\" sizes=\"auto, (max-width: 150px) 100vw, 150px\" \/><\/a>\n<h3 class=\"pt-cv-title\"><a href=\"https:\/\/audreydelaforge.com\/index.php\/2025\/06\/28\/apprendre-autrement-pendant-les-vacances-5-leviers-pour-nourrir-la-curiosite-et-lautonomie\/\" class=\"_self\" target=\"_self\" >Apprendre autrement pendant les vacances : 5 leviers pour nourrir la curiosit\u00e9 et l&rsquo;autonomie<\/a><\/h3><\/div><\/div>\n<div class=\"col-md-6 col-sm-6 col-xs-12 pt-cv-content-item pt-cv-2-col\" ><div class='pt-cv-ifield'><a href=\"https:\/\/audreydelaforge.com\/index.php\/2025\/06\/21\/le-tdah-nest-pas-une-mode-comprendre-accompagner-et-outiller-avec-bienveillance\/\" class=\"_self pt-cv-href-thumbnail pt-cv-thumb-left\" target=\"_self\" ><img loading=\"lazy\" decoding=\"async\" width=\"150\" height=\"150\" src=\"https:\/\/audreydelaforge.com\/wp-content\/uploads\/2025\/06\/ChatGPT-Image-21-juin-2025-06_32_14-150x150.png\" class=\"pt-cv-thumbnail pull-left\" alt=\"\" srcset=\"https:\/\/audreydelaforge.com\/wp-content\/uploads\/2025\/06\/ChatGPT-Image-21-juin-2025-06_32_14-150x150.png 150w, https:\/\/audreydelaforge.com\/wp-content\/uploads\/2025\/06\/ChatGPT-Image-21-juin-2025-06_32_14-300x300.png 300w, https:\/\/audreydelaforge.com\/wp-content\/uploads\/2025\/06\/ChatGPT-Image-21-juin-2025-06_32_14-768x768.png 768w, https:\/\/audreydelaforge.com\/wp-content\/uploads\/2025\/06\/ChatGPT-Image-21-juin-2025-06_32_14.png 1024w\" sizes=\"auto, (max-width: 150px) 100vw, 150px\" \/><\/a>\n<h3 class=\"pt-cv-title\"><a href=\"https:\/\/audreydelaforge.com\/index.php\/2025\/06\/21\/le-tdah-nest-pas-une-mode-comprendre-accompagner-et-outiller-avec-bienveillance\/\" class=\"_self\" target=\"_self\" >Le TDAH n\u2019est pas une mode \u2013 comprendre, accompagner, et outiller avec bienveillance<\/a><\/h3><\/div><\/div>\n<div class=\"col-md-6 col-sm-6 col-xs-12 pt-cv-content-item pt-cv-2-col\" ><div class='pt-cv-ifield'><a href=\"https:\/\/audreydelaforge.com\/index.php\/2025\/06\/14\/tdah-quand-tout-devient-excessif-comprendre-les-mises-en-danger-invisibles\/\" class=\"_self pt-cv-href-thumbnail pt-cv-thumb-left\" target=\"_self\" ><img loading=\"lazy\" decoding=\"async\" width=\"150\" height=\"150\" src=\"https:\/\/audreydelaforge.com\/wp-content\/uploads\/2025\/06\/ChatGPT-Image-14-juin-2025-09_01_53-150x150.png\" class=\"pt-cv-thumbnail pull-left\" alt=\"\" srcset=\"https:\/\/audreydelaforge.com\/wp-content\/uploads\/2025\/06\/ChatGPT-Image-14-juin-2025-09_01_53-150x150.png 150w, https:\/\/audreydelaforge.com\/wp-content\/uploads\/2025\/06\/ChatGPT-Image-14-juin-2025-09_01_53-300x300.png 300w, https:\/\/audreydelaforge.com\/wp-content\/uploads\/2025\/06\/ChatGPT-Image-14-juin-2025-09_01_53-100x100.png 100w\" sizes=\"auto, (max-width: 150px) 100vw, 150px\" \/><\/a>\n<h3 class=\"pt-cv-title\"><a href=\"https:\/\/audreydelaforge.com\/index.php\/2025\/06\/14\/tdah-quand-tout-devient-excessif-comprendre-les-mises-en-danger-invisibles\/\" class=\"_self\" target=\"_self\" >TDAH : quand tout devient excessif \u2013 comprendre les mises en danger invisibles<\/a><\/h3><\/div><\/div>\n<div class=\"col-md-6 col-sm-6 col-xs-12 pt-cv-content-item pt-cv-2-col\" ><div class='pt-cv-ifield'><a href=\"https:\/\/audreydelaforge.com\/index.php\/2025\/06\/07\/tdah-et-dopamine-comprendre-enfin-ce-qui-se-passe-dans-le-cerveau-de-ton-enfant\/\" class=\"_self pt-cv-href-thumbnail pt-cv-thumb-left\" target=\"_self\" ><img loading=\"lazy\" decoding=\"async\" width=\"100\" height=\"150\" src=\"https:\/\/audreydelaforge.com\/wp-content\/uploads\/2025\/06\/ChatGPT-Image-7-juin-2025-09_11_50-1.png\" class=\"pt-cv-thumbnail pull-left\" alt=\"\" srcset=\"https:\/\/audreydelaforge.com\/wp-content\/uploads\/2025\/06\/ChatGPT-Image-7-juin-2025-09_11_50-1.png 1024w, https:\/\/audreydelaforge.com\/wp-content\/uploads\/2025\/06\/ChatGPT-Image-7-juin-2025-09_11_50-1-200x300.png 200w\" sizes=\"auto, (max-width: 100px) 100vw, 100px\" \/><\/a>\n<h3 class=\"pt-cv-title\"><a href=\"https:\/\/audreydelaforge.com\/index.php\/2025\/06\/07\/tdah-et-dopamine-comprendre-enfin-ce-qui-se-passe-dans-le-cerveau-de-ton-enfant\/\" class=\"_self\" target=\"_self\" >TDAH et dopamine : pourquoi ton enfant a du mal \u00e0 se concentrer (et comment l\u2019aider)<\/a><\/h3><\/div><\/div>\n<div class=\"col-md-6 col-sm-6 col-xs-12 pt-cv-content-item pt-cv-2-col\" ><div class='pt-cv-ifield'><a href=\"https:\/\/audreydelaforge.com\/index.php\/2025\/05\/29\/comprendre-le-tdah-sortir-des-idees-recues-mieux-accompagner\/\" class=\"_self pt-cv-href-thumbnail pt-cv-thumb-left\" target=\"_self\" ><img loading=\"lazy\" decoding=\"async\" width=\"150\" height=\"150\" src=\"https:\/\/audreydelaforge.com\/wp-content\/uploads\/2025\/05\/ChatGPT-Image-29-mai-2025-10_09_44-150x150.png\" class=\"pt-cv-thumbnail pull-left\" alt=\"\" srcset=\"https:\/\/audreydelaforge.com\/wp-content\/uploads\/2025\/05\/ChatGPT-Image-29-mai-2025-10_09_44-150x150.png 150w, https:\/\/audreydelaforge.com\/wp-content\/uploads\/2025\/05\/ChatGPT-Image-29-mai-2025-10_09_44-300x300.png 300w, https:\/\/audreydelaforge.com\/wp-content\/uploads\/2025\/05\/ChatGPT-Image-29-mai-2025-10_09_44-768x768.png 768w, https:\/\/audreydelaforge.com\/wp-content\/uploads\/2025\/05\/ChatGPT-Image-29-mai-2025-10_09_44-600x600.png 600w, https:\/\/audreydelaforge.com\/wp-content\/uploads\/2025\/05\/ChatGPT-Image-29-mai-2025-10_09_44-100x100.png 100w, https:\/\/audreydelaforge.com\/wp-content\/uploads\/2025\/05\/ChatGPT-Image-29-mai-2025-10_09_44.png 1024w\" sizes=\"auto, (max-width: 150px) 100vw, 150px\" \/><\/a>\n<h3 class=\"pt-cv-title\"><a href=\"https:\/\/audreydelaforge.com\/index.php\/2025\/05\/29\/comprendre-le-tdah-sortir-des-idees-recues-mieux-accompagner\/\" class=\"_self\" target=\"_self\" >Comprendre le TDAH : sortir des id\u00e9es re\u00e7ues, mieux accompagner<\/a><\/h3><\/div><\/div>\n<div class=\"col-md-6 col-sm-6 col-xs-12 pt-cv-content-item pt-cv-2-col\" ><div class='pt-cv-ifield'><a href=\"https:\/\/audreydelaforge.com\/index.php\/2025\/05\/25\/ce-que-lorthopedagogie-peut-changer-pour-une-personne-avec-tdah-un-levier-concret-pour-mieux-apprendre\/\" class=\"_self pt-cv-href-thumbnail pt-cv-thumb-left\" target=\"_self\" ><img loading=\"lazy\" decoding=\"async\" width=\"150\" height=\"150\" src=\"https:\/\/audreydelaforge.com\/wp-content\/uploads\/2025\/05\/ChatGPT-Image-25-mai-2025-07_59_56-150x150.png\" class=\"pt-cv-thumbnail pull-left\" alt=\"\" srcset=\"https:\/\/audreydelaforge.com\/wp-content\/uploads\/2025\/05\/ChatGPT-Image-25-mai-2025-07_59_56-150x150.png 150w, https:\/\/audreydelaforge.com\/wp-content\/uploads\/2025\/05\/ChatGPT-Image-25-mai-2025-07_59_56-300x300.png 300w, https:\/\/audreydelaforge.com\/wp-content\/uploads\/2025\/05\/ChatGPT-Image-25-mai-2025-07_59_56-768x768.png 768w, https:\/\/audreydelaforge.com\/wp-content\/uploads\/2025\/05\/ChatGPT-Image-25-mai-2025-07_59_56.png 1024w\" sizes=\"auto, (max-width: 150px) 100vw, 150px\" \/><\/a>\n<h3 class=\"pt-cv-title\"><a href=\"https:\/\/audreydelaforge.com\/index.php\/2025\/05\/25\/ce-que-lorthopedagogie-peut-changer-pour-une-personne-avec-tdah-un-levier-concret-pour-mieux-apprendre\/\" class=\"_self\" target=\"_self\" >Ce que l\u2019orthop\u00e9dagogie peut changer pour une personne avec TDAH : un levier concret pour mieux apprendre<\/a><\/h3><\/div><\/div>\n<div class=\"col-md-6 col-sm-6 col-xs-12 pt-cv-content-item pt-cv-2-col\" ><div class='pt-cv-ifield'><a href=\"https:\/\/audreydelaforge.com\/index.php\/2025\/05\/25\/tdah-comment-lorthopedagogue-devient-un-allie-au-quotidien\/\" class=\"_self pt-cv-href-thumbnail pt-cv-thumb-left\" target=\"_self\" ><img loading=\"lazy\" decoding=\"async\" width=\"150\" height=\"150\" src=\"https:\/\/audreydelaforge.com\/wp-content\/uploads\/2025\/05\/ChatGPT-Image-25-mai-2025-07_38_39-150x150.png\" class=\"pt-cv-thumbnail pull-left\" alt=\"\" srcset=\"https:\/\/audreydelaforge.com\/wp-content\/uploads\/2025\/05\/ChatGPT-Image-25-mai-2025-07_38_39-150x150.png 150w, https:\/\/audreydelaforge.com\/wp-content\/uploads\/2025\/05\/ChatGPT-Image-25-mai-2025-07_38_39-300x300.png 300w, https:\/\/audreydelaforge.com\/wp-content\/uploads\/2025\/05\/ChatGPT-Image-25-mai-2025-07_38_39-768x768.png 768w, https:\/\/audreydelaforge.com\/wp-content\/uploads\/2025\/05\/ChatGPT-Image-25-mai-2025-07_38_39.png 1024w\" sizes=\"auto, (max-width: 150px) 100vw, 150px\" \/><\/a>\n<h3 class=\"pt-cv-title\"><a href=\"https:\/\/audreydelaforge.com\/index.php\/2025\/05\/25\/tdah-comment-lorthopedagogue-devient-un-allie-au-quotidien\/\" class=\"_self\" target=\"_self\" >TDAH : comment l\u2019orthop\u00e9dagogue devient un alli\u00e9 au quotidien<\/a><\/h3><\/div><\/div>\n<div class=\"col-md-6 col-sm-6 col-xs-12 pt-cv-content-item pt-cv-2-col\" ><div class='pt-cv-ifield'><a href=\"https:\/\/audreydelaforge.com\/index.php\/2025\/05\/17\/mieux-accompagner-les-apprentissages-le-trio-gagnant-metacognition-fonctions-executives-et-charge-cognitive\/\" class=\"_self pt-cv-href-thumbnail pt-cv-thumb-left\" target=\"_self\" ><img loading=\"lazy\" decoding=\"async\" width=\"150\" height=\"100\" src=\"https:\/\/audreydelaforge.com\/wp-content\/uploads\/2025\/05\/ChatGPT-Image-17-mai-2025-07_59_10-1.png\" class=\"pt-cv-thumbnail pull-left\" alt=\"\" srcset=\"https:\/\/audreydelaforge.com\/wp-content\/uploads\/2025\/05\/ChatGPT-Image-17-mai-2025-07_59_10-1.png 1536w, https:\/\/audreydelaforge.com\/wp-content\/uploads\/2025\/05\/ChatGPT-Image-17-mai-2025-07_59_10-1-300x200.png 300w\" sizes=\"auto, (max-width: 150px) 100vw, 150px\" \/><\/a>\n<h3 class=\"pt-cv-title\"><a href=\"https:\/\/audreydelaforge.com\/index.php\/2025\/05\/17\/mieux-accompagner-les-apprentissages-le-trio-gagnant-metacognition-fonctions-executives-et-charge-cognitive\/\" class=\"_self\" target=\"_self\" >Mieux accompagner les apprentissages : le trio gagnant m\u00e9tacognition, fonctions ex\u00e9cutives et charge cognitive<\/a><\/h3><\/div><\/div>\n<div class=\"col-md-6 col-sm-6 col-xs-12 pt-cv-content-item pt-cv-2-col\" ><div class='pt-cv-ifield'><a href=\"https:\/\/audreydelaforge.com\/index.php\/2025\/05\/10\/reunir-pour-mieux-accompagner-le-role-de-lorthopedagogue-dans-les-equipes-educatives-et-les-ess\/\" class=\"_self pt-cv-href-thumbnail pt-cv-thumb-left\" target=\"_self\" ><img loading=\"lazy\" decoding=\"async\" width=\"150\" height=\"150\" src=\"https:\/\/audreydelaforge.com\/wp-content\/uploads\/2025\/05\/10-mai-2025-08_34_02-150x150.png\" class=\"pt-cv-thumbnail pull-left\" alt=\"\" srcset=\"https:\/\/audreydelaforge.com\/wp-content\/uploads\/2025\/05\/10-mai-2025-08_34_02-150x150.png 150w, https:\/\/audreydelaforge.com\/wp-content\/uploads\/2025\/05\/10-mai-2025-08_34_02-300x300.png 300w, https:\/\/audreydelaforge.com\/wp-content\/uploads\/2025\/05\/10-mai-2025-08_34_02-768x768.png 768w, https:\/\/audreydelaforge.com\/wp-content\/uploads\/2025\/05\/10-mai-2025-08_34_02.png 1024w\" sizes=\"auto, (max-width: 150px) 100vw, 150px\" \/><\/a>\n<h3 class=\"pt-cv-title\"><a href=\"https:\/\/audreydelaforge.com\/index.php\/2025\/05\/10\/reunir-pour-mieux-accompagner-le-role-de-lorthopedagogue-dans-les-equipes-educatives-et-les-ess\/\" class=\"_self\" target=\"_self\" >R\u00e9unir pour mieux accompagner : le r\u00f4le de l\u2019orthop\u00e9dagogue dans les \u00e9quipes \u00e9ducatives et les ESS<\/a><\/h3><\/div><\/div>\n<div class=\"col-md-6 col-sm-6 col-xs-12 pt-cv-content-item pt-cv-2-col\" ><div class='pt-cv-ifield'><a href=\"https:\/\/audreydelaforge.com\/index.php\/2025\/05\/03\/deconstruire-un-mythe-intelligence-reussite-scolaire\/\" class=\"_self pt-cv-href-thumbnail pt-cv-thumb-left\" target=\"_self\" ><img loading=\"lazy\" decoding=\"async\" width=\"100\" height=\"150\" src=\"https:\/\/audreydelaforge.com\/wp-content\/uploads\/2025\/05\/ChatGPT-Image-3-mai-2025-09_43_47.png\" class=\"pt-cv-thumbnail pull-left\" alt=\"\" srcset=\"https:\/\/audreydelaforge.com\/wp-content\/uploads\/2025\/05\/ChatGPT-Image-3-mai-2025-09_43_47.png 1024w, https:\/\/audreydelaforge.com\/wp-content\/uploads\/2025\/05\/ChatGPT-Image-3-mai-2025-09_43_47-200x300.png 200w\" sizes=\"auto, (max-width: 100px) 100vw, 100px\" \/><\/a>\n<h3 class=\"pt-cv-title\"><a href=\"https:\/\/audreydelaforge.com\/index.php\/2025\/05\/03\/deconstruire-un-mythe-intelligence-reussite-scolaire\/\" class=\"_self\" target=\"_self\" >D\u00e9construire un mythe : intelligence = r\u00e9ussite scolaire ?<\/a><\/h3><\/div><\/div>\n<div class=\"col-md-6 col-sm-6 col-xs-12 pt-cv-content-item pt-cv-2-col\" ><div class='pt-cv-ifield'><a href=\"https:\/\/audreydelaforge.com\/index.php\/2025\/04\/26\/comment-accompagner-un-enfant-avec-tdah-dans-ses-devoirs-5-strategies-pratiques-a-connaitre\/\" class=\"_self pt-cv-href-thumbnail pt-cv-thumb-left\" target=\"_self\" ><img loading=\"lazy\" decoding=\"async\" width=\"150\" height=\"150\" src=\"https:\/\/audreydelaforge.com\/wp-content\/uploads\/2025\/04\/ChatGPT-Image-26-avr.-2025-10_50_21-150x150.png\" class=\"pt-cv-thumbnail pull-left\" alt=\"\" srcset=\"https:\/\/audreydelaforge.com\/wp-content\/uploads\/2025\/04\/ChatGPT-Image-26-avr.-2025-10_50_21-150x150.png 150w, https:\/\/audreydelaforge.com\/wp-content\/uploads\/2025\/04\/ChatGPT-Image-26-avr.-2025-10_50_21-300x300.png 300w, https:\/\/audreydelaforge.com\/wp-content\/uploads\/2025\/04\/ChatGPT-Image-26-avr.-2025-10_50_21-768x768.png 768w, https:\/\/audreydelaforge.com\/wp-content\/uploads\/2025\/04\/ChatGPT-Image-26-avr.-2025-10_50_21-600x600.png 600w, https:\/\/audreydelaforge.com\/wp-content\/uploads\/2025\/04\/ChatGPT-Image-26-avr.-2025-10_50_21-100x100.png 100w, https:\/\/audreydelaforge.com\/wp-content\/uploads\/2025\/04\/ChatGPT-Image-26-avr.-2025-10_50_21.png 1024w\" sizes=\"auto, (max-width: 150px) 100vw, 150px\" \/><\/a>\n<h3 class=\"pt-cv-title\"><a href=\"https:\/\/audreydelaforge.com\/index.php\/2025\/04\/26\/comment-accompagner-un-enfant-avec-tdah-dans-ses-devoirs-5-strategies-pratiques-a-connaitre\/\" class=\"_self\" target=\"_self\" >Comment accompagner un enfant avec TDAH dans ses devoirs ? 5 strat\u00e9gies pratiques \u00e0 conna\u00eetre<\/a><\/h3><\/div><\/div>\n<div class=\"col-md-6 col-sm-6 col-xs-12 pt-cv-content-item pt-cv-2-col\" ><div class='pt-cv-ifield'><a href=\"https:\/\/audreydelaforge.com\/index.php\/2025\/04\/16\/orthopedagogue-un-metier-a-comprendre-reconnaitre-et-valoriser\/\" class=\"_self pt-cv-href-thumbnail pt-cv-thumb-left\" target=\"_self\" ><img loading=\"lazy\" decoding=\"async\" width=\"150\" height=\"150\" src=\"https:\/\/audreydelaforge.com\/wp-content\/uploads\/2025\/04\/DALL\u00b7E-2025-04-16-12.03.40-An-illustration-showing-an-orthopedagogue-collaborating-with-other-professionals-\u2014-a-teacher-a-speech-therapist-and-a-psychologist-\u2014-around-a-large--150x150.webp\" class=\"pt-cv-thumbnail pull-left\" alt=\"\" srcset=\"https:\/\/audreydelaforge.com\/wp-content\/uploads\/2025\/04\/DALL\u00b7E-2025-04-16-12.03.40-An-illustration-showing-an-orthopedagogue-collaborating-with-other-professionals-\u2014-a-teacher-a-speech-therapist-and-a-psychologist-\u2014-around-a-large--150x150.webp 150w, https:\/\/audreydelaforge.com\/wp-content\/uploads\/2025\/04\/DALL\u00b7E-2025-04-16-12.03.40-An-illustration-showing-an-orthopedagogue-collaborating-with-other-professionals-\u2014-a-teacher-a-speech-therapist-and-a-psychologist-\u2014-around-a-large--300x300.webp 300w, https:\/\/audreydelaforge.com\/wp-content\/uploads\/2025\/04\/DALL\u00b7E-2025-04-16-12.03.40-An-illustration-showing-an-orthopedagogue-collaborating-with-other-professionals-\u2014-a-teacher-a-speech-therapist-and-a-psychologist-\u2014-around-a-large--768x768.webp 768w, https:\/\/audreydelaforge.com\/wp-content\/uploads\/2025\/04\/DALL\u00b7E-2025-04-16-12.03.40-An-illustration-showing-an-orthopedagogue-collaborating-with-other-professionals-\u2014-a-teacher-a-speech-therapist-and-a-psychologist-\u2014-around-a-large--600x600.webp 600w, https:\/\/audreydelaforge.com\/wp-content\/uploads\/2025\/04\/DALL\u00b7E-2025-04-16-12.03.40-An-illustration-showing-an-orthopedagogue-collaborating-with-other-professionals-\u2014-a-teacher-a-speech-therapist-and-a-psychologist-\u2014-around-a-large--100x100.webp 100w, https:\/\/audreydelaforge.com\/wp-content\/uploads\/2025\/04\/DALL\u00b7E-2025-04-16-12.03.40-An-illustration-showing-an-orthopedagogue-collaborating-with-other-professionals-\u2014-a-teacher-a-speech-therapist-and-a-psychologist-\u2014-around-a-large-.webp 1024w\" sizes=\"auto, (max-width: 150px) 100vw, 150px\" \/><\/a>\n<h3 class=\"pt-cv-title\"><a href=\"https:\/\/audreydelaforge.com\/index.php\/2025\/04\/16\/orthopedagogue-un-metier-a-comprendre-reconnaitre-et-valoriser\/\" class=\"_self\" target=\"_self\" >Orthop\u00e9dagogue : un m\u00e9tier \u00e0 comprendre, reconna\u00eetre et valoriser<\/a><\/h3><\/div><\/div>\n<div class=\"col-md-6 col-sm-6 col-xs-12 pt-cv-content-item pt-cv-2-col\" ><div class='pt-cv-ifield'><a href=\"https:\/\/audreydelaforge.com\/index.php\/2025\/04\/12\/tdah-et-apprentissages-7-leviers-concrets-pour-un-accompagnement-efficace-en-orthopedagogie\/\" class=\"_self pt-cv-href-thumbnail pt-cv-thumb-left\" target=\"_self\" ><img loading=\"lazy\" decoding=\"async\" width=\"150\" height=\"150\" src=\"https:\/\/audreydelaforge.com\/wp-content\/uploads\/2025\/04\/DALL\u00b7E-2025-04-12-06.15.58-A-realistic-and-heartwarming-educational-illustration-for-a-French-speaking-audience.-The-image-shows-a-calm-natural-environment-with-a-path-made-of--150x150.webp\" class=\"pt-cv-thumbnail pull-left\" alt=\"\" srcset=\"https:\/\/audreydelaforge.com\/wp-content\/uploads\/2025\/04\/DALL\u00b7E-2025-04-12-06.15.58-A-realistic-and-heartwarming-educational-illustration-for-a-French-speaking-audience.-The-image-shows-a-calm-natural-environment-with-a-path-made-of--150x150.webp 150w, https:\/\/audreydelaforge.com\/wp-content\/uploads\/2025\/04\/DALL\u00b7E-2025-04-12-06.15.58-A-realistic-and-heartwarming-educational-illustration-for-a-French-speaking-audience.-The-image-shows-a-calm-natural-environment-with-a-path-made-of--300x300.webp 300w, https:\/\/audreydelaforge.com\/wp-content\/uploads\/2025\/04\/DALL\u00b7E-2025-04-12-06.15.58-A-realistic-and-heartwarming-educational-illustration-for-a-French-speaking-audience.-The-image-shows-a-calm-natural-environment-with-a-path-made-of--768x768.webp 768w, https:\/\/audreydelaforge.com\/wp-content\/uploads\/2025\/04\/DALL\u00b7E-2025-04-12-06.15.58-A-realistic-and-heartwarming-educational-illustration-for-a-French-speaking-audience.-The-image-shows-a-calm-natural-environment-with-a-path-made-of--600x600.webp 600w, https:\/\/audreydelaforge.com\/wp-content\/uploads\/2025\/04\/DALL\u00b7E-2025-04-12-06.15.58-A-realistic-and-heartwarming-educational-illustration-for-a-French-speaking-audience.-The-image-shows-a-calm-natural-environment-with-a-path-made-of--100x100.webp 100w, https:\/\/audreydelaforge.com\/wp-content\/uploads\/2025\/04\/DALL\u00b7E-2025-04-12-06.15.58-A-realistic-and-heartwarming-educational-illustration-for-a-French-speaking-audience.-The-image-shows-a-calm-natural-environment-with-a-path-made-of-.webp 1024w\" sizes=\"auto, (max-width: 150px) 100vw, 150px\" \/><\/a>\n<h3 class=\"pt-cv-title\"><a href=\"https:\/\/audreydelaforge.com\/index.php\/2025\/04\/12\/tdah-et-apprentissages-7-leviers-concrets-pour-un-accompagnement-efficace-en-orthopedagogie\/\" class=\"_self\" target=\"_self\" >TDAH et apprentissages : 7 leviers concrets pour un accompagnement efficace en orthop\u00e9dagogie<\/a><\/h3><\/div><\/div>\n<div class=\"col-md-6 col-sm-6 col-xs-12 pt-cv-content-item pt-cv-2-col\" ><div class='pt-cv-ifield'><a href=\"https:\/\/audreydelaforge.com\/index.php\/2025\/04\/06\/comment-construire-un-plan-de-revision-efficace-avec-son-enfant-methode-outils-et-accompagnement-orthopedagogique-%f0%9f%a7%a0\/\" class=\"_self pt-cv-href-thumbnail pt-cv-thumb-left\" target=\"_self\" ><img loading=\"lazy\" decoding=\"async\" width=\"150\" height=\"150\" src=\"https:\/\/audreydelaforge.com\/wp-content\/uploads\/2025\/04\/DALL\u00b7E-2025-04-06-08.14.39-A-warm-and-educational-scene-of-a-parent-and-a-14-year-old-teenager-sitting-together-at-a-kitchen-table-working-on-a-colorful-revision-schedule-for-t-150x150.webp\" class=\"pt-cv-thumbnail pull-left\" alt=\"\" srcset=\"https:\/\/audreydelaforge.com\/wp-content\/uploads\/2025\/04\/DALL\u00b7E-2025-04-06-08.14.39-A-warm-and-educational-scene-of-a-parent-and-a-14-year-old-teenager-sitting-together-at-a-kitchen-table-working-on-a-colorful-revision-schedule-for-t-150x150.webp 150w, https:\/\/audreydelaforge.com\/wp-content\/uploads\/2025\/04\/DALL\u00b7E-2025-04-06-08.14.39-A-warm-and-educational-scene-of-a-parent-and-a-14-year-old-teenager-sitting-together-at-a-kitchen-table-working-on-a-colorful-revision-schedule-for-t-300x300.webp 300w, https:\/\/audreydelaforge.com\/wp-content\/uploads\/2025\/04\/DALL\u00b7E-2025-04-06-08.14.39-A-warm-and-educational-scene-of-a-parent-and-a-14-year-old-teenager-sitting-together-at-a-kitchen-table-working-on-a-colorful-revision-schedule-for-t-768x768.webp 768w, https:\/\/audreydelaforge.com\/wp-content\/uploads\/2025\/04\/DALL\u00b7E-2025-04-06-08.14.39-A-warm-and-educational-scene-of-a-parent-and-a-14-year-old-teenager-sitting-together-at-a-kitchen-table-working-on-a-colorful-revision-schedule-for-t-600x600.webp 600w, https:\/\/audreydelaforge.com\/wp-content\/uploads\/2025\/04\/DALL\u00b7E-2025-04-06-08.14.39-A-warm-and-educational-scene-of-a-parent-and-a-14-year-old-teenager-sitting-together-at-a-kitchen-table-working-on-a-colorful-revision-schedule-for-t-100x100.webp 100w, https:\/\/audreydelaforge.com\/wp-content\/uploads\/2025\/04\/DALL\u00b7E-2025-04-06-08.14.39-A-warm-and-educational-scene-of-a-parent-and-a-14-year-old-teenager-sitting-together-at-a-kitchen-table-working-on-a-colorful-revision-schedule-for-t.webp 1024w\" sizes=\"auto, (max-width: 150px) 100vw, 150px\" \/><\/a>\n<h3 class=\"pt-cv-title\"><a href=\"https:\/\/audreydelaforge.com\/index.php\/2025\/04\/06\/comment-construire-un-plan-de-revision-efficace-avec-son-enfant-methode-outils-et-accompagnement-orthopedagogique-%f0%9f%a7%a0\/\" class=\"_self\" target=\"_self\" >Comment construire un plan de r\u00e9vision efficace avec son enfant : m\u00e9thode, outils et accompagnement orthop\u00e9dagogique \ud83e\udde0<\/a><\/h3><\/div><\/div>\n<div class=\"col-md-6 col-sm-6 col-xs-12 pt-cv-content-item pt-cv-2-col\" ><div class='pt-cv-ifield'><a href=\"https:\/\/audreydelaforge.com\/index.php\/2025\/03\/29\/orthopedagogue-le-specialiste-des-strategies-dapprentissage\/\" class=\"_self pt-cv-href-thumbnail pt-cv-thumb-left\" target=\"_self\" ><img loading=\"lazy\" decoding=\"async\" width=\"150\" height=\"150\" src=\"https:\/\/audreydelaforge.com\/wp-content\/uploads\/2025\/03\/DALL\u00b7E-2025-03-29-07.51.43-A-realistic-digital-illustration-of-a-warm-and-collaborative-educational-scene.-A-child-sits-at-a-table-between-two-professionals_-an-orthopedagogue-o-150x150.webp\" class=\"pt-cv-thumbnail pull-left\" alt=\"\" srcset=\"https:\/\/audreydelaforge.com\/wp-content\/uploads\/2025\/03\/DALL\u00b7E-2025-03-29-07.51.43-A-realistic-digital-illustration-of-a-warm-and-collaborative-educational-scene.-A-child-sits-at-a-table-between-two-professionals_-an-orthopedagogue-o-150x150.webp 150w, https:\/\/audreydelaforge.com\/wp-content\/uploads\/2025\/03\/DALL\u00b7E-2025-03-29-07.51.43-A-realistic-digital-illustration-of-a-warm-and-collaborative-educational-scene.-A-child-sits-at-a-table-between-two-professionals_-an-orthopedagogue-o-300x300.webp 300w, https:\/\/audreydelaforge.com\/wp-content\/uploads\/2025\/03\/DALL\u00b7E-2025-03-29-07.51.43-A-realistic-digital-illustration-of-a-warm-and-collaborative-educational-scene.-A-child-sits-at-a-table-between-two-professionals_-an-orthopedagogue-o-768x768.webp 768w, https:\/\/audreydelaforge.com\/wp-content\/uploads\/2025\/03\/DALL\u00b7E-2025-03-29-07.51.43-A-realistic-digital-illustration-of-a-warm-and-collaborative-educational-scene.-A-child-sits-at-a-table-between-two-professionals_-an-orthopedagogue-o-600x600.webp 600w, https:\/\/audreydelaforge.com\/wp-content\/uploads\/2025\/03\/DALL\u00b7E-2025-03-29-07.51.43-A-realistic-digital-illustration-of-a-warm-and-collaborative-educational-scene.-A-child-sits-at-a-table-between-two-professionals_-an-orthopedagogue-o-100x100.webp 100w, https:\/\/audreydelaforge.com\/wp-content\/uploads\/2025\/03\/DALL\u00b7E-2025-03-29-07.51.43-A-realistic-digital-illustration-of-a-warm-and-collaborative-educational-scene.-A-child-sits-at-a-table-between-two-professionals_-an-orthopedagogue-o.webp 1024w\" sizes=\"auto, (max-width: 150px) 100vw, 150px\" \/><\/a>\n<h3 class=\"pt-cv-title\"><a href=\"https:\/\/audreydelaforge.com\/index.php\/2025\/03\/29\/orthopedagogue-le-specialiste-des-strategies-dapprentissage\/\" class=\"_self\" target=\"_self\" >\ud83e\udde0 ORTHOP\u00c9DAGOGUE : le sp\u00e9cialiste des strat\u00e9gies d\u2019apprentissage<\/a><\/h3><\/div><\/div>\n<div class=\"col-md-6 col-sm-6 col-xs-12 pt-cv-content-item pt-cv-2-col\" ><div class='pt-cv-ifield'><a href=\"https:\/\/audreydelaforge.com\/index.php\/2025\/03\/29\/il-ne-sagit-pas-de-choisir-pourquoi-orthophonistes-et-orthopedagogues-doivent-travailler-ensemble\/\" class=\"_self pt-cv-href-thumbnail pt-cv-thumb-left\" target=\"_self\" ><img loading=\"lazy\" decoding=\"async\" width=\"150\" height=\"150\" src=\"https:\/\/audreydelaforge.com\/wp-content\/uploads\/2025\/03\/ChatGPT-Image-29-mars-2025-07_44_57-150x150.png\" class=\"pt-cv-thumbnail pull-left\" alt=\"\" srcset=\"https:\/\/audreydelaforge.com\/wp-content\/uploads\/2025\/03\/ChatGPT-Image-29-mars-2025-07_44_57-150x150.png 150w, https:\/\/audreydelaforge.com\/wp-content\/uploads\/2025\/03\/ChatGPT-Image-29-mars-2025-07_44_57-300x300.png 300w, https:\/\/audreydelaforge.com\/wp-content\/uploads\/2025\/03\/ChatGPT-Image-29-mars-2025-07_44_57-768x768.png 768w, https:\/\/audreydelaforge.com\/wp-content\/uploads\/2025\/03\/ChatGPT-Image-29-mars-2025-07_44_57-600x600.png 600w, https:\/\/audreydelaforge.com\/wp-content\/uploads\/2025\/03\/ChatGPT-Image-29-mars-2025-07_44_57-100x100.png 100w, https:\/\/audreydelaforge.com\/wp-content\/uploads\/2025\/03\/ChatGPT-Image-29-mars-2025-07_44_57.png 1024w\" sizes=\"auto, (max-width: 150px) 100vw, 150px\" \/><\/a>\n<h3 class=\"pt-cv-title\"><a href=\"https:\/\/audreydelaforge.com\/index.php\/2025\/03\/29\/il-ne-sagit-pas-de-choisir-pourquoi-orthophonistes-et-orthopedagogues-doivent-travailler-ensemble\/\" class=\"_self\" target=\"_self\" >Il ne s\u2019agit pas de choisir : pourquoi orthophonistes et orthop\u00e9dagogues doivent travailler ensemble<\/a><\/h3><\/div><\/div>\n<div class=\"col-md-6 col-sm-6 col-xs-12 pt-cv-content-item pt-cv-2-col\" ><div class='pt-cv-ifield'><a href=\"https:\/\/audreydelaforge.com\/index.php\/2025\/03\/22\/le-plan-daccompagnement-personnalise-pap-comprendre-mettre-en-place-et-faire-valoir-ses-droits\/\" class=\"_self pt-cv-href-thumbnail pt-cv-thumb-left\" target=\"_self\" ><img loading=\"lazy\" decoding=\"async\" width=\"150\" height=\"150\" src=\"https:\/\/audreydelaforge.com\/wp-content\/uploads\/2025\/03\/DALL\u00b7E-2025-03-22-07.23.12-A-classroom-scene-where-a-teacher-is-assisting-a-young-student-with-a-personalized-learning-plan.-The-student-who-appears-to-have-learning-difficulti-150x150.webp\" class=\"pt-cv-thumbnail pull-left\" alt=\"\" srcset=\"https:\/\/audreydelaforge.com\/wp-content\/uploads\/2025\/03\/DALL\u00b7E-2025-03-22-07.23.12-A-classroom-scene-where-a-teacher-is-assisting-a-young-student-with-a-personalized-learning-plan.-The-student-who-appears-to-have-learning-difficulti-150x150.webp 150w, https:\/\/audreydelaforge.com\/wp-content\/uploads\/2025\/03\/DALL\u00b7E-2025-03-22-07.23.12-A-classroom-scene-where-a-teacher-is-assisting-a-young-student-with-a-personalized-learning-plan.-The-student-who-appears-to-have-learning-difficulti-300x300.webp 300w, https:\/\/audreydelaforge.com\/wp-content\/uploads\/2025\/03\/DALL\u00b7E-2025-03-22-07.23.12-A-classroom-scene-where-a-teacher-is-assisting-a-young-student-with-a-personalized-learning-plan.-The-student-who-appears-to-have-learning-difficulti-768x768.webp 768w, https:\/\/audreydelaforge.com\/wp-content\/uploads\/2025\/03\/DALL\u00b7E-2025-03-22-07.23.12-A-classroom-scene-where-a-teacher-is-assisting-a-young-student-with-a-personalized-learning-plan.-The-student-who-appears-to-have-learning-difficulti-600x600.webp 600w, https:\/\/audreydelaforge.com\/wp-content\/uploads\/2025\/03\/DALL\u00b7E-2025-03-22-07.23.12-A-classroom-scene-where-a-teacher-is-assisting-a-young-student-with-a-personalized-learning-plan.-The-student-who-appears-to-have-learning-difficulti-100x100.webp 100w, https:\/\/audreydelaforge.com\/wp-content\/uploads\/2025\/03\/DALL\u00b7E-2025-03-22-07.23.12-A-classroom-scene-where-a-teacher-is-assisting-a-young-student-with-a-personalized-learning-plan.-The-student-who-appears-to-have-learning-difficulti.webp 1024w\" sizes=\"auto, (max-width: 150px) 100vw, 150px\" \/><\/a>\n<h3 class=\"pt-cv-title\"><a href=\"https:\/\/audreydelaforge.com\/index.php\/2025\/03\/22\/le-plan-daccompagnement-personnalise-pap-comprendre-mettre-en-place-et-faire-valoir-ses-droits\/\" class=\"_self\" target=\"_self\" >Le Plan d\u2019Accompagnement Personnalis\u00e9 (PAP) : Comprendre, Mettre en Place et Faire Valoir ses Droits<\/a><\/h3><\/div><\/div>\n<div class=\"col-md-6 col-sm-6 col-xs-12 pt-cv-content-item pt-cv-2-col\" ><div class='pt-cv-ifield'><a href=\"https:\/\/audreydelaforge.com\/index.php\/2025\/03\/15\/tdah-sans-hyperactivite-quand-linattention-passe-inapercue\/\" class=\"_self pt-cv-href-thumbnail pt-cv-thumb-left\" target=\"_self\" ><img loading=\"lazy\" decoding=\"async\" width=\"150\" height=\"150\" src=\"https:\/\/audreydelaforge.com\/wp-content\/uploads\/2025\/03\/DALL\u00b7E-2025-03-15-20.05.19-An-illustration-of-a-child-with-ADHD-without-hyperactivity-sitting-in-a-classroom.-The-child-appears-distracted-staring-out-the-window-while-other-s-150x150.webp\" class=\"pt-cv-thumbnail pull-left\" alt=\"\" srcset=\"https:\/\/audreydelaforge.com\/wp-content\/uploads\/2025\/03\/DALL\u00b7E-2025-03-15-20.05.19-An-illustration-of-a-child-with-ADHD-without-hyperactivity-sitting-in-a-classroom.-The-child-appears-distracted-staring-out-the-window-while-other-s-150x150.webp 150w, https:\/\/audreydelaforge.com\/wp-content\/uploads\/2025\/03\/DALL\u00b7E-2025-03-15-20.05.19-An-illustration-of-a-child-with-ADHD-without-hyperactivity-sitting-in-a-classroom.-The-child-appears-distracted-staring-out-the-window-while-other-s-300x300.webp 300w, https:\/\/audreydelaforge.com\/wp-content\/uploads\/2025\/03\/DALL\u00b7E-2025-03-15-20.05.19-An-illustration-of-a-child-with-ADHD-without-hyperactivity-sitting-in-a-classroom.-The-child-appears-distracted-staring-out-the-window-while-other-s-768x768.webp 768w, https:\/\/audreydelaforge.com\/wp-content\/uploads\/2025\/03\/DALL\u00b7E-2025-03-15-20.05.19-An-illustration-of-a-child-with-ADHD-without-hyperactivity-sitting-in-a-classroom.-The-child-appears-distracted-staring-out-the-window-while-other-s-600x600.webp 600w, https:\/\/audreydelaforge.com\/wp-content\/uploads\/2025\/03\/DALL\u00b7E-2025-03-15-20.05.19-An-illustration-of-a-child-with-ADHD-without-hyperactivity-sitting-in-a-classroom.-The-child-appears-distracted-staring-out-the-window-while-other-s-100x100.webp 100w, https:\/\/audreydelaforge.com\/wp-content\/uploads\/2025\/03\/DALL\u00b7E-2025-03-15-20.05.19-An-illustration-of-a-child-with-ADHD-without-hyperactivity-sitting-in-a-classroom.-The-child-appears-distracted-staring-out-the-window-while-other-s.webp 1024w\" sizes=\"auto, (max-width: 150px) 100vw, 150px\" \/><\/a>\n<h3 class=\"pt-cv-title\"><a href=\"https:\/\/audreydelaforge.com\/index.php\/2025\/03\/15\/tdah-sans-hyperactivite-quand-linattention-passe-inapercue\/\" class=\"_self\" target=\"_self\" >TDAH sans hyperactivit\u00e9 : quand l\u2019inattention passe inaper\u00e7ue<\/a><\/h3><\/div><\/div>\n<div class=\"col-md-6 col-sm-6 col-xs-12 pt-cv-content-item pt-cv-2-col\" ><div class='pt-cv-ifield'><a href=\"https:\/\/audreydelaforge.com\/index.php\/2025\/03\/08\/communication-et-empathie-chez-les-enfants-et-adolescents-avec-tdah-comprendre-et-accompagner\/\" class=\"_self pt-cv-href-thumbnail pt-cv-thumb-left\" target=\"_self\" ><img loading=\"lazy\" decoding=\"async\" width=\"150\" height=\"150\" src=\"https:\/\/audreydelaforge.com\/wp-content\/uploads\/2025\/03\/DALL\u00b7E-2025-03-08-09.03.51-Illustration-dun-groupe-denfants-jouant-a-un-jeu-de-societe-cooperatif.-Laccent-est-mis-sur-limportance-des-interactions-sociales-et-de-lalternan-150x150.webp\" class=\"pt-cv-thumbnail pull-left\" alt=\"\" srcset=\"https:\/\/audreydelaforge.com\/wp-content\/uploads\/2025\/03\/DALL\u00b7E-2025-03-08-09.03.51-Illustration-dun-groupe-denfants-jouant-a-un-jeu-de-societe-cooperatif.-Laccent-est-mis-sur-limportance-des-interactions-sociales-et-de-lalternan-150x150.webp 150w, https:\/\/audreydelaforge.com\/wp-content\/uploads\/2025\/03\/DALL\u00b7E-2025-03-08-09.03.51-Illustration-dun-groupe-denfants-jouant-a-un-jeu-de-societe-cooperatif.-Laccent-est-mis-sur-limportance-des-interactions-sociales-et-de-lalternan-300x300.webp 300w, https:\/\/audreydelaforge.com\/wp-content\/uploads\/2025\/03\/DALL\u00b7E-2025-03-08-09.03.51-Illustration-dun-groupe-denfants-jouant-a-un-jeu-de-societe-cooperatif.-Laccent-est-mis-sur-limportance-des-interactions-sociales-et-de-lalternan-768x768.webp 768w, https:\/\/audreydelaforge.com\/wp-content\/uploads\/2025\/03\/DALL\u00b7E-2025-03-08-09.03.51-Illustration-dun-groupe-denfants-jouant-a-un-jeu-de-societe-cooperatif.-Laccent-est-mis-sur-limportance-des-interactions-sociales-et-de-lalternan-600x600.webp 600w, https:\/\/audreydelaforge.com\/wp-content\/uploads\/2025\/03\/DALL\u00b7E-2025-03-08-09.03.51-Illustration-dun-groupe-denfants-jouant-a-un-jeu-de-societe-cooperatif.-Laccent-est-mis-sur-limportance-des-interactions-sociales-et-de-lalternan-100x100.webp 100w, https:\/\/audreydelaforge.com\/wp-content\/uploads\/2025\/03\/DALL\u00b7E-2025-03-08-09.03.51-Illustration-dun-groupe-denfants-jouant-a-un-jeu-de-societe-cooperatif.-Laccent-est-mis-sur-limportance-des-interactions-sociales-et-de-lalternan.webp 1024w\" sizes=\"auto, (max-width: 150px) 100vw, 150px\" \/><\/a>\n<h3 class=\"pt-cv-title\"><a href=\"https:\/\/audreydelaforge.com\/index.php\/2025\/03\/08\/communication-et-empathie-chez-les-enfants-et-adolescents-avec-tdah-comprendre-et-accompagner\/\" class=\"_self\" target=\"_self\" >Communication et empathie chez les enfants et adolescents avec TDAH : Comprendre et accompagner<\/a><\/h3><\/div><\/div>\n<div class=\"col-md-6 col-sm-6 col-xs-12 pt-cv-content-item pt-cv-2-col\" ><div class='pt-cv-ifield'><a href=\"https:\/\/audreydelaforge.com\/index.php\/2025\/03\/01\/integrer-les-fidgets-en-classe-guide-pratique-pour-les-enseignants\/\" class=\"_self pt-cv-href-thumbnail pt-cv-thumb-left\" target=\"_self\" ><img loading=\"lazy\" decoding=\"async\" width=\"150\" height=\"150\" src=\"https:\/\/audreydelaforge.com\/wp-content\/uploads\/2025\/03\/DALL\u00b7E-2025-03-01-07.31.37-A-peaceful-and-inclusive-classroom-scene-where-a-diverse-group-of-students-is-happily-engaged-in-learning.-Some-students-use-fidget-tools-like-stress--150x150.webp\" class=\"pt-cv-thumbnail pull-left\" alt=\"\" srcset=\"https:\/\/audreydelaforge.com\/wp-content\/uploads\/2025\/03\/DALL\u00b7E-2025-03-01-07.31.37-A-peaceful-and-inclusive-classroom-scene-where-a-diverse-group-of-students-is-happily-engaged-in-learning.-Some-students-use-fidget-tools-like-stress--150x150.webp 150w, https:\/\/audreydelaforge.com\/wp-content\/uploads\/2025\/03\/DALL\u00b7E-2025-03-01-07.31.37-A-peaceful-and-inclusive-classroom-scene-where-a-diverse-group-of-students-is-happily-engaged-in-learning.-Some-students-use-fidget-tools-like-stress--300x300.webp 300w, https:\/\/audreydelaforge.com\/wp-content\/uploads\/2025\/03\/DALL\u00b7E-2025-03-01-07.31.37-A-peaceful-and-inclusive-classroom-scene-where-a-diverse-group-of-students-is-happily-engaged-in-learning.-Some-students-use-fidget-tools-like-stress--768x768.webp 768w, https:\/\/audreydelaforge.com\/wp-content\/uploads\/2025\/03\/DALL\u00b7E-2025-03-01-07.31.37-A-peaceful-and-inclusive-classroom-scene-where-a-diverse-group-of-students-is-happily-engaged-in-learning.-Some-students-use-fidget-tools-like-stress--600x600.webp 600w, https:\/\/audreydelaforge.com\/wp-content\/uploads\/2025\/03\/DALL\u00b7E-2025-03-01-07.31.37-A-peaceful-and-inclusive-classroom-scene-where-a-diverse-group-of-students-is-happily-engaged-in-learning.-Some-students-use-fidget-tools-like-stress--100x100.webp 100w, https:\/\/audreydelaforge.com\/wp-content\/uploads\/2025\/03\/DALL\u00b7E-2025-03-01-07.31.37-A-peaceful-and-inclusive-classroom-scene-where-a-diverse-group-of-students-is-happily-engaged-in-learning.-Some-students-use-fidget-tools-like-stress-.webp 1024w\" sizes=\"auto, (max-width: 150px) 100vw, 150px\" \/><\/a>\n<h3 class=\"pt-cv-title\"><a href=\"https:\/\/audreydelaforge.com\/index.php\/2025\/03\/01\/integrer-les-fidgets-en-classe-guide-pratique-pour-les-enseignants\/\" class=\"_self\" target=\"_self\" >Int\u00e9grer les fidgets en classe : Guide pratique pour les enseignants<\/a><\/h3><\/div><\/div>\n<div class=\"col-md-6 col-sm-6 col-xs-12 pt-cv-content-item pt-cv-2-col\" ><div class='pt-cv-ifield'><a href=\"https:\/\/audreydelaforge.com\/index.php\/2025\/02\/16\/lorthopedagogie-en-france-une-profession-sans-reconnaissance-universitaire-officielle\/\" class=\"_self pt-cv-href-thumbnail pt-cv-thumb-left\" target=\"_self\" ><img loading=\"lazy\" decoding=\"async\" width=\"150\" height=\"150\" src=\"https:\/\/audreydelaforge.com\/wp-content\/uploads\/2025\/02\/DALL\u00b7E-2025-02-16-18.05.17-An-illustration-of-a-child-sitting-at-a-desk-with-a-teacher-or-orthopedagogue-beside-them-assisting-with-educational-exercises.-The-teacher-is-pointi-150x150.webp\" class=\"pt-cv-thumbnail pull-left\" alt=\"\" srcset=\"https:\/\/audreydelaforge.com\/wp-content\/uploads\/2025\/02\/DALL\u00b7E-2025-02-16-18.05.17-An-illustration-of-a-child-sitting-at-a-desk-with-a-teacher-or-orthopedagogue-beside-them-assisting-with-educational-exercises.-The-teacher-is-pointi-150x150.webp 150w, https:\/\/audreydelaforge.com\/wp-content\/uploads\/2025\/02\/DALL\u00b7E-2025-02-16-18.05.17-An-illustration-of-a-child-sitting-at-a-desk-with-a-teacher-or-orthopedagogue-beside-them-assisting-with-educational-exercises.-The-teacher-is-pointi-300x300.webp 300w, https:\/\/audreydelaforge.com\/wp-content\/uploads\/2025\/02\/DALL\u00b7E-2025-02-16-18.05.17-An-illustration-of-a-child-sitting-at-a-desk-with-a-teacher-or-orthopedagogue-beside-them-assisting-with-educational-exercises.-The-teacher-is-pointi-768x768.webp 768w, https:\/\/audreydelaforge.com\/wp-content\/uploads\/2025\/02\/DALL\u00b7E-2025-02-16-18.05.17-An-illustration-of-a-child-sitting-at-a-desk-with-a-teacher-or-orthopedagogue-beside-them-assisting-with-educational-exercises.-The-teacher-is-pointi-600x600.webp 600w, https:\/\/audreydelaforge.com\/wp-content\/uploads\/2025\/02\/DALL\u00b7E-2025-02-16-18.05.17-An-illustration-of-a-child-sitting-at-a-desk-with-a-teacher-or-orthopedagogue-beside-them-assisting-with-educational-exercises.-The-teacher-is-pointi-100x100.webp 100w, https:\/\/audreydelaforge.com\/wp-content\/uploads\/2025\/02\/DALL\u00b7E-2025-02-16-18.05.17-An-illustration-of-a-child-sitting-at-a-desk-with-a-teacher-or-orthopedagogue-beside-them-assisting-with-educational-exercises.-The-teacher-is-pointi.webp 1024w\" sizes=\"auto, (max-width: 150px) 100vw, 150px\" \/><\/a>\n<h3 class=\"pt-cv-title\"><a href=\"https:\/\/audreydelaforge.com\/index.php\/2025\/02\/16\/lorthopedagogie-en-france-une-profession-sans-reconnaissance-universitaire-officielle\/\" class=\"_self\" target=\"_self\" >L&rsquo;orthop\u00e9dagogie en France : une profession sans reconnaissance universitaire officielle<\/a><\/h3><\/div><\/div>\n<div class=\"col-md-6 col-sm-6 col-xs-12 pt-cv-content-item pt-cv-2-col\" ><div class='pt-cv-ifield'><a href=\"https:\/\/audreydelaforge.com\/index.php\/2025\/02\/16\/tdah-et-apprentissage-comment-lorthopedagogie-aide-a-surmonter-les-defis-de-lattention\/\" class=\"_self pt-cv-href-thumbnail pt-cv-thumb-left\" target=\"_self\" ><img loading=\"lazy\" decoding=\"async\" width=\"150\" height=\"150\" src=\"https:\/\/audreydelaforge.com\/wp-content\/uploads\/2025\/02\/DALL\u00b7E-2025-02-16-09.26.52-A-young-child-actively-learning-while-moving\u2014either-jumping-in-place-or-engaging-with-an-interactive-whiteboard.-The-background-is-dynamic-visually-r-150x150.webp\" class=\"pt-cv-thumbnail pull-left\" alt=\"\" srcset=\"https:\/\/audreydelaforge.com\/wp-content\/uploads\/2025\/02\/DALL\u00b7E-2025-02-16-09.26.52-A-young-child-actively-learning-while-moving\u2014either-jumping-in-place-or-engaging-with-an-interactive-whiteboard.-The-background-is-dynamic-visually-r-150x150.webp 150w, https:\/\/audreydelaforge.com\/wp-content\/uploads\/2025\/02\/DALL\u00b7E-2025-02-16-09.26.52-A-young-child-actively-learning-while-moving\u2014either-jumping-in-place-or-engaging-with-an-interactive-whiteboard.-The-background-is-dynamic-visually-r-300x300.webp 300w, https:\/\/audreydelaforge.com\/wp-content\/uploads\/2025\/02\/DALL\u00b7E-2025-02-16-09.26.52-A-young-child-actively-learning-while-moving\u2014either-jumping-in-place-or-engaging-with-an-interactive-whiteboard.-The-background-is-dynamic-visually-r-768x768.webp 768w, https:\/\/audreydelaforge.com\/wp-content\/uploads\/2025\/02\/DALL\u00b7E-2025-02-16-09.26.52-A-young-child-actively-learning-while-moving\u2014either-jumping-in-place-or-engaging-with-an-interactive-whiteboard.-The-background-is-dynamic-visually-r-600x600.webp 600w, https:\/\/audreydelaforge.com\/wp-content\/uploads\/2025\/02\/DALL\u00b7E-2025-02-16-09.26.52-A-young-child-actively-learning-while-moving\u2014either-jumping-in-place-or-engaging-with-an-interactive-whiteboard.-The-background-is-dynamic-visually-r-100x100.webp 100w, https:\/\/audreydelaforge.com\/wp-content\/uploads\/2025\/02\/DALL\u00b7E-2025-02-16-09.26.52-A-young-child-actively-learning-while-moving\u2014either-jumping-in-place-or-engaging-with-an-interactive-whiteboard.-The-background-is-dynamic-visually-r.webp 1024w\" sizes=\"auto, (max-width: 150px) 100vw, 150px\" \/><\/a>\n<h3 class=\"pt-cv-title\"><a href=\"https:\/\/audreydelaforge.com\/index.php\/2025\/02\/16\/tdah-et-apprentissage-comment-lorthopedagogie-aide-a-surmonter-les-defis-de-lattention\/\" class=\"_self\" target=\"_self\" >TDAH et apprentissage : Comment l\u2019orthop\u00e9dagogie aide \u00e0 surmonter les d\u00e9fis de l\u2019attention ?<\/a><\/h3><\/div><\/div>\n<div class=\"col-md-6 col-sm-6 col-xs-12 pt-cv-content-item pt-cv-2-col\" ><div class='pt-cv-ifield'><a href=\"https:\/\/audreydelaforge.com\/index.php\/2025\/02\/14\/accessibilite-et-compensation-en-orthopedagogie-une-approche-complete-pour-une-ecole-inclusive\/\" class=\"_self pt-cv-href-thumbnail pt-cv-thumb-left\" target=\"_self\" ><img loading=\"lazy\" decoding=\"async\" width=\"150\" height=\"150\" src=\"https:\/\/audreydelaforge.com\/wp-content\/uploads\/2025\/02\/Actions-concretes-a-mettre-en-place-visual-selection-150x150.png\" class=\"pt-cv-thumbnail pull-left\" alt=\"\" srcset=\"https:\/\/audreydelaforge.com\/wp-content\/uploads\/2025\/02\/Actions-concretes-a-mettre-en-place-visual-selection-150x150.png 150w, https:\/\/audreydelaforge.com\/wp-content\/uploads\/2025\/02\/Actions-concretes-a-mettre-en-place-visual-selection-300x300.png 300w, https:\/\/audreydelaforge.com\/wp-content\/uploads\/2025\/02\/Actions-concretes-a-mettre-en-place-visual-selection-100x100.png 100w\" sizes=\"auto, (max-width: 150px) 100vw, 150px\" \/><\/a>\n<h3 class=\"pt-cv-title\"><a href=\"https:\/\/audreydelaforge.com\/index.php\/2025\/02\/14\/accessibilite-et-compensation-en-orthopedagogie-une-approche-complete-pour-une-ecole-inclusive\/\" class=\"_self\" target=\"_self\" >Accessibilit\u00e9 et Compensation en Orthop\u00e9dagogie : Une Approche Compl\u00e8te pour une \u00c9cole Inclusive<\/a><\/h3><\/div><\/div>\n<div class=\"col-md-6 col-sm-6 col-xs-12 pt-cv-content-item pt-cv-2-col\" ><div class='pt-cv-ifield'><a href=\"https:\/\/audreydelaforge.com\/index.php\/2025\/02\/13\/apprendre-en-bougeant-le-mouvement-au-service-de-leducation\/\" class=\"_self pt-cv-href-thumbnail pt-cv-thumb-left\" target=\"_self\" ><img loading=\"lazy\" decoding=\"async\" width=\"150\" height=\"150\" src=\"https:\/\/audreydelaforge.com\/wp-content\/uploads\/2025\/02\/DALL\u00b7E-2025-02-13-08.11.56-An-outdoor-learning-scene-where-a-teacher-and-a-small-group-of-children-are-engaged-in-an-educational-activity-in-a-forest.-The-teacher-is-holding-a-b-150x150.webp\" class=\"pt-cv-thumbnail pull-left\" alt=\"\" srcset=\"https:\/\/audreydelaforge.com\/wp-content\/uploads\/2025\/02\/DALL\u00b7E-2025-02-13-08.11.56-An-outdoor-learning-scene-where-a-teacher-and-a-small-group-of-children-are-engaged-in-an-educational-activity-in-a-forest.-The-teacher-is-holding-a-b-150x150.webp 150w, https:\/\/audreydelaforge.com\/wp-content\/uploads\/2025\/02\/DALL\u00b7E-2025-02-13-08.11.56-An-outdoor-learning-scene-where-a-teacher-and-a-small-group-of-children-are-engaged-in-an-educational-activity-in-a-forest.-The-teacher-is-holding-a-b-300x300.webp 300w, https:\/\/audreydelaforge.com\/wp-content\/uploads\/2025\/02\/DALL\u00b7E-2025-02-13-08.11.56-An-outdoor-learning-scene-where-a-teacher-and-a-small-group-of-children-are-engaged-in-an-educational-activity-in-a-forest.-The-teacher-is-holding-a-b-768x768.webp 768w, https:\/\/audreydelaforge.com\/wp-content\/uploads\/2025\/02\/DALL\u00b7E-2025-02-13-08.11.56-An-outdoor-learning-scene-where-a-teacher-and-a-small-group-of-children-are-engaged-in-an-educational-activity-in-a-forest.-The-teacher-is-holding-a-b-600x600.webp 600w, https:\/\/audreydelaforge.com\/wp-content\/uploads\/2025\/02\/DALL\u00b7E-2025-02-13-08.11.56-An-outdoor-learning-scene-where-a-teacher-and-a-small-group-of-children-are-engaged-in-an-educational-activity-in-a-forest.-The-teacher-is-holding-a-b-100x100.webp 100w, https:\/\/audreydelaforge.com\/wp-content\/uploads\/2025\/02\/DALL\u00b7E-2025-02-13-08.11.56-An-outdoor-learning-scene-where-a-teacher-and-a-small-group-of-children-are-engaged-in-an-educational-activity-in-a-forest.-The-teacher-is-holding-a-b.webp 1024w\" sizes=\"auto, (max-width: 150px) 100vw, 150px\" \/><\/a>\n<h3 class=\"pt-cv-title\"><a href=\"https:\/\/audreydelaforge.com\/index.php\/2025\/02\/13\/apprendre-en-bougeant-le-mouvement-au-service-de-leducation\/\" class=\"_self\" target=\"_self\" >Apprendre en bougeant : le mouvement au service de l&rsquo;\u00e9ducation<\/a><\/h3><\/div><\/div>\n<div class=\"col-md-6 col-sm-6 col-xs-12 pt-cv-content-item pt-cv-2-col\" ><div class='pt-cv-ifield'><a href=\"https:\/\/audreydelaforge.com\/index.php\/2025\/02\/02\/boostez-lapprentissage-de-votre-enfant-dys-methodes-innovantes-et-efficaces\/\" class=\"_self pt-cv-href-thumbnail pt-cv-thumb-left\" target=\"_self\" ><\/a>\n<h3 class=\"pt-cv-title\"><a href=\"https:\/\/audreydelaforge.com\/index.php\/2025\/02\/02\/boostez-lapprentissage-de-votre-enfant-dys-methodes-innovantes-et-efficaces\/\" class=\"_self\" target=\"_self\" >Boostez l&rsquo;apprentissage de votre enfant DYS : M\u00e9thodes innovantes et efficaces<\/a><\/h3><\/div><\/div>\n<div class=\"col-md-6 col-sm-6 col-xs-12 pt-cv-content-item pt-cv-2-col\" ><div class='pt-cv-ifield'><a href=\"https:\/\/audreydelaforge.com\/index.php\/2025\/01\/22\/la-metacognition-un-outil-puissant-pour-lapprentissage\/\" class=\"_self pt-cv-href-thumbnail pt-cv-thumb-left\" target=\"_self\" ><img loading=\"lazy\" decoding=\"async\" width=\"150\" height=\"150\" src=\"https:\/\/audreydelaforge.com\/wp-content\/uploads\/2025\/01\/DALL\u00b7E-2025-01-22-12.08.30-A-vibrant-illustration-of-a-child-or-teenager-sitting-at-a-desk-with-an-open-book.-Above-their-head-is-a-thought-bubble-containing-symbols-like-a-glow-150x150.webp\" class=\"pt-cv-thumbnail pull-left\" alt=\"\" srcset=\"https:\/\/audreydelaforge.com\/wp-content\/uploads\/2025\/01\/DALL\u00b7E-2025-01-22-12.08.30-A-vibrant-illustration-of-a-child-or-teenager-sitting-at-a-desk-with-an-open-book.-Above-their-head-is-a-thought-bubble-containing-symbols-like-a-glow-150x150.webp 150w, https:\/\/audreydelaforge.com\/wp-content\/uploads\/2025\/01\/DALL\u00b7E-2025-01-22-12.08.30-A-vibrant-illustration-of-a-child-or-teenager-sitting-at-a-desk-with-an-open-book.-Above-their-head-is-a-thought-bubble-containing-symbols-like-a-glow-300x300.webp 300w, https:\/\/audreydelaforge.com\/wp-content\/uploads\/2025\/01\/DALL\u00b7E-2025-01-22-12.08.30-A-vibrant-illustration-of-a-child-or-teenager-sitting-at-a-desk-with-an-open-book.-Above-their-head-is-a-thought-bubble-containing-symbols-like-a-glow-768x768.webp 768w, https:\/\/audreydelaforge.com\/wp-content\/uploads\/2025\/01\/DALL\u00b7E-2025-01-22-12.08.30-A-vibrant-illustration-of-a-child-or-teenager-sitting-at-a-desk-with-an-open-book.-Above-their-head-is-a-thought-bubble-containing-symbols-like-a-glow-600x600.webp 600w, https:\/\/audreydelaforge.com\/wp-content\/uploads\/2025\/01\/DALL\u00b7E-2025-01-22-12.08.30-A-vibrant-illustration-of-a-child-or-teenager-sitting-at-a-desk-with-an-open-book.-Above-their-head-is-a-thought-bubble-containing-symbols-like-a-glow-100x100.webp 100w, https:\/\/audreydelaforge.com\/wp-content\/uploads\/2025\/01\/DALL\u00b7E-2025-01-22-12.08.30-A-vibrant-illustration-of-a-child-or-teenager-sitting-at-a-desk-with-an-open-book.-Above-their-head-is-a-thought-bubble-containing-symbols-like-a-glow.webp 1024w\" sizes=\"auto, (max-width: 150px) 100vw, 150px\" \/><\/a>\n<h3 class=\"pt-cv-title\"><a href=\"https:\/\/audreydelaforge.com\/index.php\/2025\/01\/22\/la-metacognition-un-outil-puissant-pour-lapprentissage\/\" class=\"_self\" target=\"_self\" >La M\u00e9tacognition : Un Outil Puissant pour l&rsquo;Apprentissage<\/a><\/h3><\/div><\/div>\n<div class=\"col-md-6 col-sm-6 col-xs-12 pt-cv-content-item pt-cv-2-col\" ><div class='pt-cv-ifield'><a href=\"https:\/\/audreydelaforge.com\/index.php\/2025\/01\/11\/comment-fonctionne-la-memoire\/\" class=\"_self pt-cv-href-thumbnail pt-cv-thumb-left\" target=\"_self\" ><img loading=\"lazy\" decoding=\"async\" width=\"150\" height=\"150\" src=\"https:\/\/audreydelaforge.com\/wp-content\/uploads\/2025\/01\/Comment-fonctionne-la-memoire-visual-selection-4-150x150.png\" class=\"pt-cv-thumbnail pull-left\" alt=\"\" srcset=\"https:\/\/audreydelaforge.com\/wp-content\/uploads\/2025\/01\/Comment-fonctionne-la-memoire-visual-selection-4-150x150.png 150w, https:\/\/audreydelaforge.com\/wp-content\/uploads\/2025\/01\/Comment-fonctionne-la-memoire-visual-selection-4-300x300.png 300w, https:\/\/audreydelaforge.com\/wp-content\/uploads\/2025\/01\/Comment-fonctionne-la-memoire-visual-selection-4-100x100.png 100w\" sizes=\"auto, (max-width: 150px) 100vw, 150px\" \/><\/a>\n<h3 class=\"pt-cv-title\"><a href=\"https:\/\/audreydelaforge.com\/index.php\/2025\/01\/11\/comment-fonctionne-la-memoire\/\" class=\"_self\" target=\"_self\" >Comment fonctionne la m\u00e9moire<\/a><\/h3><\/div><\/div>\n<div class=\"col-md-6 col-sm-6 col-xs-12 pt-cv-content-item pt-cv-2-col\" ><div class='pt-cv-ifield'><a href=\"https:\/\/audreydelaforge.com\/index.php\/2025\/01\/02\/soutenir-un-eleve-dyslexique-avec-lia-une-revolution-pour-lapprentissage\/\" class=\"_self pt-cv-href-thumbnail pt-cv-thumb-left\" target=\"_self\" ><img loading=\"lazy\" decoding=\"async\" width=\"150\" height=\"150\" src=\"https:\/\/audreydelaforge.com\/wp-content\/uploads\/2025\/01\/DALL\u00b7E-2025-01-02-16.17.36-An-educational-illustration-depicting-a-young-dyslexic-student-working-confidently-at-a-desk-with-the-assistance-of-a-tablet-showing-an-AI-powered-rea-150x150.webp\" class=\"pt-cv-thumbnail pull-left\" alt=\"\" srcset=\"https:\/\/audreydelaforge.com\/wp-content\/uploads\/2025\/01\/DALL\u00b7E-2025-01-02-16.17.36-An-educational-illustration-depicting-a-young-dyslexic-student-working-confidently-at-a-desk-with-the-assistance-of-a-tablet-showing-an-AI-powered-rea-150x150.webp 150w, https:\/\/audreydelaforge.com\/wp-content\/uploads\/2025\/01\/DALL\u00b7E-2025-01-02-16.17.36-An-educational-illustration-depicting-a-young-dyslexic-student-working-confidently-at-a-desk-with-the-assistance-of-a-tablet-showing-an-AI-powered-rea-300x300.webp 300w, https:\/\/audreydelaforge.com\/wp-content\/uploads\/2025\/01\/DALL\u00b7E-2025-01-02-16.17.36-An-educational-illustration-depicting-a-young-dyslexic-student-working-confidently-at-a-desk-with-the-assistance-of-a-tablet-showing-an-AI-powered-rea-768x768.webp 768w, https:\/\/audreydelaforge.com\/wp-content\/uploads\/2025\/01\/DALL\u00b7E-2025-01-02-16.17.36-An-educational-illustration-depicting-a-young-dyslexic-student-working-confidently-at-a-desk-with-the-assistance-of-a-tablet-showing-an-AI-powered-rea-600x600.webp 600w, https:\/\/audreydelaforge.com\/wp-content\/uploads\/2025\/01\/DALL\u00b7E-2025-01-02-16.17.36-An-educational-illustration-depicting-a-young-dyslexic-student-working-confidently-at-a-desk-with-the-assistance-of-a-tablet-showing-an-AI-powered-rea-100x100.webp 100w, https:\/\/audreydelaforge.com\/wp-content\/uploads\/2025\/01\/DALL\u00b7E-2025-01-02-16.17.36-An-educational-illustration-depicting-a-young-dyslexic-student-working-confidently-at-a-desk-with-the-assistance-of-a-tablet-showing-an-AI-powered-rea.webp 1024w\" sizes=\"auto, (max-width: 150px) 100vw, 150px\" \/><\/a>\n<h3 class=\"pt-cv-title\"><a href=\"https:\/\/audreydelaforge.com\/index.php\/2025\/01\/02\/soutenir-un-eleve-dyslexique-avec-lia-une-revolution-pour-lapprentissage\/\" class=\"_self\" target=\"_self\" >Soutenir un \u00e9l\u00e8ve dyslexique avec l\u2019IA : Une r\u00e9volution pour l\u2019apprentissage<\/a><\/h3><\/div><\/div>\n<div class=\"col-md-6 col-sm-6 col-xs-12 pt-cv-content-item pt-cv-2-col\" ><div class='pt-cv-ifield'><a href=\"https:\/\/audreydelaforge.com\/index.php\/2025\/01\/02\/ressource-parentale-aider-un-enfant-dyslexique-avec-lia\/\" class=\"_self pt-cv-href-thumbnail pt-cv-thumb-left\" target=\"_self\" ><img loading=\"lazy\" decoding=\"async\" width=\"150\" height=\"150\" src=\"https:\/\/audreydelaforge.com\/wp-content\/uploads\/2025\/01\/Screenshot-2025-01-02-17.17.45-150x150.png\" class=\"pt-cv-thumbnail pull-left\" alt=\"\" srcset=\"https:\/\/audreydelaforge.com\/wp-content\/uploads\/2025\/01\/Screenshot-2025-01-02-17.17.45-150x150.png 150w, https:\/\/audreydelaforge.com\/wp-content\/uploads\/2025\/01\/Screenshot-2025-01-02-17.17.45-100x100.png 100w\" sizes=\"auto, (max-width: 150px) 100vw, 150px\" \/><\/a>\n<h3 class=\"pt-cv-title\"><a href=\"https:\/\/audreydelaforge.com\/index.php\/2025\/01\/02\/ressource-parentale-aider-un-enfant-dyslexique-avec-lia\/\" class=\"_self\" target=\"_self\" >Ressource parentale : Aider un enfant dyslexique avec l\u2019IA<\/a><\/h3><\/div><\/div>\n<div class=\"col-md-6 col-sm-6 col-xs-12 pt-cv-content-item pt-cv-2-col\" ><div class='pt-cv-ifield'><a href=\"https:\/\/audreydelaforge.com\/index.php\/2025\/01\/02\/les-limites-de-lia-dans-le-soutien-aux-troubles-dapprentissage-une-analyse-critique\/\" class=\"_self pt-cv-href-thumbnail pt-cv-thumb-left\" target=\"_self\" ><img loading=\"lazy\" decoding=\"async\" width=\"150\" height=\"150\" src=\"https:\/\/audreydelaforge.com\/wp-content\/uploads\/2025\/01\/DALL\u00b7E-2025-01-02-16.57.18-A-clean-and-modern-icon-representing-experience-sharing-featuring-two-abstract-human-figures-interconnected-by-a-circular-flow-or-arrows-symbolizing-150x150.webp\" class=\"pt-cv-thumbnail pull-left\" alt=\"\" srcset=\"https:\/\/audreydelaforge.com\/wp-content\/uploads\/2025\/01\/DALL\u00b7E-2025-01-02-16.57.18-A-clean-and-modern-icon-representing-experience-sharing-featuring-two-abstract-human-figures-interconnected-by-a-circular-flow-or-arrows-symbolizing-150x150.webp 150w, https:\/\/audreydelaforge.com\/wp-content\/uploads\/2025\/01\/DALL\u00b7E-2025-01-02-16.57.18-A-clean-and-modern-icon-representing-experience-sharing-featuring-two-abstract-human-figures-interconnected-by-a-circular-flow-or-arrows-symbolizing-300x300.webp 300w, https:\/\/audreydelaforge.com\/wp-content\/uploads\/2025\/01\/DALL\u00b7E-2025-01-02-16.57.18-A-clean-and-modern-icon-representing-experience-sharing-featuring-two-abstract-human-figures-interconnected-by-a-circular-flow-or-arrows-symbolizing-768x768.webp 768w, https:\/\/audreydelaforge.com\/wp-content\/uploads\/2025\/01\/DALL\u00b7E-2025-01-02-16.57.18-A-clean-and-modern-icon-representing-experience-sharing-featuring-two-abstract-human-figures-interconnected-by-a-circular-flow-or-arrows-symbolizing-600x600.webp 600w, https:\/\/audreydelaforge.com\/wp-content\/uploads\/2025\/01\/DALL\u00b7E-2025-01-02-16.57.18-A-clean-and-modern-icon-representing-experience-sharing-featuring-two-abstract-human-figures-interconnected-by-a-circular-flow-or-arrows-symbolizing-100x100.webp 100w, https:\/\/audreydelaforge.com\/wp-content\/uploads\/2025\/01\/DALL\u00b7E-2025-01-02-16.57.18-A-clean-and-modern-icon-representing-experience-sharing-featuring-two-abstract-human-figures-interconnected-by-a-circular-flow-or-arrows-symbolizing.webp 1024w\" sizes=\"auto, (max-width: 150px) 100vw, 150px\" \/><\/a>\n<h3 class=\"pt-cv-title\"><a href=\"https:\/\/audreydelaforge.com\/index.php\/2025\/01\/02\/les-limites-de-lia-dans-le-soutien-aux-troubles-dapprentissage-une-analyse-critique\/\" class=\"_self\" target=\"_self\" >Les limites de l\u2019IA dans le soutien aux troubles d\u2019apprentissage : une analyse critique<\/a><\/h3><\/div><\/div>\n<div class=\"col-md-6 col-sm-6 col-xs-12 pt-cv-content-item pt-cv-2-col\" ><div class='pt-cv-ifield'><a href=\"https:\/\/audreydelaforge.com\/index.php\/2025\/01\/02\/temoignages-compiles-histoires-de-reussite-grace-a-lia\/\" class=\"_self pt-cv-href-thumbnail pt-cv-thumb-left\" target=\"_self\" ><img loading=\"lazy\" decoding=\"async\" width=\"150\" height=\"150\" src=\"https:\/\/audreydelaforge.com\/wp-content\/uploads\/2025\/01\/Screenshot-2025-01-02-16.40.08-150x150.png\" class=\"pt-cv-thumbnail pull-left\" alt=\"\" srcset=\"https:\/\/audreydelaforge.com\/wp-content\/uploads\/2025\/01\/Screenshot-2025-01-02-16.40.08-150x150.png 150w, https:\/\/audreydelaforge.com\/wp-content\/uploads\/2025\/01\/Screenshot-2025-01-02-16.40.08-100x100.png 100w\" sizes=\"auto, (max-width: 150px) 100vw, 150px\" \/><\/a>\n<h3 class=\"pt-cv-title\"><a href=\"https:\/\/audreydelaforge.com\/index.php\/2025\/01\/02\/temoignages-compiles-histoires-de-reussite-grace-a-lia\/\" class=\"_self\" target=\"_self\" >T\u00e9moignages compil\u00e9s : Histoires de r\u00e9ussite gr\u00e2ce \u00e0 l\u2019IA<\/a><\/h3><\/div><\/div>\n<div class=\"col-md-6 col-sm-6 col-xs-12 pt-cv-content-item pt-cv-2-col\" ><div class='pt-cv-ifield'><a href=\"https:\/\/audreydelaforge.com\/index.php\/2024\/12\/30\/liberez-votre-esprit-3-outils-dia-pour-alleger-la-charge-cognitive\/\" class=\"_self pt-cv-href-thumbnail pt-cv-thumb-left\" target=\"_self\" ><img loading=\"lazy\" decoding=\"async\" width=\"150\" height=\"150\" src=\"https:\/\/audreydelaforge.com\/wp-content\/uploads\/2024\/12\/inteligence-articficielle-au-quotidien-150x150.png\" class=\"pt-cv-thumbnail pull-left\" alt=\"\" srcset=\"https:\/\/audreydelaforge.com\/wp-content\/uploads\/2024\/12\/inteligence-articficielle-au-quotidien-150x150.png 150w, https:\/\/audreydelaforge.com\/wp-content\/uploads\/2024\/12\/inteligence-articficielle-au-quotidien-300x300.png 300w, https:\/\/audreydelaforge.com\/wp-content\/uploads\/2024\/12\/inteligence-articficielle-au-quotidien-100x100.png 100w\" sizes=\"auto, (max-width: 150px) 100vw, 150px\" \/><\/a>\n<h3 class=\"pt-cv-title\"><a href=\"https:\/\/audreydelaforge.com\/index.php\/2024\/12\/30\/liberez-votre-esprit-3-outils-dia-pour-alleger-la-charge-cognitive\/\" class=\"_self\" target=\"_self\" >Lib\u00e9rez votre esprit : 3 outils d\u2019IA pour all\u00e9ger la charge cognitive<\/a><\/h3><\/div><\/div>\n<div class=\"col-md-6 col-sm-6 col-xs-12 pt-cv-content-item pt-cv-2-col\" ><div class='pt-cv-ifield'><a href=\"https:\/\/audreydelaforge.com\/index.php\/2024\/12\/30\/comment-aider-les-enfants-dys-a-aimer-la-lecture-decouvrez-mes-conseils\/\" class=\"_self pt-cv-href-thumbnail pt-cv-thumb-left\" target=\"_self\" ><img loading=\"lazy\" decoding=\"async\" width=\"150\" height=\"150\" src=\"https:\/\/audreydelaforge.com\/wp-content\/uploads\/2024\/12\/lecture-enfants-parents-150x150.jpg\" class=\"pt-cv-thumbnail pull-left\" alt=\"\" srcset=\"https:\/\/audreydelaforge.com\/wp-content\/uploads\/2024\/12\/lecture-enfants-parents-150x150.jpg 150w, https:\/\/audreydelaforge.com\/wp-content\/uploads\/2024\/12\/lecture-enfants-parents-300x300.jpg 300w, https:\/\/audreydelaforge.com\/wp-content\/uploads\/2024\/12\/lecture-enfants-parents-100x100.jpg 100w\" sizes=\"auto, (max-width: 150px) 100vw, 150px\" \/><\/a>\n<h3 class=\"pt-cv-title\"><a href=\"https:\/\/audreydelaforge.com\/index.php\/2024\/12\/30\/comment-aider-les-enfants-dys-a-aimer-la-lecture-decouvrez-mes-conseils\/\" class=\"_self\" target=\"_self\" >Comment aider les enfants DYS \u00e0 aimer la lecture ? D\u00e9couvrez mes conseils !<\/a><\/h3><\/div><\/div>\n<div class=\"col-md-6 col-sm-6 col-xs-12 pt-cv-content-item pt-cv-2-col\" ><div class='pt-cv-ifield'><a href=\"https:\/\/audreydelaforge.com\/index.php\/2024\/12\/30\/organiser-les-devoirs-de-vos-enfants-decouvrez-mon-guide-gratuit\/\" class=\"_self pt-cv-href-thumbnail pt-cv-thumb-left\" target=\"_self\" ><img loading=\"lazy\" decoding=\"async\" width=\"150\" height=\"150\" src=\"https:\/\/audreydelaforge.com\/wp-content\/uploads\/2024\/12\/parents-qui-surveillent-un-enfant-a-un-bureau-en-train-150x150.png\" class=\"pt-cv-thumbnail pull-left\" alt=\"\" srcset=\"https:\/\/audreydelaforge.com\/wp-content\/uploads\/2024\/12\/parents-qui-surveillent-un-enfant-a-un-bureau-en-train-150x150.png 150w, https:\/\/audreydelaforge.com\/wp-content\/uploads\/2024\/12\/parents-qui-surveillent-un-enfant-a-un-bureau-en-train-300x300.png 300w, https:\/\/audreydelaforge.com\/wp-content\/uploads\/2024\/12\/parents-qui-surveillent-un-enfant-a-un-bureau-en-train-100x100.png 100w\" sizes=\"auto, (max-width: 150px) 100vw, 150px\" \/><\/a>\n<h3 class=\"pt-cv-title\"><a href=\"https:\/\/audreydelaforge.com\/index.php\/2024\/12\/30\/organiser-les-devoirs-de-vos-enfants-decouvrez-mon-guide-gratuit\/\" class=\"_self\" target=\"_self\" >Organiser les devoirs de vos enfants : d\u00e9couvrez mon guide gratuit !<\/a><\/h3><\/div><\/div>\n<div class=\"col-md-6 col-sm-6 col-xs-12 pt-cv-content-item pt-cv-2-col\" ><div class='pt-cv-ifield'><a href=\"https:\/\/audreydelaforge.com\/index.php\/2024\/12\/30\/checklist-pour-une-reprise-scolaire-reussie\/\" class=\"_self pt-cv-href-thumbnail pt-cv-thumb-left\" target=\"_self\" ><img loading=\"lazy\" decoding=\"async\" width=\"150\" height=\"150\" src=\"https:\/\/audreydelaforge.com\/wp-content\/uploads\/2024\/12\/DALL\u00b7E-2024-12-29-15.40.06-A-warm-and-cheerful-family-scene-depicting-parents-helping-their-child-organize-for-school-at-a-tidy-table.-The-table-has-colorful-school-supplies-lik-150x150.webp\" class=\"pt-cv-thumbnail pull-left\" alt=\"\" srcset=\"https:\/\/audreydelaforge.com\/wp-content\/uploads\/2024\/12\/DALL\u00b7E-2024-12-29-15.40.06-A-warm-and-cheerful-family-scene-depicting-parents-helping-their-child-organize-for-school-at-a-tidy-table.-The-table-has-colorful-school-supplies-lik-150x150.webp 150w, https:\/\/audreydelaforge.com\/wp-content\/uploads\/2024\/12\/DALL\u00b7E-2024-12-29-15.40.06-A-warm-and-cheerful-family-scene-depicting-parents-helping-their-child-organize-for-school-at-a-tidy-table.-The-table-has-colorful-school-supplies-lik-300x300.webp 300w, https:\/\/audreydelaforge.com\/wp-content\/uploads\/2024\/12\/DALL\u00b7E-2024-12-29-15.40.06-A-warm-and-cheerful-family-scene-depicting-parents-helping-their-child-organize-for-school-at-a-tidy-table.-The-table-has-colorful-school-supplies-lik-768x768.webp 768w, https:\/\/audreydelaforge.com\/wp-content\/uploads\/2024\/12\/DALL\u00b7E-2024-12-29-15.40.06-A-warm-and-cheerful-family-scene-depicting-parents-helping-their-child-organize-for-school-at-a-tidy-table.-The-table-has-colorful-school-supplies-lik-600x600.webp 600w, https:\/\/audreydelaforge.com\/wp-content\/uploads\/2024\/12\/DALL\u00b7E-2024-12-29-15.40.06-A-warm-and-cheerful-family-scene-depicting-parents-helping-their-child-organize-for-school-at-a-tidy-table.-The-table-has-colorful-school-supplies-lik-100x100.webp 100w, https:\/\/audreydelaforge.com\/wp-content\/uploads\/2024\/12\/DALL\u00b7E-2024-12-29-15.40.06-A-warm-and-cheerful-family-scene-depicting-parents-helping-their-child-organize-for-school-at-a-tidy-table.-The-table-has-colorful-school-supplies-lik.webp 1024w\" sizes=\"auto, (max-width: 150px) 100vw, 150px\" \/><\/a>\n<h3 class=\"pt-cv-title\"><a href=\"https:\/\/audreydelaforge.com\/index.php\/2024\/12\/30\/checklist-pour-une-reprise-scolaire-reussie\/\" class=\"_self\" target=\"_self\" >Checklist pour une reprise scolaire r\u00e9ussie<\/a><\/h3><\/div><\/div>\n<div class=\"col-md-6 col-sm-6 col-xs-12 pt-cv-content-item pt-cv-2-col\" ><div class='pt-cv-ifield'><a href=\"https:\/\/audreydelaforge.com\/index.php\/2024\/12\/29\/5-activites-educatives-pour-apprendre-en-samusant-des-solutions-orthopedagogiques-pour-tous\/\" class=\"_self pt-cv-href-thumbnail pt-cv-thumb-left\" target=\"_self\" ><img loading=\"lazy\" decoding=\"async\" width=\"150\" height=\"150\" src=\"https:\/\/audreydelaforge.com\/wp-content\/uploads\/2024\/12\/DALL\u00b7E-2024-12-29-17.03.15-A-vibrant-engaging-illustration-of-a-group-of-children-participating-in-various-educational-activities-in-a-playful-learning-environment.-The-childre-150x150.webp\" class=\"pt-cv-thumbnail pull-left\" alt=\"\" srcset=\"https:\/\/audreydelaforge.com\/wp-content\/uploads\/2024\/12\/DALL\u00b7E-2024-12-29-17.03.15-A-vibrant-engaging-illustration-of-a-group-of-children-participating-in-various-educational-activities-in-a-playful-learning-environment.-The-childre-150x150.webp 150w, https:\/\/audreydelaforge.com\/wp-content\/uploads\/2024\/12\/DALL\u00b7E-2024-12-29-17.03.15-A-vibrant-engaging-illustration-of-a-group-of-children-participating-in-various-educational-activities-in-a-playful-learning-environment.-The-childre-300x300.webp 300w, https:\/\/audreydelaforge.com\/wp-content\/uploads\/2024\/12\/DALL\u00b7E-2024-12-29-17.03.15-A-vibrant-engaging-illustration-of-a-group-of-children-participating-in-various-educational-activities-in-a-playful-learning-environment.-The-childre-768x768.webp 768w, https:\/\/audreydelaforge.com\/wp-content\/uploads\/2024\/12\/DALL\u00b7E-2024-12-29-17.03.15-A-vibrant-engaging-illustration-of-a-group-of-children-participating-in-various-educational-activities-in-a-playful-learning-environment.-The-childre-600x600.webp 600w, https:\/\/audreydelaforge.com\/wp-content\/uploads\/2024\/12\/DALL\u00b7E-2024-12-29-17.03.15-A-vibrant-engaging-illustration-of-a-group-of-children-participating-in-various-educational-activities-in-a-playful-learning-environment.-The-childre-100x100.webp 100w, https:\/\/audreydelaforge.com\/wp-content\/uploads\/2024\/12\/DALL\u00b7E-2024-12-29-17.03.15-A-vibrant-engaging-illustration-of-a-group-of-children-participating-in-various-educational-activities-in-a-playful-learning-environment.-The-childre.webp 1024w\" sizes=\"auto, (max-width: 150px) 100vw, 150px\" \/><\/a>\n<h3 class=\"pt-cv-title\"><a href=\"https:\/\/audreydelaforge.com\/index.php\/2024\/12\/29\/5-activites-educatives-pour-apprendre-en-samusant-des-solutions-orthopedagogiques-pour-tous\/\" class=\"_self\" target=\"_self\" >5 Activit\u00e9s \u00c9ducatives pour Apprendre en S\u2019Amusant : Des Solutions Orthop\u00e9dagogiques pour Tous<\/a><\/h3><\/div><\/div>\n<div class=\"col-md-6 col-sm-6 col-xs-12 pt-cv-content-item pt-cv-2-col\" ><div class='pt-cv-ifield'><a href=\"https:\/\/audreydelaforge.com\/index.php\/2024\/12\/29\/la-gestion-des-apprentissages-a-la-maison-conseils-et-strategies-pour-reussir\/\" class=\"_self pt-cv-href-thumbnail pt-cv-thumb-left\" target=\"_self\" ><img loading=\"lazy\" decoding=\"async\" width=\"150\" height=\"150\" src=\"https:\/\/audreydelaforge.com\/wp-content\/uploads\/2024\/12\/image-150x150.png\" class=\"pt-cv-thumbnail pull-left\" alt=\"\" srcset=\"https:\/\/audreydelaforge.com\/wp-content\/uploads\/2024\/12\/image-150x150.png 150w, https:\/\/audreydelaforge.com\/wp-content\/uploads\/2024\/12\/image-300x300.png 300w, https:\/\/audreydelaforge.com\/wp-content\/uploads\/2024\/12\/image-100x100.png 100w\" sizes=\"auto, (max-width: 150px) 100vw, 150px\" \/><\/a>\n<h3 class=\"pt-cv-title\"><a href=\"https:\/\/audreydelaforge.com\/index.php\/2024\/12\/29\/la-gestion-des-apprentissages-a-la-maison-conseils-et-strategies-pour-reussir\/\" class=\"_self\" target=\"_self\" >La Gestion des Apprentissages \u00e0 la Maison : Conseils et Strat\u00e9gies pour R\u00e9ussir<\/a><\/h3><\/div><\/div>\n<div class=\"col-md-6 col-sm-6 col-xs-12 pt-cv-content-item pt-cv-2-col\" ><div class='pt-cv-ifield'><a href=\"https:\/\/audreydelaforge.com\/index.php\/2023\/03\/28\/limportance-de-la-zone-proximale-de-developpement-en-orthopedagogie\/\" class=\"_self pt-cv-href-thumbnail pt-cv-thumb-left\" target=\"_self\" ><img loading=\"lazy\" decoding=\"async\" width=\"150\" height=\"150\" src=\"https:\/\/audreydelaforge.com\/wp-content\/uploads\/2023\/03\/Screenshot-2023-03-28-10.05.37-150x150.png\" class=\"pt-cv-thumbnail pull-left\" alt=\"\" srcset=\"https:\/\/audreydelaforge.com\/wp-content\/uploads\/2023\/03\/Screenshot-2023-03-28-10.05.37-150x150.png 150w, https:\/\/audreydelaforge.com\/wp-content\/uploads\/2023\/03\/Screenshot-2023-03-28-10.05.37-300x300.png 300w, https:\/\/audreydelaforge.com\/wp-content\/uploads\/2023\/03\/Screenshot-2023-03-28-10.05.37-100x100.png 100w\" sizes=\"auto, (max-width: 150px) 100vw, 150px\" \/><\/a>\n<h3 class=\"pt-cv-title\"><a href=\"https:\/\/audreydelaforge.com\/index.php\/2023\/03\/28\/limportance-de-la-zone-proximale-de-developpement-en-orthopedagogie\/\" class=\"_self\" target=\"_self\" >L\u2019importance de la zone proximale de d\u00e9veloppement en orthop\u00e9dagogie\u00a0<\/a><\/h3><\/div><\/div>\n<div class=\"col-md-6 col-sm-6 col-xs-12 pt-cv-content-item pt-cv-2-col\" ><div class='pt-cv-ifield'><a href=\"https:\/\/audreydelaforge.com\/index.php\/2023\/03\/22\/une-methode-de-travail-efficace-la-technique-pomodoro-de-monsieur-cirillo\/\" class=\"_self pt-cv-href-thumbnail pt-cv-thumb-left\" target=\"_self\" ><img loading=\"lazy\" decoding=\"async\" width=\"150\" height=\"150\" src=\"https:\/\/audreydelaforge.com\/wp-content\/uploads\/2023\/03\/Screenshot-2023-03-22-09.46.57-150x150.png\" class=\"pt-cv-thumbnail pull-left\" alt=\"\" srcset=\"https:\/\/audreydelaforge.com\/wp-content\/uploads\/2023\/03\/Screenshot-2023-03-22-09.46.57-150x150.png 150w, https:\/\/audreydelaforge.com\/wp-content\/uploads\/2023\/03\/Screenshot-2023-03-22-09.46.57-300x300.png 300w, https:\/\/audreydelaforge.com\/wp-content\/uploads\/2023\/03\/Screenshot-2023-03-22-09.46.57-100x100.png 100w\" sizes=\"auto, (max-width: 150px) 100vw, 150px\" \/><\/a>\n<h3 class=\"pt-cv-title\"><a href=\"https:\/\/audreydelaforge.com\/index.php\/2023\/03\/22\/une-methode-de-travail-efficace-la-technique-pomodoro-de-monsieur-cirillo\/\" class=\"_self\" target=\"_self\" >Une m\u00e9thode de travail efficace :\u00a0 la technique Pomodoro de Monsieur Cirillo\u00a0<\/a><\/h3><\/div><\/div>\n<div class=\"col-md-6 col-sm-6 col-xs-12 pt-cv-content-item pt-cv-2-col\" ><div class='pt-cv-ifield'><a href=\"https:\/\/audreydelaforge.com\/index.php\/2023\/03\/07\/la-carte-mentale-un-outil-a-la-mode-ou-un-outil-reellement-efficace\/\" class=\"_self pt-cv-href-thumbnail pt-cv-thumb-left\" target=\"_self\" ><img loading=\"lazy\" decoding=\"async\" width=\"150\" height=\"150\" src=\"https:\/\/audreydelaforge.com\/wp-content\/uploads\/2023\/03\/Screenshot-2023-03-07-15.14.23-150x150.png\" class=\"pt-cv-thumbnail pull-left\" alt=\"\" srcset=\"https:\/\/audreydelaforge.com\/wp-content\/uploads\/2023\/03\/Screenshot-2023-03-07-15.14.23-150x150.png 150w, https:\/\/audreydelaforge.com\/wp-content\/uploads\/2023\/03\/Screenshot-2023-03-07-15.14.23-300x300.png 300w, https:\/\/audreydelaforge.com\/wp-content\/uploads\/2023\/03\/Screenshot-2023-03-07-15.14.23-100x100.png 100w\" sizes=\"auto, (max-width: 150px) 100vw, 150px\" \/><\/a>\n<h3 class=\"pt-cv-title\"><a href=\"https:\/\/audreydelaforge.com\/index.php\/2023\/03\/07\/la-carte-mentale-un-outil-a-la-mode-ou-un-outil-reellement-efficace\/\" class=\"_self\" target=\"_self\" >La carte mentale : un outil \u00e0 la mode ou un outil r\u00e9ellement efficace ?\u00a0<\/a><\/h3><\/div><\/div>\n<div class=\"col-md-6 col-sm-6 col-xs-12 pt-cv-content-item pt-cv-2-col\" ><div class='pt-cv-ifield'><a href=\"https:\/\/audreydelaforge.com\/index.php\/2023\/02\/14\/la-creativite-au-service-de-la-reussite-de-tous-les-apprenants\/\" class=\"_self pt-cv-href-thumbnail pt-cv-thumb-left\" target=\"_self\" ><img loading=\"lazy\" decoding=\"async\" width=\"150\" height=\"150\" src=\"https:\/\/audreydelaforge.com\/wp-content\/uploads\/2023\/02\/image1-150x150.jpg\" class=\"pt-cv-thumbnail pull-left\" alt=\"\" srcset=\"https:\/\/audreydelaforge.com\/wp-content\/uploads\/2023\/02\/image1-150x150.jpg 150w, https:\/\/audreydelaforge.com\/wp-content\/uploads\/2023\/02\/image1-100x100.jpg 100w\" sizes=\"auto, (max-width: 150px) 100vw, 150px\" \/><\/a>\n<h3 class=\"pt-cv-title\"><a href=\"https:\/\/audreydelaforge.com\/index.php\/2023\/02\/14\/la-creativite-au-service-de-la-reussite-de-tous-les-apprenants\/\" class=\"_self\" target=\"_self\" >La cr\u00e9ativit\u00e9 au service de la r\u00e9ussite de tous les apprenants\u00a0<\/a><\/h3><\/div><\/div>\n<div class=\"col-md-6 col-sm-6 col-xs-12 pt-cv-content-item pt-cv-2-col\" ><div class='pt-cv-ifield'><a href=\"https:\/\/audreydelaforge.com\/index.php\/2023\/01\/29\/un-poste-de-travail-range-et-organise-pour-travailler-efficacement\/\" class=\"_self pt-cv-href-thumbnail pt-cv-thumb-left\" target=\"_self\" ><img loading=\"lazy\" decoding=\"async\" width=\"150\" height=\"150\" src=\"https:\/\/audreydelaforge.com\/wp-content\/uploads\/2023\/01\/Screenshot-2023-01-29-10.31.24-edited-150x150.png\" class=\"pt-cv-thumbnail pull-left\" alt=\"\" srcset=\"https:\/\/audreydelaforge.com\/wp-content\/uploads\/2023\/01\/Screenshot-2023-01-29-10.31.24-edited-150x150.png 150w, https:\/\/audreydelaforge.com\/wp-content\/uploads\/2023\/01\/Screenshot-2023-01-29-10.31.24-edited-300x300.png 300w, https:\/\/audreydelaforge.com\/wp-content\/uploads\/2023\/01\/Screenshot-2023-01-29-10.31.24-edited-100x100.png 100w\" sizes=\"auto, (max-width: 150px) 100vw, 150px\" \/><\/a>\n<h3 class=\"pt-cv-title\"><a href=\"https:\/\/audreydelaforge.com\/index.php\/2023\/01\/29\/un-poste-de-travail-range-et-organise-pour-travailler-efficacement\/\" class=\"_self\" target=\"_self\" >Un poste de travail rang\u00e9 et organis\u00e9 pour travailler efficacement\u00a0<\/a><\/h3><\/div><\/div>\n<div class=\"col-md-6 col-sm-6 col-xs-12 pt-cv-content-item pt-cv-2-col\" ><div class='pt-cv-ifield'><a href=\"https:\/\/audreydelaforge.com\/index.php\/2023\/01\/16\/les-mathematiques-peuvent-etre-un-obstacle-des-la-primaire-lorthopedagogie-apporte-une-reponse-individualisee-propre-a-lapprenant\/\" class=\"_self pt-cv-href-thumbnail pt-cv-thumb-left\" target=\"_self\" ><img loading=\"lazy\" decoding=\"async\" width=\"150\" height=\"150\" src=\"https:\/\/audreydelaforge.com\/wp-content\/uploads\/2023\/01\/Screenshot-2023-01-16-08.46.27-150x150.png\" class=\"pt-cv-thumbnail pull-left\" alt=\"\" srcset=\"https:\/\/audreydelaforge.com\/wp-content\/uploads\/2023\/01\/Screenshot-2023-01-16-08.46.27-150x150.png 150w, https:\/\/audreydelaforge.com\/wp-content\/uploads\/2023\/01\/Screenshot-2023-01-16-08.46.27-300x300.png 300w, https:\/\/audreydelaforge.com\/wp-content\/uploads\/2023\/01\/Screenshot-2023-01-16-08.46.27-100x100.png 100w\" sizes=\"auto, (max-width: 150px) 100vw, 150px\" \/><\/a>\n<h3 class=\"pt-cv-title\"><a href=\"https:\/\/audreydelaforge.com\/index.php\/2023\/01\/16\/les-mathematiques-peuvent-etre-un-obstacle-des-la-primaire-lorthopedagogie-apporte-une-reponse-individualisee-propre-a-lapprenant\/\" class=\"_self\" target=\"_self\" >Les math\u00e9matiques peuvent \u00eatre un obstacle d\u00e8s la primaire ?L&rsquo;orthop\u00e9dagogie apporte une r\u00e9ponse individualis\u00e9e\u00a0propre \u00e0 l\u2019apprenant.\u00a0\u00a0<\/a><\/h3><\/div><\/div>\n<div class=\"col-md-6 col-sm-6 col-xs-12 pt-cv-content-item pt-cv-2-col\" ><div class='pt-cv-ifield'><a href=\"https:\/\/audreydelaforge.com\/index.php\/2022\/11\/13\/lorthopedagogie-pour-qui\/\" class=\"_self pt-cv-href-thumbnail pt-cv-thumb-left\" target=\"_self\" ><img loading=\"lazy\" decoding=\"async\" width=\"150\" height=\"150\" src=\"https:\/\/audreydelaforge.com\/wp-content\/uploads\/2022\/11\/Screenshot-2022-11-13-08.42.47-150x150.png\" class=\"pt-cv-thumbnail pull-left\" alt=\"\" srcset=\"https:\/\/audreydelaforge.com\/wp-content\/uploads\/2022\/11\/Screenshot-2022-11-13-08.42.47-150x150.png 150w, https:\/\/audreydelaforge.com\/wp-content\/uploads\/2022\/11\/Screenshot-2022-11-13-08.42.47-100x100.png 100w\" sizes=\"auto, (max-width: 150px) 100vw, 150px\" \/><\/a>\n<h3 class=\"pt-cv-title\"><a href=\"https:\/\/audreydelaforge.com\/index.php\/2022\/11\/13\/lorthopedagogie-pour-qui\/\" class=\"_self\" target=\"_self\" >L\u2019orthop\u00e9dagogie pour qui ?<\/a><\/h3><\/div><\/div>\n<div class=\"col-md-6 col-sm-6 col-xs-12 pt-cv-content-item pt-cv-2-col\" ><div class='pt-cv-ifield'><a href=\"https:\/\/audreydelaforge.com\/index.php\/2022\/10\/18\/se-former-en-orthopedagogie-pour-etablir-un-profil-dapprenant-juste\/\" class=\"_self pt-cv-href-thumbnail pt-cv-thumb-left\" target=\"_self\" ><img loading=\"lazy\" decoding=\"async\" width=\"150\" height=\"150\" src=\"https:\/\/audreydelaforge.com\/wp-content\/uploads\/2022\/10\/notes-514998__340-150x150.jpg\" class=\"pt-cv-thumbnail pull-left\" alt=\"\" srcset=\"https:\/\/audreydelaforge.com\/wp-content\/uploads\/2022\/10\/notes-514998__340-150x150.jpg 150w, https:\/\/audreydelaforge.com\/wp-content\/uploads\/2022\/10\/notes-514998__340-300x300.jpg 300w, https:\/\/audreydelaforge.com\/wp-content\/uploads\/2022\/10\/notes-514998__340-100x100.jpg 100w\" sizes=\"auto, (max-width: 150px) 100vw, 150px\" \/><\/a>\n<h3 class=\"pt-cv-title\"><a href=\"https:\/\/audreydelaforge.com\/index.php\/2022\/10\/18\/se-former-en-orthopedagogie-pour-etablir-un-profil-dapprenant-juste\/\" class=\"_self\" target=\"_self\" >Se former en orthop\u00e9dagogie pour \u00e9tablir un profil d\u2019apprenant juste\u00a0<\/a><\/h3><\/div><\/div>\n<div class=\"col-md-6 col-sm-6 col-xs-12 pt-cv-content-item pt-cv-2-col\" ><div class='pt-cv-ifield'><a href=\"https:\/\/audreydelaforge.com\/index.php\/2022\/10\/16\/qui-suis-je\/\" class=\"_self pt-cv-href-thumbnail pt-cv-thumb-left\" target=\"_self\" ><img loading=\"lazy\" decoding=\"async\" width=\"150\" height=\"150\" src=\"https:\/\/audreydelaforge.com\/wp-content\/uploads\/2022\/07\/WIN_20220714_09_31_43_Pro-150x150.jpg\" class=\"pt-cv-thumbnail pull-left\" alt=\"\" srcset=\"https:\/\/audreydelaforge.com\/wp-content\/uploads\/2022\/07\/WIN_20220714_09_31_43_Pro-150x150.jpg 150w, https:\/\/audreydelaforge.com\/wp-content\/uploads\/2022\/07\/WIN_20220714_09_31_43_Pro-300x300.jpg 300w, https:\/\/audreydelaforge.com\/wp-content\/uploads\/2022\/07\/WIN_20220714_09_31_43_Pro-100x100.jpg 100w\" sizes=\"auto, (max-width: 150px) 100vw, 150px\" \/><\/a>\n<h3 class=\"pt-cv-title\"><a href=\"https:\/\/audreydelaforge.com\/index.php\/2022\/10\/16\/qui-suis-je\/\" class=\"_self\" target=\"_self\" >Qui suis-je ?<\/a><\/h3><\/div><\/div>\n<div class=\"col-md-6 col-sm-6 col-xs-12 pt-cv-content-item pt-cv-2-col\" ><div class='pt-cv-ifield'><a href=\"https:\/\/audreydelaforge.com\/index.php\/2022\/10\/16\/la-conception-pedagogique-cest-quoi\/\" class=\"_self pt-cv-href-thumbnail pt-cv-thumb-left\" target=\"_self\" ><img loading=\"lazy\" decoding=\"async\" width=\"150\" height=\"150\" src=\"https:\/\/audreydelaforge.com\/wp-content\/uploads\/2022\/11\/etudiant-classe-recherche-cours_23-2148888810-150x150.webp\" class=\"pt-cv-thumbnail pull-left\" alt=\"\" srcset=\"https:\/\/audreydelaforge.com\/wp-content\/uploads\/2022\/11\/etudiant-classe-recherche-cours_23-2148888810-150x150.webp 150w, https:\/\/audreydelaforge.com\/wp-content\/uploads\/2022\/11\/etudiant-classe-recherche-cours_23-2148888810-300x300.webp 300w, https:\/\/audreydelaforge.com\/wp-content\/uploads\/2022\/11\/etudiant-classe-recherche-cours_23-2148888810-100x100.webp 100w\" sizes=\"auto, (max-width: 150px) 100vw, 150px\" \/><\/a>\n<h3 class=\"pt-cv-title\"><a href=\"https:\/\/audreydelaforge.com\/index.php\/2022\/10\/16\/la-conception-pedagogique-cest-quoi\/\" class=\"_self\" target=\"_self\" >La conception p\u00e9dagogique, c\u2019est quoi ?<\/a><\/h3><\/div><\/div>\n<div class=\"col-md-6 col-sm-6 col-xs-12 pt-cv-content-item pt-cv-2-col\" ><div class='pt-cv-ifield'><a href=\"https:\/\/audreydelaforge.com\/index.php\/2022\/10\/09\/lorthopedagogie-et-laide-aux-devoirs\/\" class=\"_self pt-cv-href-thumbnail pt-cv-thumb-left\" target=\"_self\" ><img loading=\"lazy\" decoding=\"async\" width=\"150\" height=\"150\" src=\"https:\/\/audreydelaforge.com\/wp-content\/uploads\/2022\/10\/accompagnement-150x150.jpg\" class=\"pt-cv-thumbnail pull-left\" alt=\"\" srcset=\"https:\/\/audreydelaforge.com\/wp-content\/uploads\/2022\/10\/accompagnement-150x150.jpg 150w, https:\/\/audreydelaforge.com\/wp-content\/uploads\/2022\/10\/accompagnement-100x100.jpg 100w\" sizes=\"auto, (max-width: 150px) 100vw, 150px\" \/><\/a>\n<h3 class=\"pt-cv-title\"><a href=\"https:\/\/audreydelaforge.com\/index.php\/2022\/10\/09\/lorthopedagogie-et-laide-aux-devoirs\/\" class=\"_self\" target=\"_self\" >L&rsquo;orthop\u00e9dagogie et l&rsquo;aide aux devoirs<\/a><\/h3><\/div><\/div><\/div><\/div><\/div>\n","protected":false},"excerpt":{"rendered":"<p>Bienvenue sur ma page blog, qui pr\u00e9sentera l&rsquo;ensemble de mes articles en lien avec mes diff\u00e9rentes comp\u00e9tences :orthop\u00e9dagogue, conceptrice p\u00e9dagogique Articles personnels<\/p>\n","protected":false},"author":1,"featured_media":665,"parent":0,"menu_order":0,"comment_status":"closed","ping_status":"closed","template":"","meta":{"om_disable_all_campaigns":false,"neve_meta_sidebar":"","neve_meta_container":"","neve_meta_enable_content_width":"","neve_meta_content_width":0,"neve_meta_title_alignment":"","neve_meta_author_avatar":"","neve_post_elements_order":"","neve_meta_disable_header":"off","neve_meta_disable_footer":"","neve_meta_disable_title":"on","footnotes":""},"class_list":["post-663","page","type-page","status-publish","has-post-thumbnail","hentry"],"yoast_head":"<!-- This site is optimized with the Yoast SEO plugin v27.5 - https:\/\/yoast.com\/product\/yoast-seo-wordpress\/ -->\n<title>Blog ~ Audrey Delaforge, Orthop\u00e9dagogue<\/title>\n<meta name=\"robots\" content=\"index, follow, max-snippet:-1, max-image-preview:large, max-video-preview:-1\" \/>\n<link rel=\"canonical\" href=\"https:\/\/audreydelaforge.com\/index.php\/blog\/\" \/>\n<meta property=\"og:locale\" content=\"fr_FR\" \/>\n<meta property=\"og:type\" content=\"article\" \/>\n<meta property=\"og:title\" content=\"Blog ~ Audrey Delaforge, Orthop\u00e9dagogue\" \/>\n<meta property=\"og:description\" content=\"Bienvenue sur ma page blog, qui pr\u00e9sentera l&rsquo;ensemble de mes articles en lien avec mes diff\u00e9rentes comp\u00e9tences :orthop\u00e9dagogue, conceptrice p\u00e9dagogique Articles personnels\" \/>\n<meta property=\"og:url\" content=\"https:\/\/audreydelaforge.com\/index.php\/blog\/\" \/>\n<meta property=\"og:site_name\" content=\"Audrey Delaforge, Orthop\u00e9dagogue\" \/>\n<meta property=\"article:publisher\" content=\"https:\/\/www.facebook.com\/audreycateldelaforge\" \/>\n<meta property=\"article:modified_time\" content=\"2025-05-17T08:49:40+00:00\" \/>\n<meta property=\"og:image\" content=\"https:\/\/audreydelaforge.com\/wp-content\/uploads\/2022\/11\/audrey-ecosse-e1667638249515.jpg\" \/>\n\t<meta property=\"og:image:width\" content=\"674\" \/>\n\t<meta property=\"og:image:height\" content=\"537\" \/>\n\t<meta property=\"og:image:type\" content=\"image\/jpeg\" \/>\n<meta name=\"twitter:card\" content=\"summary_large_image\" \/>\n<script type=\"application\/ld+json\" class=\"yoast-schema-graph\">{\"@context\":\"https:\\\/\\\/schema.org\",\"@graph\":[{\"@type\":\"WebPage\",\"@id\":\"https:\\\/\\\/audreydelaforge.com\\\/index.php\\\/blog\\\/\",\"url\":\"https:\\\/\\\/audreydelaforge.com\\\/index.php\\\/blog\\\/\",\"name\":\"Blog ~ Audrey Delaforge, Orthop\u00e9dagogue\",\"isPartOf\":{\"@id\":\"https:\\\/\\\/audreydelaforge.com\\\/#website\"},\"primaryImageOfPage\":{\"@id\":\"https:\\\/\\\/audreydelaforge.com\\\/index.php\\\/blog\\\/#primaryimage\"},\"image\":{\"@id\":\"https:\\\/\\\/audreydelaforge.com\\\/index.php\\\/blog\\\/#primaryimage\"},\"thumbnailUrl\":\"https:\\\/\\\/audreydelaforge.com\\\/wp-content\\\/uploads\\\/2022\\\/11\\\/audrey-ecosse-e1667638249515.jpg\",\"datePublished\":\"2022-11-05T08:52:16+00:00\",\"dateModified\":\"2025-05-17T08:49:40+00:00\",\"breadcrumb\":{\"@id\":\"https:\\\/\\\/audreydelaforge.com\\\/index.php\\\/blog\\\/#breadcrumb\"},\"inLanguage\":\"fr-FR\",\"potentialAction\":[{\"@type\":\"ReadAction\",\"target\":[\"https:\\\/\\\/audreydelaforge.com\\\/index.php\\\/blog\\\/\"]}]},{\"@type\":\"ImageObject\",\"inLanguage\":\"fr-FR\",\"@id\":\"https:\\\/\\\/audreydelaforge.com\\\/index.php\\\/blog\\\/#primaryimage\",\"url\":\"https:\\\/\\\/audreydelaforge.com\\\/wp-content\\\/uploads\\\/2022\\\/11\\\/audrey-ecosse-e1667638249515.jpg\",\"contentUrl\":\"https:\\\/\\\/audreydelaforge.com\\\/wp-content\\\/uploads\\\/2022\\\/11\\\/audrey-ecosse-e1667638249515.jpg\",\"width\":674,\"height\":537},{\"@type\":\"BreadcrumbList\",\"@id\":\"https:\\\/\\\/audreydelaforge.com\\\/index.php\\\/blog\\\/#breadcrumb\",\"itemListElement\":[{\"@type\":\"ListItem\",\"position\":1,\"name\":\"Accueil\",\"item\":\"https:\\\/\\\/audreydelaforge.com\\\/\"},{\"@type\":\"ListItem\",\"position\":2,\"name\":\"Blog\"}]},{\"@type\":\"WebSite\",\"@id\":\"https:\\\/\\\/audreydelaforge.com\\\/#website\",\"url\":\"https:\\\/\\\/audreydelaforge.com\\\/\",\"name\":\"Audrey Delaforge, Orthop\u00e9dagogue\",\"description\":\"L&#039;apprenant au centre du savoir\",\"publisher\":{\"@id\":\"https:\\\/\\\/audreydelaforge.com\\\/#organization\"},\"potentialAction\":[{\"@type\":\"SearchAction\",\"target\":{\"@type\":\"EntryPoint\",\"urlTemplate\":\"https:\\\/\\\/audreydelaforge.com\\\/?s={search_term_string}\"},\"query-input\":{\"@type\":\"PropertyValueSpecification\",\"valueRequired\":true,\"valueName\":\"search_term_string\"}}],\"inLanguage\":\"fr-FR\"},{\"@type\":\"Organization\",\"@id\":\"https:\\\/\\\/audreydelaforge.com\\\/#organization\",\"name\":\"Audrey Delaforge, Orthop\u00e9dagogue\",\"url\":\"https:\\\/\\\/audreydelaforge.com\\\/\",\"logo\":{\"@type\":\"ImageObject\",\"inLanguage\":\"fr-FR\",\"@id\":\"https:\\\/\\\/audreydelaforge.com\\\/#\\\/schema\\\/logo\\\/image\\\/\",\"url\":\"https:\\\/\\\/audreydelaforge.com\\\/wp-content\\\/uploads\\\/2022\\\/06\\\/Logo-orange-noir-avec-Audrey-1.png\",\"contentUrl\":\"https:\\\/\\\/audreydelaforge.com\\\/wp-content\\\/uploads\\\/2022\\\/06\\\/Logo-orange-noir-avec-Audrey-1.png\",\"width\":500,\"height\":500,\"caption\":\"Audrey Delaforge, Orthop\u00e9dagogue\"},\"image\":{\"@id\":\"https:\\\/\\\/audreydelaforge.com\\\/#\\\/schema\\\/logo\\\/image\\\/\"},\"sameAs\":[\"https:\\\/\\\/www.facebook.com\\\/audreycateldelaforge\",\"https:\\\/\\\/www.linkedin.com\\\/in\\\/audrey-catel-delaforge\",\"https:\\\/\\\/www.instagram.com\\\/audrey_delaforge\\\/\"]}]}<\/script>\n<!-- \/ Yoast SEO plugin. -->","yoast_head_json":{"title":"Blog ~ Audrey Delaforge, Orthop\u00e9dagogue","robots":{"index":"index","follow":"follow","max-snippet":"max-snippet:-1","max-image-preview":"max-image-preview:large","max-video-preview":"max-video-preview:-1"},"canonical":"https:\/\/audreydelaforge.com\/index.php\/blog\/","og_locale":"fr_FR","og_type":"article","og_title":"Blog ~ Audrey Delaforge, Orthop\u00e9dagogue","og_description":"Bienvenue sur ma page blog, qui pr\u00e9sentera l&rsquo;ensemble de mes articles en lien avec mes diff\u00e9rentes comp\u00e9tences :orthop\u00e9dagogue, conceptrice p\u00e9dagogique Articles personnels","og_url":"https:\/\/audreydelaforge.com\/index.php\/blog\/","og_site_name":"Audrey Delaforge, Orthop\u00e9dagogue","article_publisher":"https:\/\/www.facebook.com\/audreycateldelaforge","article_modified_time":"2025-05-17T08:49:40+00:00","og_image":[{"width":674,"height":537,"url":"https:\/\/audreydelaforge.com\/wp-content\/uploads\/2022\/11\/audrey-ecosse-e1667638249515.jpg","type":"image\/jpeg"}],"twitter_card":"summary_large_image","schema":{"@context":"https:\/\/schema.org","@graph":[{"@type":"WebPage","@id":"https:\/\/audreydelaforge.com\/index.php\/blog\/","url":"https:\/\/audreydelaforge.com\/index.php\/blog\/","name":"Blog ~ Audrey Delaforge, Orthop\u00e9dagogue","isPartOf":{"@id":"https:\/\/audreydelaforge.com\/#website"},"primaryImageOfPage":{"@id":"https:\/\/audreydelaforge.com\/index.php\/blog\/#primaryimage"},"image":{"@id":"https:\/\/audreydelaforge.com\/index.php\/blog\/#primaryimage"},"thumbnailUrl":"https:\/\/audreydelaforge.com\/wp-content\/uploads\/2022\/11\/audrey-ecosse-e1667638249515.jpg","datePublished":"2022-11-05T08:52:16+00:00","dateModified":"2025-05-17T08:49:40+00:00","breadcrumb":{"@id":"https:\/\/audreydelaforge.com\/index.php\/blog\/#breadcrumb"},"inLanguage":"fr-FR","potentialAction":[{"@type":"ReadAction","target":["https:\/\/audreydelaforge.com\/index.php\/blog\/"]}]},{"@type":"ImageObject","inLanguage":"fr-FR","@id":"https:\/\/audreydelaforge.com\/index.php\/blog\/#primaryimage","url":"https:\/\/audreydelaforge.com\/wp-content\/uploads\/2022\/11\/audrey-ecosse-e1667638249515.jpg","contentUrl":"https:\/\/audreydelaforge.com\/wp-content\/uploads\/2022\/11\/audrey-ecosse-e1667638249515.jpg","width":674,"height":537},{"@type":"BreadcrumbList","@id":"https:\/\/audreydelaforge.com\/index.php\/blog\/#breadcrumb","itemListElement":[{"@type":"ListItem","position":1,"name":"Accueil","item":"https:\/\/audreydelaforge.com\/"},{"@type":"ListItem","position":2,"name":"Blog"}]},{"@type":"WebSite","@id":"https:\/\/audreydelaforge.com\/#website","url":"https:\/\/audreydelaforge.com\/","name":"Audrey Delaforge, Orthop\u00e9dagogue","description":"L&#039;apprenant au centre du savoir","publisher":{"@id":"https:\/\/audreydelaforge.com\/#organization"},"potentialAction":[{"@type":"SearchAction","target":{"@type":"EntryPoint","urlTemplate":"https:\/\/audreydelaforge.com\/?s={search_term_string}"},"query-input":{"@type":"PropertyValueSpecification","valueRequired":true,"valueName":"search_term_string"}}],"inLanguage":"fr-FR"},{"@type":"Organization","@id":"https:\/\/audreydelaforge.com\/#organization","name":"Audrey Delaforge, Orthop\u00e9dagogue","url":"https:\/\/audreydelaforge.com\/","logo":{"@type":"ImageObject","inLanguage":"fr-FR","@id":"https:\/\/audreydelaforge.com\/#\/schema\/logo\/image\/","url":"https:\/\/audreydelaforge.com\/wp-content\/uploads\/2022\/06\/Logo-orange-noir-avec-Audrey-1.png","contentUrl":"https:\/\/audreydelaforge.com\/wp-content\/uploads\/2022\/06\/Logo-orange-noir-avec-Audrey-1.png","width":500,"height":500,"caption":"Audrey Delaforge, Orthop\u00e9dagogue"},"image":{"@id":"https:\/\/audreydelaforge.com\/#\/schema\/logo\/image\/"},"sameAs":["https:\/\/www.facebook.com\/audreycateldelaforge","https:\/\/www.linkedin.com\/in\/audrey-catel-delaforge","https:\/\/www.instagram.com\/audrey_delaforge\/"]}]}},"_links":{"self":[{"href":"https:\/\/audreydelaforge.com\/index.php\/wp-json\/wp\/v2\/pages\/663","targetHints":{"allow":["GET"]}}],"collection":[{"href":"https:\/\/audreydelaforge.com\/index.php\/wp-json\/wp\/v2\/pages"}],"about":[{"href":"https:\/\/audreydelaforge.com\/index.php\/wp-json\/wp\/v2\/types\/page"}],"author":[{"embeddable":true,"href":"https:\/\/audreydelaforge.com\/index.php\/wp-json\/wp\/v2\/users\/1"}],"replies":[{"embeddable":true,"href":"https:\/\/audreydelaforge.com\/index.php\/wp-json\/wp\/v2\/comments?post=663"}],"version-history":[{"count":0,"href":"https:\/\/audreydelaforge.com\/index.php\/wp-json\/wp\/v2\/pages\/663\/revisions"}],"wp:featuredmedia":[{"embeddable":true,"href":"https:\/\/audreydelaforge.com\/index.php\/wp-json\/wp\/v2\/media\/665"}],"wp:attachment":[{"href":"https:\/\/audreydelaforge.com\/index.php\/wp-json\/wp\/v2\/media?parent=663"}],"curies":[{"name":"wp","href":"https:\/\/api.w.org\/{rel}","templated":true}]}}