{"id":818,"date":"2023-02-21T13:23:42","date_gmt":"2023-02-21T13:23:42","guid":{"rendered":"https:\/\/audreydelaforge.com\/?page_id=818"},"modified":"2023-02-21T14:00:59","modified_gmt":"2023-02-21T14:00:59","slug":"mentions-legales","status":"publish","type":"page","link":"https:\/\/audreydelaforge.com\/index.php\/mentions-legales\/","title":{"rendered":"Mentions L\u00e9gales"},"content":{"rendered":"\n<h2 class=\"wp-block-heading\" id=\"introduction\">Introduction<\/h2>\n\n\n\n<p>Dans le cadre de son activit\u00e9, la soci\u00e9t\u00e9\u00a0<em>Audrey Delaforge EI<\/em>, dont le si\u00e8ge social est situ\u00e9 au 9 rue de la cure 02400 Blesmes, est amen\u00e9e \u00e0 collecter et \u00e0 traiter des informations dont certaines sont qualifi\u00e9es de \u00ab\u00a0donn\u00e9es personnelles\u00a0\u00bb.\u00a0<em><em>Audrey Delaforge EI<\/em><\/em>\u00a0attache une grande importance au respect de la vie priv\u00e9e, et n\u2019utilise que des donnes de mani\u00e8re responsable et confidentielle et dans une finalit\u00e9 pr\u00e9cise.<\/p>\n\n\n\n<h2 class=\"wp-block-heading\">H\u00e9bergement<\/h2>\n\n\n\n<p><strong>Hostinger<\/strong>&nbsp;International Ltd<br>61 Lordou Vironos Street<br>6023 Larnaca<br>Chypre<\/p>\n\n\n\n<h2 class=\"wp-block-heading\" id=\"donn-es-personnelles\">Donn\u00e9es personnelles<\/h2>\n\n\n\n<p>Sur le site web audreydelaforge.com, il y a 2 types de donn\u00e9es susceptibles d\u2019\u00eatre recueillies :<\/p>\n\n\n\n<ul class=\"wp-block-list\">\n<li><strong>Les donn\u00e9es transmises directement<\/strong><br>Ces donn\u00e9es sont celles que vous nous transmettez directement, via un formulaire de contact ou bien par contact direct par email. Sont obligatoires dans le formulaire de contact le champs \u00ab pr\u00e9nom et nom \u00bb et \u00ab email \u00bb.<\/li>\n\n\n\n<li><strong>Les donn\u00e9es collect\u00e9es automatiquement<\/strong><br>Lors de vos visites, une fois votre consentement donn\u00e9, nous pouvons recueillir des informations de type \u00ab web analytics \u00bb relatives \u00e0 votre navigation, la dur\u00e9e de votre consultation, votre adresse IP, votre type et version de navigateur. La technologie utilis\u00e9e est le cookie.<\/li>\n<\/ul>\n\n\n\n<h2 class=\"wp-block-heading\" id=\"utilisation-des-donn-es\">Utilisation des donn\u00e9es<\/h2>\n\n\n\n<p>Les donn\u00e9es que vous nous transmettez directement sont utilis\u00e9es dans le but de vous re-contacter et\/ou dans le cadre de la demande que vous nous faites. Les donn\u00e9es \u00ab web analytics \u00bb sont collect\u00e9es de forme anonyme (en enregistrant des adresses IP anonymes) par Google Analytics, et nous permettent de mesurer l\u2019audience de notre site web, les consultations et les \u00e9ventuelles erreurs afin d\u2019am\u00e9liorer constamment l\u2019exp\u00e9rience des utilisateurs. Ces donn\u00e9es sont utilis\u00e9es par <em>Audrey Delaforge EI<\/em>, responsable du traitement des donn\u00e9es, et ne seront jamais c\u00e9d\u00e9es \u00e0 un tiers ni utilis\u00e9es \u00e0 d\u2019autres fins que celles d\u00e9taill\u00e9es ci-dessus.<\/p>\n\n\n\n<h2 class=\"wp-block-heading\" id=\"base-l-gale\">Conditions G\u00e9n\u00e9rales d\u2019utilisation<\/h2>\n\n\n\n<p>Il est interdit de recueillir ou de faire utilisation des donn\u00e9es personnelles pr\u00e9sentes sur ce site.<\/p>\n\n\n\n<p>Il est strictement interdit de copier ou modifier le contenu de ce blog et de le publier sans l\u2019accord de l\u2019auteur.<\/p>\n\n\n\n<p>Il est conseill\u00e9 de se r\u00e9f\u00e9rer r\u00e9guli\u00e8rement \u00e0 la pr\u00e9sente page, qui est susceptible d\u2019\u00e9volution.<\/p>\n\n\n\n<p>Toute information sur ce site est donn\u00e9e \u00e0 titre indicatif. Ces informations peuvent s\u2019av\u00e9rer inexactes, le site ne peut en \u00eatre tenu pour responsable.<\/p>\n\n\n\n<p>Le pr\u00e9sent site est susceptible d\u2019utiliser d\u2019autres&nbsp;cookies&nbsp;et les outils de statistiques peuvent \u00e9galement prendre connaissance de donn\u00e9es vous concernant (notamment&nbsp;: adresse i.p., page d\u2019entr\u00e9e, page de sortie, syst\u00e8me d\u2019exploitation utilis\u00e9, navigateur utilis\u00e9, horaire de consultation\u2026).<\/p>\n\n\n\n<p>Le client est seul responsable de l\u2019utilisation qu\u2019il fera des prestations et services propos\u00e9s par le site audreydelaforge.com et la responsabilit\u00e9 de la soci\u00e9t\u00e9 <em>Audrey Delaforge EI<\/em> ne saurait \u00eatre recherch\u00e9e pour toutes les cons\u00e9quences, quelles qu\u2019elles soient, de toute utilisation et\/ou mise en application malveillante, inappropri\u00e9e ou ill\u00e9gale de ces prestations et services par le client, sous quelque mani\u00e8re que ce soit.<\/p>\n\n\n\n<p>Comme outil de statistiques, ce site utilise notamment Google Analytics. Il est impos\u00e9 aux sites utilisant ce service de&nbsp;mentionner&nbsp;un texte type pour les visiteurs, texte qui est ins\u00e9r\u00e9 dans le paragraphe suivant et entre des guillemets&nbsp;:<\/p>\n\n\n\n<p>\u00ab&nbsp;Ce site utilise Google Analytics, un service d\u2019analyse de site internet fourni par Google Inc. Google Analytics utilise des&nbsp;cookies, qui sont des fichiers texte plac\u00e9s sur votre ordinateur, pour aider le site internet \u00e0 analyser l\u2019utilisation du site par ses utilisateurs. Les donn\u00e9es g\u00e9n\u00e9r\u00e9es par les&nbsp;cookies&nbsp;concernant votre utilisation du site (y compris votre adresse IP) seront transmises et stock\u00e9es par Google sur des serveurs situ\u00e9s aux Etats-Unis. Google utilisera cette information dans le but d\u2019\u00e9valuer votre utilisation du site, de compiler des rapports sur l\u2019activit\u00e9 du site \u00e0 destination de son \u00e9diteur et de fournir d\u2019autres services relatifs \u00e0 l\u2019activit\u00e9 du site et \u00e0 l\u2019utilisation d\u2019Internet. Google est susceptible de communiquer ces donn\u00e9es \u00e0 des tiers en cas d\u2019obligation l\u00e9gale ou lorsque ces tiers traitent ces donn\u00e9es pour le compte de Google, y compris notamment l\u2019\u00e9diteur de ce site. Google ne recoupera pas votre adresse IP avec toute autre donn\u00e9e d\u00e9tenue par Google. Vous pouvez d\u00e9sactiver l\u2019utilisation de&nbsp;cookies&nbsp;en s\u00e9lectionnant les param\u00e8tres appropri\u00e9s de votre navigateur. Cependant, une telle d\u00e9sactivation pourrait emp\u00eacher l\u2019utilisation de certaines fonctionnalit\u00e9s de ce site. En utilisant ce site internet, vous consentez express\u00e9ment au traitement de vos donn\u00e9es nominatives par Google dans les conditions et pour les finalit\u00e9s d\u00e9crites ci-dessus.&nbsp;\u00bb<\/p>\n\n\n\n<h2 class=\"wp-block-heading\" id=\"dur-e-de-conservation\">Dur\u00e9e de conservation<\/h2>\n\n\n\n<p>Les donn\u00e9es seront sauvegard\u00e9es durant une dur\u00e9e maximale de 3 ans.<\/p>\n\n\n\n<h2 class=\"wp-block-heading\" id=\"cookies\">Cookies<\/h2>\n\n\n\n<p>Voici la liste des cookies utilis\u00e9es et leur objectif :<\/p>\n\n\n\n<ul class=\"wp-block-list\">\n<li>Cookies Google Analytics : Web analytics<\/li>\n\n\n\n<li>Cookies : Permet de garder en m\u00e9moire le fait que vous acceptez les cookies afin de ne plus vous importuner lors de votre prochaine visite.<\/li>\n<\/ul>\n\n\n\n<h2 class=\"wp-block-heading\" id=\"vos-droits-concernant-les-donn-es-personnelles\">Vos droits concernant les donn\u00e9es personnelles<\/h2>\n\n\n\n<p>L\u2019adresse email, le nom et le pr\u00e9nom peuvent \u00eatre demand\u00e9s \u00e0 des fins commerciales ainsi qu\u2019informatives. L\u2019utilisateur est libre de nous demander quelles sont les informations collect\u00e9es \u00e0 son sujet ainsi que d\u2019en demander la suppression ou la modification \u00e0 tout moment.<\/p>\n\n\n\n<p>Nous stockons nos emails via la solution mailjet.com reconnue pour son niveau de s\u00e9curit\u00e9 d\u2019information hautement qualifi\u00e9.<\/p>\n\n\n\n<p>Le DPO (Data Privacy Officier) de notre entreprise est Audrey Delaforge.<\/p>\n\n\n\n<p>Vous avez le droit de consultation, demande de modification ou d\u2019effacement sur l\u2019ensemble de vos donn\u00e9es personnelles. Vous pouvez \u00e9galement retirer votre consentement au traitement de vos donn\u00e9es.<\/p>\n\n\n\n<h2 class=\"wp-block-heading\">Entreprise<\/h2>\n\n\n\n<p><em>Audrey Delaforge EI<\/em><br>9 rue de la cure <br>02400 Blesmes<\/p>\n\n\n\n<h2 class=\"wp-block-heading\" id=\"contact-d-l-gu-la-protection-des-donn-es\">Contact d\u00e9l\u00e9gu\u00e9 \u00e0 la protection des donn\u00e9es<\/h2>\n\n\n\n<p><a href=\"mailto:contact@audreydelaforge.com\">Audrey Delaforge<\/a>&nbsp;par mail directement en cliquant sur le nom.<\/p>\n","protected":false},"excerpt":{"rendered":"<p>Introduction Dans le cadre de son activit\u00e9, la soci\u00e9t\u00e9\u00a0Audrey Delaforge EI, dont le si\u00e8ge social est situ\u00e9 au 9 rue de la cure 02400 Blesmes, est amen\u00e9e \u00e0 collecter et \u00e0 traiter des informations dont certaines sont qualifi\u00e9es de \u00ab\u00a0donn\u00e9es personnelles\u00a0\u00bb.\u00a0Audrey Delaforge EI\u00a0attache une grande importance au respect de la vie priv\u00e9e, et n\u2019utilise que&hellip;&nbsp;<a href=\"https:\/\/audreydelaforge.com\/index.php\/mentions-legales\/\" rel=\"bookmark\">Lire la suite &raquo;<span class=\"screen-reader-text\">Mentions L\u00e9gales<\/span><\/a><\/p>\n","protected":false},"author":2,"featured_media":0,"parent":0,"menu_order":0,"comment_status":"closed","ping_status":"closed","template":"","meta":{"om_disable_all_campaigns":false,"neve_meta_sidebar":"","neve_meta_container":"","neve_meta_enable_content_width":"","neve_meta_content_width":0,"neve_meta_title_alignment":"","neve_meta_author_avatar":"","neve_post_elements_order":"","neve_meta_disable_header":"","neve_meta_disable_footer":"","neve_meta_disable_title":"","footnotes":""},"class_list":["post-818","page","type-page","status-publish","hentry"],"yoast_head":"<!-- This site is optimized with the Yoast SEO plugin v27.5 - https:\/\/yoast.com\/product\/yoast-seo-wordpress\/ -->\n<title>Mentions L\u00e9gales ~ Audrey Delaforge, Orthop\u00e9dagogue<\/title>\n<meta name=\"robots\" content=\"noindex, nofollow\" \/>\n<meta property=\"og:locale\" content=\"fr_FR\" \/>\n<meta property=\"og:type\" content=\"article\" \/>\n<meta property=\"og:title\" content=\"Mentions L\u00e9gales ~ Audrey Delaforge, Orthop\u00e9dagogue\" \/>\n<meta property=\"og:description\" content=\"Introduction Dans le cadre de son activit\u00e9, la soci\u00e9t\u00e9\u00a0Audrey Delaforge EI, dont le si\u00e8ge social est situ\u00e9 au 9 rue de la cure 02400 Blesmes, est amen\u00e9e \u00e0 collecter et \u00e0 traiter des informations dont certaines sont qualifi\u00e9es de \u00ab\u00a0donn\u00e9es personnelles\u00a0\u00bb.\u00a0Audrey Delaforge EI\u00a0attache une grande importance au respect de la vie priv\u00e9e, et n\u2019utilise que&hellip;&nbsp;Lire la suite &raquo;Mentions L\u00e9gales\" \/>\n<meta property=\"og:url\" content=\"https:\/\/audreydelaforge.com\/index.php\/mentions-legales\/\" \/>\n<meta property=\"og:site_name\" content=\"Audrey Delaforge, Orthop\u00e9dagogue\" \/>\n<meta property=\"article:publisher\" content=\"https:\/\/www.facebook.com\/audreycateldelaforge\" \/>\n<meta property=\"article:modified_time\" content=\"2023-02-21T14:00:59+00:00\" \/>\n<meta name=\"twitter:card\" content=\"summary_large_image\" \/>\n<meta name=\"twitter:label1\" content=\"Dur\u00e9e de lecture estim\u00e9e\" \/>\n\t<meta name=\"twitter:data1\" content=\"5 minutes\" \/>\n<script type=\"application\/ld+json\" class=\"yoast-schema-graph\">{\"@context\":\"https:\\\/\\\/schema.org\",\"@graph\":[{\"@type\":\"WebPage\",\"@id\":\"https:\\\/\\\/audreydelaforge.com\\\/index.php\\\/mentions-legales\\\/\",\"url\":\"https:\\\/\\\/audreydelaforge.com\\\/index.php\\\/mentions-legales\\\/\",\"name\":\"Mentions L\u00e9gales ~ Audrey Delaforge, Orthop\u00e9dagogue\",\"isPartOf\":{\"@id\":\"https:\\\/\\\/audreydelaforge.com\\\/#website\"},\"datePublished\":\"2023-02-21T13:23:42+00:00\",\"dateModified\":\"2023-02-21T14:00:59+00:00\",\"breadcrumb\":{\"@id\":\"https:\\\/\\\/audreydelaforge.com\\\/index.php\\\/mentions-legales\\\/#breadcrumb\"},\"inLanguage\":\"fr-FR\",\"potentialAction\":[{\"@type\":\"ReadAction\",\"target\":[\"https:\\\/\\\/audreydelaforge.com\\\/index.php\\\/mentions-legales\\\/\"]}]},{\"@type\":\"BreadcrumbList\",\"@id\":\"https:\\\/\\\/audreydelaforge.com\\\/index.php\\\/mentions-legales\\\/#breadcrumb\",\"itemListElement\":[{\"@type\":\"ListItem\",\"position\":1,\"name\":\"Accueil\",\"item\":\"https:\\\/\\\/audreydelaforge.com\\\/\"},{\"@type\":\"ListItem\",\"position\":2,\"name\":\"Mentions L\u00e9gales\"}]},{\"@type\":\"WebSite\",\"@id\":\"https:\\\/\\\/audreydelaforge.com\\\/#website\",\"url\":\"https:\\\/\\\/audreydelaforge.com\\\/\",\"name\":\"Audrey Delaforge, Orthop\u00e9dagogue\",\"description\":\"L&#039;apprenant au centre du savoir\",\"publisher\":{\"@id\":\"https:\\\/\\\/audreydelaforge.com\\\/#organization\"},\"potentialAction\":[{\"@type\":\"SearchAction\",\"target\":{\"@type\":\"EntryPoint\",\"urlTemplate\":\"https:\\\/\\\/audreydelaforge.com\\\/?s={search_term_string}\"},\"query-input\":{\"@type\":\"PropertyValueSpecification\",\"valueRequired\":true,\"valueName\":\"search_term_string\"}}],\"inLanguage\":\"fr-FR\"},{\"@type\":\"Organization\",\"@id\":\"https:\\\/\\\/audreydelaforge.com\\\/#organization\",\"name\":\"Audrey Delaforge, Orthop\u00e9dagogue\",\"url\":\"https:\\\/\\\/audreydelaforge.com\\\/\",\"logo\":{\"@type\":\"ImageObject\",\"inLanguage\":\"fr-FR\",\"@id\":\"https:\\\/\\\/audreydelaforge.com\\\/#\\\/schema\\\/logo\\\/image\\\/\",\"url\":\"https:\\\/\\\/audreydelaforge.com\\\/wp-content\\\/uploads\\\/2022\\\/06\\\/Logo-orange-noir-avec-Audrey-1.png\",\"contentUrl\":\"https:\\\/\\\/audreydelaforge.com\\\/wp-content\\\/uploads\\\/2022\\\/06\\\/Logo-orange-noir-avec-Audrey-1.png\",\"width\":500,\"height\":500,\"caption\":\"Audrey Delaforge, Orthop\u00e9dagogue\"},\"image\":{\"@id\":\"https:\\\/\\\/audreydelaforge.com\\\/#\\\/schema\\\/logo\\\/image\\\/\"},\"sameAs\":[\"https:\\\/\\\/www.facebook.com\\\/audreycateldelaforge\",\"https:\\\/\\\/www.linkedin.com\\\/in\\\/audrey-catel-delaforge\",\"https:\\\/\\\/www.instagram.com\\\/audrey_delaforge\\\/\"]}]}<\/script>\n<!-- \/ Yoast SEO plugin. -->","yoast_head_json":{"title":"Mentions L\u00e9gales ~ Audrey Delaforge, Orthop\u00e9dagogue","robots":{"index":"noindex","follow":"nofollow"},"og_locale":"fr_FR","og_type":"article","og_title":"Mentions L\u00e9gales ~ Audrey Delaforge, Orthop\u00e9dagogue","og_description":"Introduction Dans le cadre de son activit\u00e9, la soci\u00e9t\u00e9\u00a0Audrey Delaforge EI, dont le si\u00e8ge social est situ\u00e9 au 9 rue de la cure 02400 Blesmes, est amen\u00e9e \u00e0 collecter et \u00e0 traiter des informations dont certaines sont qualifi\u00e9es de \u00ab\u00a0donn\u00e9es personnelles\u00a0\u00bb.\u00a0Audrey Delaforge EI\u00a0attache une grande importance au respect de la vie priv\u00e9e, et n\u2019utilise que&hellip;&nbsp;Lire la suite &raquo;Mentions L\u00e9gales","og_url":"https:\/\/audreydelaforge.com\/index.php\/mentions-legales\/","og_site_name":"Audrey Delaforge, Orthop\u00e9dagogue","article_publisher":"https:\/\/www.facebook.com\/audreycateldelaforge","article_modified_time":"2023-02-21T14:00:59+00:00","twitter_card":"summary_large_image","twitter_misc":{"Dur\u00e9e de lecture estim\u00e9e":"5 minutes"},"schema":{"@context":"https:\/\/schema.org","@graph":[{"@type":"WebPage","@id":"https:\/\/audreydelaforge.com\/index.php\/mentions-legales\/","url":"https:\/\/audreydelaforge.com\/index.php\/mentions-legales\/","name":"Mentions L\u00e9gales ~ Audrey Delaforge, Orthop\u00e9dagogue","isPartOf":{"@id":"https:\/\/audreydelaforge.com\/#website"},"datePublished":"2023-02-21T13:23:42+00:00","dateModified":"2023-02-21T14:00:59+00:00","breadcrumb":{"@id":"https:\/\/audreydelaforge.com\/index.php\/mentions-legales\/#breadcrumb"},"inLanguage":"fr-FR","potentialAction":[{"@type":"ReadAction","target":["https:\/\/audreydelaforge.com\/index.php\/mentions-legales\/"]}]},{"@type":"BreadcrumbList","@id":"https:\/\/audreydelaforge.com\/index.php\/mentions-legales\/#breadcrumb","itemListElement":[{"@type":"ListItem","position":1,"name":"Accueil","item":"https:\/\/audreydelaforge.com\/"},{"@type":"ListItem","position":2,"name":"Mentions L\u00e9gales"}]},{"@type":"WebSite","@id":"https:\/\/audreydelaforge.com\/#website","url":"https:\/\/audreydelaforge.com\/","name":"Audrey Delaforge, Orthop\u00e9dagogue","description":"L&#039;apprenant au centre du savoir","publisher":{"@id":"https:\/\/audreydelaforge.com\/#organization"},"potentialAction":[{"@type":"SearchAction","target":{"@type":"EntryPoint","urlTemplate":"https:\/\/audreydelaforge.com\/?s={search_term_string}"},"query-input":{"@type":"PropertyValueSpecification","valueRequired":true,"valueName":"search_term_string"}}],"inLanguage":"fr-FR"},{"@type":"Organization","@id":"https:\/\/audreydelaforge.com\/#organization","name":"Audrey Delaforge, Orthop\u00e9dagogue","url":"https:\/\/audreydelaforge.com\/","logo":{"@type":"ImageObject","inLanguage":"fr-FR","@id":"https:\/\/audreydelaforge.com\/#\/schema\/logo\/image\/","url":"https:\/\/audreydelaforge.com\/wp-content\/uploads\/2022\/06\/Logo-orange-noir-avec-Audrey-1.png","contentUrl":"https:\/\/audreydelaforge.com\/wp-content\/uploads\/2022\/06\/Logo-orange-noir-avec-Audrey-1.png","width":500,"height":500,"caption":"Audrey Delaforge, Orthop\u00e9dagogue"},"image":{"@id":"https:\/\/audreydelaforge.com\/#\/schema\/logo\/image\/"},"sameAs":["https:\/\/www.facebook.com\/audreycateldelaforge","https:\/\/www.linkedin.com\/in\/audrey-catel-delaforge","https:\/\/www.instagram.com\/audrey_delaforge\/"]}]}},"_links":{"self":[{"href":"https:\/\/audreydelaforge.com\/index.php\/wp-json\/wp\/v2\/pages\/818","targetHints":{"allow":["GET"]}}],"collection":[{"href":"https:\/\/audreydelaforge.com\/index.php\/wp-json\/wp\/v2\/pages"}],"about":[{"href":"https:\/\/audreydelaforge.com\/index.php\/wp-json\/wp\/v2\/types\/page"}],"author":[{"embeddable":true,"href":"https:\/\/audreydelaforge.com\/index.php\/wp-json\/wp\/v2\/users\/2"}],"replies":[{"embeddable":true,"href":"https:\/\/audreydelaforge.com\/index.php\/wp-json\/wp\/v2\/comments?post=818"}],"version-history":[{"count":0,"href":"https:\/\/audreydelaforge.com\/index.php\/wp-json\/wp\/v2\/pages\/818\/revisions"}],"wp:attachment":[{"href":"https:\/\/audreydelaforge.com\/index.php\/wp-json\/wp\/v2\/media?parent=818"}],"curies":[{"name":"wp","href":"https:\/\/api.w.org\/{rel}","templated":true}]}}